{"id":5249,"date":"2024-03-19T11:14:58","date_gmt":"2024-03-19T10:14:58","guid":{"rendered":"https:\/\/new.eaglevalais.ch\/scenic-flights\/tour-of-the-matterhorn\/"},"modified":"2025-06-27T15:57:35","modified_gmt":"2025-06-27T13:57:35","slug":"tour-of-the-matterhorn","status":"publish","type":"page","link":"https:\/\/eaglevalais.ch\/en\/scenic-flights\/tour-of-the-matterhorn\/","title":{"rendered":"Tour of the Matterhorn"},"content":{"rendered":"\t\t<div data-elementor-type=\"wp-page\" data-elementor-id=\"5249\" class=\"elementor elementor-5249 elementor-2601\">\n\t\t\t\t<div class=\"elementor-element elementor-element-8bb3af0 e-con-full e-flex e-con e-parent\" data-id=\"8bb3af0\" data-element_type=\"container\" data-e-type=\"container\">\n\t\t<div class=\"elementor-element elementor-element-93cdd7f e-con-full e-flex e-con e-child\" data-id=\"93cdd7f\" data-element_type=\"container\" data-e-type=\"container\" data-settings=\"{&quot;background_background&quot;:&quot;slideshow&quot;,&quot;background_slideshow_gallery&quot;:[{&quot;id&quot;:2791,&quot;url&quot;:&quot;https:\\\/\\\/new.eaglevalais.ch\\\/wp-content\\\/uploads\\\/2024\\\/03\\\/cervin_1.webp&quot;}],&quot;background_slideshow_slide_duration&quot;:5000,&quot;background_slideshow_slide_transition&quot;:&quot;fade&quot;,&quot;background_slideshow_transition_duration&quot;:500}\">\n\t\t\t\t<div class=\"elementor-element elementor-element-2af1586 elementor-widget elementor-widget-spacer\" data-id=\"2af1586\" data-element_type=\"widget\" data-e-type=\"widget\" data-widget_type=\"spacer.default\">\n\t\t\t\t<div class=\"elementor-widget-container\">\n\t\t\t\t\t\t\t<div class=\"elementor-spacer\">\n\t\t\t<div class=\"elementor-spacer-inner\"><\/div>\n\t\t<\/div>\n\t\t\t\t\t\t<\/div>\n\t\t\t\t<\/div>\n\t\t\t\t<div class=\"elementor-element elementor-element-b6040a1 elementor-widget__width-auto elementor-invisible elementor-widget elementor-widget-heading\" data-id=\"b6040a1\" data-element_type=\"widget\" data-e-type=\"widget\" data-settings=\"{&quot;_animation&quot;:&quot;fadeIn&quot;}\" data-widget_type=\"heading.default\">\n\t\t\t\t<div class=\"elementor-widget-container\">\n\t\t\t\t\t<h1 class=\"elementor-heading-title elementor-size-default\">Tour of the Matterhorn<\/h1>\t\t\t\t<\/div>\n\t\t\t\t<\/div>\n\t\t\t\t<\/div>\n\t\t\t\t<\/div>\n\t\t<div class=\"elementor-element elementor-element-5a4ef10 e-con-full e-flex e-con e-parent\" data-id=\"5a4ef10\" data-element_type=\"container\" data-e-type=\"container\">\n\t\t\t\t<div class=\"elementor-element elementor-element-82e7d76 elementor-widget elementor-widget-heading\" data-id=\"82e7d76\" data-element_type=\"widget\" data-e-type=\"widget\" data-widget_type=\"heading.default\">\n\t\t\t\t<div class=\"elementor-widget-container\">\n\t\t\t\t\t<h2 class=\"elementor-heading-title elementor-size-default\">Matterhorn panoramic flight 30 min<\/h2>\t\t\t\t<\/div>\n\t\t\t\t<\/div>\n\t\t\t\t<div class=\"elementor-element elementor-element-b3abdcd elementor-widget-divider--view-line elementor-widget elementor-widget-divider\" data-id=\"b3abdcd\" data-element_type=\"widget\" data-e-type=\"widget\" data-widget_type=\"divider.default\">\n\t\t\t\t<div class=\"elementor-widget-container\">\n\t\t\t\t\t\t\t<div class=\"elementor-divider\">\n\t\t\t<span class=\"elementor-divider-separator\">\n\t\t\t\t\t\t<\/span>\n\t\t<\/div>\n\t\t\t\t\t\t<\/div>\n\t\t\t\t<\/div>\n\t\t\t\t<div class=\"elementor-element elementor-element-e97b6db elementor-widget-divider--view-line elementor-widget elementor-widget-divider\" data-id=\"e97b6db\" data-element_type=\"widget\" data-e-type=\"widget\" data-widget_type=\"divider.default\">\n\t\t\t\t<div class=\"elementor-widget-container\">\n\t\t\t\t\t\t\t<div class=\"elementor-divider\">\n\t\t\t<span class=\"elementor-divider-separator\">\n\t\t\t\t\t\t<\/span>\n\t\t<\/div>\n\t\t\t\t\t\t<\/div>\n\t\t\t\t<\/div>\n\t\t\t\t<\/div>\n\t\t<div class=\"elementor-element elementor-element-10f1b39 e-con-full e-flex e-con e-parent\" data-id=\"10f1b39\" data-element_type=\"container\" data-e-type=\"container\">\n\t\t<div class=\"elementor-element elementor-element-69faee9 e-con-full e-flex e-con e-child\" data-id=\"69faee9\" data-element_type=\"container\" data-e-type=\"container\">\n\t\t\t\t<div class=\"elementor-element elementor-element-7508641 elementor-widget elementor-widget-text-editor\" data-id=\"7508641\" data-element_type=\"widget\" data-e-type=\"widget\" data-widget_type=\"text-editor.default\">\n\t\t\t\t<div class=\"elementor-widget-container\">\n\t\t\t\t\t\t\t\t\t<p>Discover <b>the Matterhorn<\/b>&nbsp;with our 30-minute panoramic helicopter flight from <b>Sion.<\/b>&nbsp;<\/p>\n<p>For all the details on the organisation of the flight and answers to your questions, don&#8217;t hesitate to contact us.<\/p>\n<p>Please note that flights over the Swiss Alps are subject to changing weather conditions. If you are in the area for a short period, we strongly recommend that you contact our Operations department on <b>[+41 027 327 30 60]<\/b> for detailed information on the feasibility of the flight. <\/p>\n<p>Itinerary: Sion &#8211; Tour of the Matterhorn<\/p>\t\t\t\t\t\t\t\t<\/div>\n\t\t\t\t<\/div>\n\t\t\t\t<div class=\"elementor-element elementor-element-aa1a284 elementor-widget elementor-widget-heading\" data-id=\"aa1a284\" data-element_type=\"widget\" data-e-type=\"widget\" data-widget_type=\"heading.default\">\n\t\t\t\t<div class=\"elementor-widget-container\">\n\t\t\t\t\t<h3 class=\"elementor-heading-title elementor-size-default\">Summary<\/h3>\t\t\t\t<\/div>\n\t\t\t\t<\/div>\n\t\t\t\t<div class=\"elementor-element elementor-element-f194694 elementor-widget-divider--view-line elementor-widget elementor-widget-divider\" data-id=\"f194694\" data-element_type=\"widget\" data-e-type=\"widget\" data-widget_type=\"divider.default\">\n\t\t\t\t<div class=\"elementor-widget-container\">\n\t\t\t\t\t\t\t<div class=\"elementor-divider\">\n\t\t\t<span class=\"elementor-divider-separator\">\n\t\t\t\t\t\t<\/span>\n\t\t<\/div>\n\t\t\t\t\t\t<\/div>\n\t\t\t\t<\/div>\n\t\t<div class=\"elementor-element elementor-element-9e2601b e-con-full e-flex e-con e-child\" data-id=\"9e2601b\" data-element_type=\"container\" data-e-type=\"container\">\n\t\t<div class=\"elementor-element elementor-element-654603c e-con-full e-flex e-con e-child\" data-id=\"654603c\" data-element_type=\"container\" data-e-type=\"container\">\n\t\t\t\t<div class=\"elementor-element elementor-element-3946058 elementor-align-left elementor-widget elementor-widget-button\" data-id=\"3946058\" data-element_type=\"widget\" data-e-type=\"widget\" data-widget_type=\"button.default\">\n\t\t\t\t<div class=\"elementor-widget-container\">\n\t\t\t\t\t\t\t\t\t<div class=\"elementor-button-wrapper\">\n\t\t\t\t\t<a class=\"elementor-button elementor-button-link elementor-size-sm\" href=\"https:\/\/eaglevalais.ch\/wp-content\/uploads\/2025\/06\/Brochure-panoramic-flight-2025.pdf\" download=\"\">\n\t\t\t\t\t\t<span class=\"elementor-button-content-wrapper\">\n\t\t\t\t\t\t\t\t\t<span class=\"elementor-button-text\">Download our brochure <\/span>\n\t\t\t\t\t<\/span>\n\t\t\t\t\t<\/a>\n\t\t\t\t<\/div>\n\t\t\t\t\t\t\t\t<\/div>\n\t\t\t\t<\/div>\n\t\t\t\t<\/div>\n\t\t<div class=\"elementor-element elementor-element-fde44d4 e-con-full e-flex e-con e-child\" data-id=\"fde44d4\" data-element_type=\"container\" data-e-type=\"container\">\n\t\t\t\t<div class=\"elementor-element elementor-element-d684d62 elementor-align-left elementor-button-info elementor-widget elementor-widget-button\" data-id=\"d684d62\" data-element_type=\"widget\" data-e-type=\"widget\" data-widget_type=\"button.default\">\n\t\t\t\t<div class=\"elementor-widget-container\">\n\t\t\t\t\t\t\t\t\t<div class=\"elementor-button-wrapper\">\n\t\t\t\t\t<a class=\"elementor-button elementor-button-link elementor-size-md\" href=\"https:\/\/ch.heligo.aero\/en\/sion\/218-sion-le-tour-du-cervin-30-min-vol-partage.html\">\n\t\t\t\t\t\t<span class=\"elementor-button-content-wrapper\">\n\t\t\t\t\t\t\t\t\t<span class=\"elementor-button-text\">Book now<\/span>\n\t\t\t\t\t<\/span>\n\t\t\t\t\t<\/a>\n\t\t\t\t<\/div>\n\t\t\t\t\t\t\t\t<\/div>\n\t\t\t\t<\/div>\n\t\t\t\t<\/div>\n\t\t\t\t<\/div>\n\t\t\t\t<\/div>\n\t\t<div class=\"elementor-element elementor-element-9ddfff8 e-con-full e-flex e-con e-child\" data-id=\"9ddfff8\" data-element_type=\"container\" data-e-type=\"container\">\n\t\t<div class=\"elementor-element elementor-element-2cad8a2 e-flex e-con-boxed e-con e-child\" data-id=\"2cad8a2\" data-element_type=\"container\" data-e-type=\"container\">\n\t\t\t\t\t<div class=\"e-con-inner\">\n\t\t<div class=\"elementor-element elementor-element-b29c9f2 e-con-full e-flex e-con e-child\" data-id=\"b29c9f2\" data-element_type=\"container\" data-e-type=\"container\">\n\t\t\t\t<div class=\"elementor-element elementor-element-0603833 elementor-widget elementor-widget-image\" data-id=\"0603833\" data-element_type=\"widget\" data-e-type=\"widget\" data-widget_type=\"image.default\">\n\t\t\t\t<div class=\"elementor-widget-container\">\n\t\t\t\t\t\t\t\t\t\t\t\t\t\t\t<img fetchpriority=\"high\" decoding=\"async\" width=\"768\" height=\"1024\" src=\"https:\/\/eaglevalais.ch\/wp-content\/uploads\/2024\/05\/Vol-panoramique4-768x1024.webp\" class=\"attachment-medium_large size-medium_large wp-image-5065\" alt=\"\" srcset=\"https:\/\/eaglevalais.ch\/wp-content\/uploads\/2024\/05\/Vol-panoramique4-768x1024.webp 768w, https:\/\/eaglevalais.ch\/wp-content\/uploads\/2024\/05\/Vol-panoramique4-225x300.webp 225w, https:\/\/eaglevalais.ch\/wp-content\/uploads\/2024\/05\/Vol-panoramique4-1152x1536.webp 1152w, https:\/\/eaglevalais.ch\/wp-content\/uploads\/2024\/05\/Vol-panoramique4-1535x2048.webp 1535w, https:\/\/eaglevalais.ch\/wp-content\/uploads\/2024\/05\/Vol-panoramique4-scaled.webp 1919w\" sizes=\"(max-width: 768px) 100vw, 768px\" \/>\t\t\t\t\t\t\t\t\t\t\t\t\t\t\t<\/div>\n\t\t\t\t<\/div>\n\t\t\t\t<\/div>\n\t\t<div class=\"elementor-element elementor-element-110dcf4 e-con-full e-flex e-con e-child\" data-id=\"110dcf4\" data-element_type=\"container\" data-e-type=\"container\">\n\t\t\t\t<div class=\"elementor-element elementor-element-15d6500 elementor-widget elementor-widget-image\" data-id=\"15d6500\" data-element_type=\"widget\" data-e-type=\"widget\" data-widget_type=\"image.default\">\n\t\t\t\t<div class=\"elementor-widget-container\">\n\t\t\t\t\t\t\t\t\t\t\t\t\t\t\t<img decoding=\"async\" width=\"768\" height=\"1024\" src=\"https:\/\/eaglevalais.ch\/wp-content\/uploads\/2024\/05\/Vol-panoramique6-768x1024.webp\" class=\"attachment-large size-large wp-image-5069\" alt=\"\" srcset=\"https:\/\/eaglevalais.ch\/wp-content\/uploads\/2024\/05\/Vol-panoramique6-768x1024.webp 768w, https:\/\/eaglevalais.ch\/wp-content\/uploads\/2024\/05\/Vol-panoramique6-225x300.webp 225w, https:\/\/eaglevalais.ch\/wp-content\/uploads\/2024\/05\/Vol-panoramique6-1152x1536.webp 1152w, https:\/\/eaglevalais.ch\/wp-content\/uploads\/2024\/05\/Vol-panoramique6-1536x2048.webp 1536w, https:\/\/eaglevalais.ch\/wp-content\/uploads\/2024\/05\/Vol-panoramique6-scaled.webp 1920w\" sizes=\"(max-width: 768px) 100vw, 768px\" \/>\t\t\t\t\t\t\t\t\t\t\t\t\t\t\t<\/div>\n\t\t\t\t<\/div>\n\t\t\t\t<\/div>\n\t\t<div class=\"elementor-element elementor-element-26f0404 e-con-full elementor-hidden-mobile e-flex e-con e-child\" data-id=\"26f0404\" data-element_type=\"container\" data-e-type=\"container\">\n\t\t\t\t<\/div>\n\t\t<div class=\"elementor-element elementor-element-3831a3c e-con-full elementor-hidden-mobile e-flex e-con e-child\" data-id=\"3831a3c\" data-element_type=\"container\" data-e-type=\"container\">\n\t\t\t\t<\/div>\n\t\t\t\t\t<\/div>\n\t\t\t\t<\/div>\n\t\t\t\t<\/div>\n\t\t\t\t<\/div>\n\t\t<div class=\"elementor-element elementor-element-3852790 e-con-full e-flex e-con e-parent\" data-id=\"3852790\" data-element_type=\"container\" data-e-type=\"container\">\n\t\t\t\t<div class=\"elementor-element elementor-element-75bec64 elementor-widget elementor-widget-toggle\" data-id=\"75bec64\" data-element_type=\"widget\" data-e-type=\"widget\" data-widget_type=\"toggle.default\">\n\t\t\t\t<div class=\"elementor-widget-container\">\n\t\t\t\t\t\t\t<div class=\"elementor-toggle\">\n\t\t\t\t\t\t\t<div class=\"elementor-toggle-item\">\n\t\t\t\t\t<h4 id=\"elementor-tab-title-1231\" class=\"elementor-tab-title\" data-tab=\"1\" role=\"button\" aria-controls=\"elementor-tab-content-1231\" aria-expanded=\"false\">\n\t\t\t\t\t\t\t\t\t\t\t\t<span class=\"elementor-toggle-icon elementor-toggle-icon-left\" aria-hidden=\"true\">\n\t\t\t\t\t\t\t\t\t\t\t\t\t\t\t<span class=\"elementor-toggle-icon-closed\"><svg class=\"e-font-icon-svg e-fas-caret-right\" viewBox=\"0 0 192 512\" xmlns=\"http:\/\/www.w3.org\/2000\/svg\"><path d=\"M0 384.662V127.338c0-17.818 21.543-26.741 34.142-14.142l128.662 128.662c7.81 7.81 7.81 20.474 0 28.284L34.142 398.804C21.543 411.404 0 402.48 0 384.662z\"><\/path><\/svg><\/span>\n\t\t\t\t\t\t\t\t<span class=\"elementor-toggle-icon-opened\"><svg class=\"elementor-toggle-icon-opened e-font-icon-svg e-fas-caret-up\" viewBox=\"0 0 320 512\" xmlns=\"http:\/\/www.w3.org\/2000\/svg\"><path d=\"M288.662 352H31.338c-17.818 0-26.741-21.543-14.142-34.142l128.662-128.662c7.81-7.81 20.474-7.81 28.284 0l128.662 128.662c12.6 12.599 3.676 34.142-14.142 34.142z\"><\/path><\/svg><\/span>\n\t\t\t\t\t\t\t\t\t\t\t\t\t<\/span>\n\t\t\t\t\t\t\t\t\t\t\t\t<a class=\"elementor-toggle-title\" tabindex=\"0\">Detailed flight description<\/a>\n\t\t\t\t\t<\/h4>\n\n\t\t\t\t\t<div id=\"elementor-tab-content-1231\" class=\"elementor-tab-content elementor-clearfix\" data-tab=\"1\" role=\"region\" aria-labelledby=\"elementor-tab-title-1231\"><p>Marvel at the <b>breathtaking views<\/b> of the Matterhorn, one of the <b>world&#8217;s most iconic mountains<\/b>, as we fly over its majestic peaks. Our exclusive itinerary also takes you through charming valleys and breathtaking Alpine scenery. <\/p>\n<p>During this <b>unforgettable first flight<\/b>, you&#8217;ll have the opportunity to capture breathtaking photos and lasting memories. Our team of experienced pilots ensure a safe and comfortable experience, while providing informative commentary on the sites you fly over. <\/p>\n<p>After admiring the splendour of the Matterhorn, we return to Sion, where you can share your memories and enjoy some well-deserved relaxation.&nbsp;<\/p>\n<p><b>Book now <\/b>for an unforgettable aerial adventure in the heart of the Swiss Alps, and let yourself be transported to new horizons of natural beauty.<\/p>\n<\/div>\n\t\t\t\t<\/div>\n\t\t\t\t\t\t\t\t<\/div>\n\t\t\t\t\t\t<\/div>\n\t\t\t\t<\/div>\n\t\t\t\t<\/div>\n\t\t<div class=\"elementor-element elementor-element-39a247f e-con-full e-flex e-con e-parent\" data-id=\"39a247f\" data-element_type=\"container\" data-e-type=\"container\">\n\t\t<div class=\"elementor-element elementor-element-4c90e4d e-flex e-con-boxed e-con e-child\" data-id=\"4c90e4d\" data-element_type=\"container\" data-e-type=\"container\">\n\t\t\t\t\t<div class=\"e-con-inner\">\n\t\t\t\t<div class=\"elementor-element elementor-element-8d9477f elementor-widget elementor-widget-heading\" data-id=\"8d9477f\" data-element_type=\"widget\" data-e-type=\"widget\" data-widget_type=\"heading.default\">\n\t\t\t\t<div class=\"elementor-widget-container\">\n\t\t\t\t\t<h2 class=\"elementor-heading-title elementor-size-default\">Other flights <\/h2>\t\t\t\t<\/div>\n\t\t\t\t<\/div>\n\t\t\t\t<div class=\"elementor-element elementor-element-7c888b7 elementor-widget elementor-widget-heading\" data-id=\"7c888b7\" data-element_type=\"widget\" data-e-type=\"widget\" data-widget_type=\"heading.default\">\n\t\t\t\t<div class=\"elementor-widget-container\">\n\t\t\t\t\t<p class=\"elementor-heading-title elementor-size-default\">Discover our flights from Sion base<\/p>\t\t\t\t<\/div>\n\t\t\t\t<\/div>\n\t\t\t\t\t<\/div>\n\t\t\t\t<\/div>\n\t\t\t\t<\/div>\n\t\t<div class=\"elementor-element elementor-element-6d652ad e-con-full e-flex e-con e-parent\" data-id=\"6d652ad\" data-element_type=\"container\" data-e-type=\"container\">\n\t\t\t\t<div class=\"elementor-element elementor-element-658a5ee elementor-grid-eael-col-4 elementor-grid-tablet-eael-col-2 elementor-grid-mobile-eael-col-1 elementor-widget elementor-widget-eael-post-grid\" data-id=\"658a5ee\" data-element_type=\"widget\" data-e-type=\"widget\" data-settings=\"{&quot;eael_post_grid_columns&quot;:&quot;eael-col-4&quot;,&quot;eael_post_grid_columns_tablet&quot;:&quot;eael-col-2&quot;,&quot;eael_post_grid_columns_mobile&quot;:&quot;eael-col-1&quot;}\" data-widget_type=\"eael-post-grid.default\">\n\t\t\t\t<div class=\"elementor-widget-container\">\n\t\t\t\t\t<div id=\"eael-post-grid-658a5ee\" class=\"eael-post-grid-container\">\n            <div class=\"eael-post-grid eael-post-appender eael-post-appender-658a5ee eael-post-grid-style-one\" data-layout-mode=\"grid\"><article class=\"eael-grid-post  eael-post-grid-column eael-pg-post-5247\" data-id=\"5247\">\n        <div class=\"eael-grid-post-holder\">\n            <div class=\"eael-grid-post-holder-inner\"><div class=\"eael-entry-media\"><div class=\"eael-entry-overlay fade-in\"><i class=\"fas fa-long-arrow-alt-right\" aria-hidden=\"true\"><\/i><a href=\"https:\/\/eaglevalais.ch\/en\/scenic-flights\/tour-of-the-matterhorn-chable\/\"><\/a><\/div><div class=\"eael-entry-thumbnail eael-image-ratio\">\n                <img decoding=\"async\" width=\"300\" height=\"127\" src=\"https:\/\/eaglevalais.ch\/wp-content\/uploads\/2024\/03\/cervin_1-300x127.webp\" class=\"attachment-medium size-medium wp-image-4999\" alt=\"\" srcset=\"https:\/\/eaglevalais.ch\/wp-content\/uploads\/2024\/03\/cervin_1-300x127.webp 300w, https:\/\/eaglevalais.ch\/wp-content\/uploads\/2024\/03\/cervin_1-1024x434.webp 1024w, https:\/\/eaglevalais.ch\/wp-content\/uploads\/2024\/03\/cervin_1-768x325.webp 768w, https:\/\/eaglevalais.ch\/wp-content\/uploads\/2024\/03\/cervin_1-1536x651.webp 1536w, https:\/\/eaglevalais.ch\/wp-content\/uploads\/2024\/03\/cervin_1.webp 1600w\" sizes=\"(max-width: 300px) 100vw, 300px\" \/>\n            <\/div>\n        <\/div><div class=\"eael-entry-wrapper\"><header class=\"eael-entry-header\"><p class=\"eael-entry-title\"><a class=\"eael-grid-post-link\" href=\"https:\/\/eaglevalais.ch\/en\/scenic-flights\/tour-of-the-matterhorn-chable\/\" title=\"Tour of the Matterhorn Ch\u00e2ble\">Tour of the Matterhorn Ch\u00e2ble<\/a><\/p><\/header><\/div><\/div>\n        <\/div>\n    <\/article><article class=\"eael-grid-post  eael-post-grid-column eael-pg-post-5235\" data-id=\"5235\">\n        <div class=\"eael-grid-post-holder\">\n            <div class=\"eael-grid-post-holder-inner\"><div class=\"eael-entry-media\"><div class=\"eael-entry-overlay fade-in\"><i class=\"fas fa-long-arrow-alt-right\" aria-hidden=\"true\"><\/i><a href=\"https:\/\/eaglevalais.ch\/en\/scenic-flights\/combins-tour\/\"><\/a><\/div><div class=\"eael-entry-thumbnail eael-image-ratio\">\n                <img loading=\"lazy\" decoding=\"async\" width=\"300\" height=\"129\" src=\"https:\/\/eaglevalais.ch\/wp-content\/uploads\/2024\/03\/combins_1-300x129.webp\" class=\"attachment-medium size-medium wp-image-4997\" alt=\"\" srcset=\"https:\/\/eaglevalais.ch\/wp-content\/uploads\/2024\/03\/combins_1-300x129.webp 300w, https:\/\/eaglevalais.ch\/wp-content\/uploads\/2024\/03\/combins_1-1024x439.webp 1024w, https:\/\/eaglevalais.ch\/wp-content\/uploads\/2024\/03\/combins_1-768x329.webp 768w, https:\/\/eaglevalais.ch\/wp-content\/uploads\/2024\/03\/combins_1-1536x659.webp 1536w, https:\/\/eaglevalais.ch\/wp-content\/uploads\/2024\/03\/combins_1.webp 1600w\" sizes=\"(max-width: 300px) 100vw, 300px\" \/>\n            <\/div>\n        <\/div><div class=\"eael-entry-wrapper\"><header class=\"eael-entry-header\"><p class=\"eael-entry-title\"><a class=\"eael-grid-post-link\" href=\"https:\/\/eaglevalais.ch\/en\/scenic-flights\/combins-tour\/\" title=\"Combins Tour\">Combins Tour<\/a><\/p><\/header><\/div><\/div>\n        <\/div>\n    <\/article><article class=\"eael-grid-post  eael-post-grid-column eael-pg-post-5237\" data-id=\"5237\">\n        <div class=\"eael-grid-post-holder\">\n            <div class=\"eael-grid-post-holder-inner\"><div class=\"eael-entry-media\"><div class=\"eael-entry-overlay fade-in\"><i class=\"fas fa-long-arrow-alt-right\" aria-hidden=\"true\"><\/i><a href=\"https:\/\/eaglevalais.ch\/en\/scenic-flights\/valais-alps-tour\/\"><\/a><\/div><div class=\"eael-entry-thumbnail eael-image-ratio\">\n                <img loading=\"lazy\" decoding=\"async\" width=\"300\" height=\"130\" src=\"https:\/\/eaglevalais.ch\/wp-content\/uploads\/2024\/03\/tour_alpes_valaisannes_1-300x130.webp\" class=\"attachment-medium size-medium wp-image-5005\" alt=\"\" srcset=\"https:\/\/eaglevalais.ch\/wp-content\/uploads\/2024\/03\/tour_alpes_valaisannes_1-300x130.webp 300w, https:\/\/eaglevalais.ch\/wp-content\/uploads\/2024\/03\/tour_alpes_valaisannes_1-1024x443.webp 1024w, https:\/\/eaglevalais.ch\/wp-content\/uploads\/2024\/03\/tour_alpes_valaisannes_1-768x332.webp 768w, https:\/\/eaglevalais.ch\/wp-content\/uploads\/2024\/03\/tour_alpes_valaisannes_1-1536x664.webp 1536w, https:\/\/eaglevalais.ch\/wp-content\/uploads\/2024\/03\/tour_alpes_valaisannes_1-2048x885.webp 2048w\" sizes=\"(max-width: 300px) 100vw, 300px\" \/>\n            <\/div>\n        <\/div><div class=\"eael-entry-wrapper\"><header class=\"eael-entry-header\"><p class=\"eael-entry-title\"><a class=\"eael-grid-post-link\" href=\"https:\/\/eaglevalais.ch\/en\/scenic-flights\/valais-alps-tour\/\" title=\"Valais Alps Tour\">Valais Alps Tour<\/a><\/p><\/header><\/div><\/div>\n        <\/div>\n    <\/article><article class=\"eael-grid-post  eael-post-grid-column eael-pg-post-5239\" data-id=\"5239\">\n        <div class=\"eael-grid-post-holder\">\n            <div class=\"eael-grid-post-holder-inner\"><div class=\"eael-entry-media\"><div class=\"eael-entry-overlay fade-in\"><i class=\"fas fa-long-arrow-alt-right\" aria-hidden=\"true\"><\/i><a href=\"https:\/\/eaglevalais.ch\/en\/scenic-flights\/the-northern-rhone-valley\/\"><\/a><\/div><div class=\"eael-entry-thumbnail eael-image-ratio\">\n                <img loading=\"lazy\" decoding=\"async\" width=\"300\" height=\"127\" src=\"https:\/\/eaglevalais.ch\/wp-content\/uploads\/2024\/03\/vallee_rhone-300x127.webp\" class=\"attachment-medium size-medium wp-image-4995\" alt=\"\" srcset=\"https:\/\/eaglevalais.ch\/wp-content\/uploads\/2024\/03\/vallee_rhone-300x127.webp 300w, https:\/\/eaglevalais.ch\/wp-content\/uploads\/2024\/03\/vallee_rhone-1024x432.webp 1024w, https:\/\/eaglevalais.ch\/wp-content\/uploads\/2024\/03\/vallee_rhone-768x324.webp 768w, https:\/\/eaglevalais.ch\/wp-content\/uploads\/2024\/03\/vallee_rhone-1536x648.webp 1536w, https:\/\/eaglevalais.ch\/wp-content\/uploads\/2024\/03\/vallee_rhone.webp 1600w\" sizes=\"(max-width: 300px) 100vw, 300px\" \/>\n            <\/div>\n        <\/div><div class=\"eael-entry-wrapper\"><header class=\"eael-entry-header\"><p class=\"eael-entry-title\"><a class=\"eael-grid-post-link\" href=\"https:\/\/eaglevalais.ch\/en\/scenic-flights\/the-northern-rhone-valley\/\" title=\"The northern rh\u00f4ne valley\">The northern rh\u00f4ne valley<\/a><\/p><\/header><\/div><\/div>\n        <\/div>\n    <\/article><\/div>\n            <div class=\"clearfix\"><\/div>\n        <\/div>            <div class=\"eael-load-more-button-wrap eael-force-hide\">\n                <button class=\"eael-load-more-button\" id=\"eael-load-more-btn-658a5ee\" data-widget-id=\"658a5ee\" data-widget=\"658a5ee\" data-page-id=\"5249\" data-template=\"{&quot;dir&quot;:&quot;lite&quot;,&quot;file_name&quot;:&quot;one.php&quot;,&quot;name&quot;:&quot;Post-Grid&quot;}\" data-class=\"Essential_Addons_Elementor\\Elements\\Post_Grid\" data-layout=\"grid\" data-page=\"1\" data-args=\"orderby=menu_order&amp;order=asc&amp;ignore_sticky_posts=1&amp;post_status=publish&amp;posts_per_page=4&amp;offset=0&amp;post_type=page&amp;post__not_in%5B0%5D=1728&amp;post__not_in%5B1%5D=769&amp;post__not_in%5B2%5D=774&amp;post__not_in%5B3%5D=789&amp;post__not_in%5B4%5D=822&amp;post__not_in%5B5%5D=824&amp;post__not_in%5B6%5D=826&amp;post__not_in%5B7%5D=828&amp;post__not_in%5B8%5D=785&amp;post__not_in%5B9%5D=830&amp;post__not_in%5B10%5D=834&amp;post__not_in%5B11%5D=836&amp;post__not_in%5B12%5D=838&amp;post__not_in%5B13%5D=840&amp;post__not_in%5B14%5D=842&amp;post__not_in%5B15%5D=1351&amp;post__not_in%5B16%5D=844&amp;post__not_in%5B17%5D=1330&amp;post__not_in%5B18%5D=1397&amp;post__not_in%5B19%5D=1424&amp;post__not_in%5B20%5D=1410&amp;post__not_in%5B21%5D=1416&amp;post__not_in%5B22%5D=1380&amp;post__not_in%5B23%5D=1443&amp;post__not_in%5B24%5D=1422&amp;post__not_in%5B25%5D=1389&amp;post__not_in%5B26%5D=1749&amp;post__not_in%5B27%5D=2601&amp;post__not_in%5B28%5D=2630&amp;post__not_in%5B29%5D=2578\" data-max-page=\"2\">\n                    <span class=\"eael-btn-loader button__loader\"><\/span>\n                    <span class=\"eael_load_more_text\">Load More<\/span>\n                <\/button>\n            <\/div>\n            \t\t\t\t<\/div>\n\t\t\t\t<\/div>\n\t\t\t\t<\/div>\n\t\t\t\t<\/div>\n\t\t","protected":false},"excerpt":{"rendered":"<p>Tour of the Matterhorn Matterhorn panoramic flight 30 min Discover the Matterhorn&nbsp;with our 30-minute panoramic helicopter flight from Sion.&nbsp; For all the details on the organisation of the flight and answers to your questions, don&#8217;t hesitate to contact us. Please note that flights over the Swiss Alps are subject to changing weather conditions. If you [&hellip;]<\/p>\n","protected":false},"author":2,"featured_media":4999,"parent":5176,"menu_order":0,"comment_status":"closed","ping_status":"closed","template":"elementor_header_footer","meta":{"footnotes":""},"class_list":["post-5249","page","type-page","status-publish","has-post-thumbnail","hentry"],"yoast_head":"<!-- This site is optimized with the Yoast SEO plugin v26.8 - https:\/\/yoast.com\/product\/yoast-seo-wordpress\/ -->\n<title>Tour of the Matterhorn | Eagle Valais<\/title>\n<meta name=\"description\" content=\"Explore the grandeur of the Swiss Alps with our 30-minute helicopter tour of the Matterhorn, departing from Sion.\" \/>\n<meta name=\"robots\" content=\"index, follow, max-snippet:-1, max-image-preview:large, max-video-preview:-1\" \/>\n<link rel=\"canonical\" href=\"https:\/\/eaglevalais.ch\/en\/scenic-flights\/tour-of-the-matterhorn\/\" \/>\n<meta property=\"og:locale\" content=\"en_US\" \/>\n<meta property=\"og:type\" content=\"article\" \/>\n<meta property=\"og:title\" content=\"Tour of the Matterhorn | Eagle Valais\" \/>\n<meta property=\"og:description\" content=\"Explore the grandeur of the Swiss Alps with our 30-minute helicopter tour of the Matterhorn, departing from Sion.\" \/>\n<meta property=\"og:url\" content=\"https:\/\/eaglevalais.ch\/en\/scenic-flights\/tour-of-the-matterhorn\/\" \/>\n<meta property=\"og:site_name\" content=\"Eagle Valais\" \/>\n<meta property=\"article:publisher\" content=\"https:\/\/www.facebook.com\/profile.php?id=100058790670238\" \/>\n<meta property=\"article:modified_time\" content=\"2025-06-27T13:57:35+00:00\" \/>\n<meta property=\"og:image\" content=\"https:\/\/eaglevalais.ch\/wp-content\/uploads\/2024\/03\/cervin_1.webp\" \/>\n\t<meta property=\"og:image:width\" content=\"1600\" \/>\n\t<meta property=\"og:image:height\" content=\"678\" \/>\n\t<meta property=\"og:image:type\" content=\"image\/webp\" \/>\n<meta name=\"twitter:card\" content=\"summary_large_image\" \/>\n<meta name=\"twitter:label1\" content=\"Est. reading time\" \/>\n\t<meta name=\"twitter:data1\" content=\"3 minutes\" \/>\n<script type=\"application\/ld+json\" class=\"yoast-schema-graph\">{\"@context\":\"https:\/\/schema.org\",\"@graph\":[{\"@type\":\"WebPage\",\"@id\":\"https:\/\/eaglevalais.ch\/en\/scenic-flights\/tour-of-the-matterhorn\/\",\"url\":\"https:\/\/eaglevalais.ch\/en\/scenic-flights\/tour-of-the-matterhorn\/\",\"name\":\"Tour of the Matterhorn | Eagle Valais\",\"isPartOf\":{\"@id\":\"https:\/\/eaglevalais.ch\/en\/#website\"},\"primaryImageOfPage\":{\"@id\":\"https:\/\/eaglevalais.ch\/en\/scenic-flights\/tour-of-the-matterhorn\/#primaryimage\"},\"image\":{\"@id\":\"https:\/\/eaglevalais.ch\/en\/scenic-flights\/tour-of-the-matterhorn\/#primaryimage\"},\"thumbnailUrl\":\"https:\/\/eaglevalais.ch\/wp-content\/uploads\/2024\/03\/cervin_1.webp\",\"datePublished\":\"2024-03-19T10:14:58+00:00\",\"dateModified\":\"2025-06-27T13:57:35+00:00\",\"description\":\"Explore the grandeur of the Swiss Alps with our 30-minute helicopter tour of the Matterhorn, departing from Sion.\",\"breadcrumb\":{\"@id\":\"https:\/\/eaglevalais.ch\/en\/scenic-flights\/tour-of-the-matterhorn\/#breadcrumb\"},\"inLanguage\":\"en-US\",\"potentialAction\":[{\"@type\":\"ReadAction\",\"target\":[\"https:\/\/eaglevalais.ch\/en\/scenic-flights\/tour-of-the-matterhorn\/\"]}]},{\"@type\":\"ImageObject\",\"inLanguage\":\"en-US\",\"@id\":\"https:\/\/eaglevalais.ch\/en\/scenic-flights\/tour-of-the-matterhorn\/#primaryimage\",\"url\":\"https:\/\/eaglevalais.ch\/wp-content\/uploads\/2024\/03\/cervin_1.webp\",\"contentUrl\":\"https:\/\/eaglevalais.ch\/wp-content\/uploads\/2024\/03\/cervin_1.webp\",\"width\":1600,\"height\":678,\"caption\":\"Cervin avec ciel bleu l'\u00e9t\u00e9 avec de la v\u00e9g\u00e9tation\"},{\"@type\":\"BreadcrumbList\",\"@id\":\"https:\/\/eaglevalais.ch\/en\/scenic-flights\/tour-of-the-matterhorn\/#breadcrumb\",\"itemListElement\":[{\"@type\":\"ListItem\",\"position\":1,\"name\":\"Accueil\",\"item\":\"https:\/\/eaglevalais.ch\/en\/\"},{\"@type\":\"ListItem\",\"position\":2,\"name\":\"Scenic flights\",\"item\":\"https:\/\/eaglevalais.ch\/en\/scenic-flights\/\"},{\"@type\":\"ListItem\",\"position\":3,\"name\":\"Tour of the Matterhorn\"}]},{\"@type\":\"WebSite\",\"@id\":\"https:\/\/eaglevalais.ch\/en\/#website\",\"url\":\"https:\/\/eaglevalais.ch\/en\/\",\"name\":\"Eagle Valais\",\"description\":\"Les sp\u00e9cialistes du transport et du travail a\u00e9rien.\",\"publisher\":{\"@id\":\"https:\/\/eaglevalais.ch\/en\/#organization\"},\"potentialAction\":[{\"@type\":\"SearchAction\",\"target\":{\"@type\":\"EntryPoint\",\"urlTemplate\":\"https:\/\/eaglevalais.ch\/en\/?s={search_term_string}\"},\"query-input\":{\"@type\":\"PropertyValueSpecification\",\"valueRequired\":true,\"valueName\":\"search_term_string\"}}],\"inLanguage\":\"en-US\"},{\"@type\":\"Organization\",\"@id\":\"https:\/\/eaglevalais.ch\/en\/#organization\",\"name\":\"Eagle Valais\",\"url\":\"https:\/\/eaglevalais.ch\/en\/\",\"logo\":{\"@type\":\"ImageObject\",\"inLanguage\":\"en-US\",\"@id\":\"https:\/\/eaglevalais.ch\/en\/#\/schema\/logo\/image\/\",\"url\":\"https:\/\/eaglevalais.ch\/wp-content\/uploads\/2024\/03\/cropped-cropped-eagle_logo_Valais-OFFICIAL_2017_173x93.png\",\"contentUrl\":\"https:\/\/eaglevalais.ch\/wp-content\/uploads\/2024\/03\/cropped-cropped-eagle_logo_Valais-OFFICIAL_2017_173x93.png\",\"width\":718,\"height\":384,\"caption\":\"Eagle Valais\"},\"image\":{\"@id\":\"https:\/\/eaglevalais.ch\/en\/#\/schema\/logo\/image\/\"},\"sameAs\":[\"https:\/\/www.facebook.com\/profile.php?id=100058790670238\",\"https:\/\/www.instagram.com\/eagle_valais\/\"]}]}<\/script>\n<!-- \/ Yoast SEO plugin. -->","yoast_head_json":{"title":"Tour of the Matterhorn | Eagle Valais","description":"Explore the grandeur of the Swiss Alps with our 30-minute helicopter tour of the Matterhorn, departing from Sion.","robots":{"index":"index","follow":"follow","max-snippet":"max-snippet:-1","max-image-preview":"max-image-preview:large","max-video-preview":"max-video-preview:-1"},"canonical":"https:\/\/eaglevalais.ch\/en\/scenic-flights\/tour-of-the-matterhorn\/","og_locale":"en_US","og_type":"article","og_title":"Tour of the Matterhorn | Eagle Valais","og_description":"Explore the grandeur of the Swiss Alps with our 30-minute helicopter tour of the Matterhorn, departing from Sion.","og_url":"https:\/\/eaglevalais.ch\/en\/scenic-flights\/tour-of-the-matterhorn\/","og_site_name":"Eagle Valais","article_publisher":"https:\/\/www.facebook.com\/profile.php?id=100058790670238","article_modified_time":"2025-06-27T13:57:35+00:00","og_image":[{"width":1600,"height":678,"url":"https:\/\/eaglevalais.ch\/wp-content\/uploads\/2024\/03\/cervin_1.webp","type":"image\/webp"}],"twitter_card":"summary_large_image","twitter_misc":{"Est. reading time":"3 minutes"},"schema":{"@context":"https:\/\/schema.org","@graph":[{"@type":"WebPage","@id":"https:\/\/eaglevalais.ch\/en\/scenic-flights\/tour-of-the-matterhorn\/","url":"https:\/\/eaglevalais.ch\/en\/scenic-flights\/tour-of-the-matterhorn\/","name":"Tour of the Matterhorn | Eagle Valais","isPartOf":{"@id":"https:\/\/eaglevalais.ch\/en\/#website"},"primaryImageOfPage":{"@id":"https:\/\/eaglevalais.ch\/en\/scenic-flights\/tour-of-the-matterhorn\/#primaryimage"},"image":{"@id":"https:\/\/eaglevalais.ch\/en\/scenic-flights\/tour-of-the-matterhorn\/#primaryimage"},"thumbnailUrl":"https:\/\/eaglevalais.ch\/wp-content\/uploads\/2024\/03\/cervin_1.webp","datePublished":"2024-03-19T10:14:58+00:00","dateModified":"2025-06-27T13:57:35+00:00","description":"Explore the grandeur of the Swiss Alps with our 30-minute helicopter tour of the Matterhorn, departing from Sion.","breadcrumb":{"@id":"https:\/\/eaglevalais.ch\/en\/scenic-flights\/tour-of-the-matterhorn\/#breadcrumb"},"inLanguage":"en-US","potentialAction":[{"@type":"ReadAction","target":["https:\/\/eaglevalais.ch\/en\/scenic-flights\/tour-of-the-matterhorn\/"]}]},{"@type":"ImageObject","inLanguage":"en-US","@id":"https:\/\/eaglevalais.ch\/en\/scenic-flights\/tour-of-the-matterhorn\/#primaryimage","url":"https:\/\/eaglevalais.ch\/wp-content\/uploads\/2024\/03\/cervin_1.webp","contentUrl":"https:\/\/eaglevalais.ch\/wp-content\/uploads\/2024\/03\/cervin_1.webp","width":1600,"height":678,"caption":"Cervin avec ciel bleu l'\u00e9t\u00e9 avec de la v\u00e9g\u00e9tation"},{"@type":"BreadcrumbList","@id":"https:\/\/eaglevalais.ch\/en\/scenic-flights\/tour-of-the-matterhorn\/#breadcrumb","itemListElement":[{"@type":"ListItem","position":1,"name":"Accueil","item":"https:\/\/eaglevalais.ch\/en\/"},{"@type":"ListItem","position":2,"name":"Scenic flights","item":"https:\/\/eaglevalais.ch\/en\/scenic-flights\/"},{"@type":"ListItem","position":3,"name":"Tour of the Matterhorn"}]},{"@type":"WebSite","@id":"https:\/\/eaglevalais.ch\/en\/#website","url":"https:\/\/eaglevalais.ch\/en\/","name":"Eagle Valais","description":"Les sp\u00e9cialistes du transport et du travail a\u00e9rien.","publisher":{"@id":"https:\/\/eaglevalais.ch\/en\/#organization"},"potentialAction":[{"@type":"SearchAction","target":{"@type":"EntryPoint","urlTemplate":"https:\/\/eaglevalais.ch\/en\/?s={search_term_string}"},"query-input":{"@type":"PropertyValueSpecification","valueRequired":true,"valueName":"search_term_string"}}],"inLanguage":"en-US"},{"@type":"Organization","@id":"https:\/\/eaglevalais.ch\/en\/#organization","name":"Eagle Valais","url":"https:\/\/eaglevalais.ch\/en\/","logo":{"@type":"ImageObject","inLanguage":"en-US","@id":"https:\/\/eaglevalais.ch\/en\/#\/schema\/logo\/image\/","url":"https:\/\/eaglevalais.ch\/wp-content\/uploads\/2024\/03\/cropped-cropped-eagle_logo_Valais-OFFICIAL_2017_173x93.png","contentUrl":"https:\/\/eaglevalais.ch\/wp-content\/uploads\/2024\/03\/cropped-cropped-eagle_logo_Valais-OFFICIAL_2017_173x93.png","width":718,"height":384,"caption":"Eagle Valais"},"image":{"@id":"https:\/\/eaglevalais.ch\/en\/#\/schema\/logo\/image\/"},"sameAs":["https:\/\/www.facebook.com\/profile.php?id=100058790670238","https:\/\/www.instagram.com\/eagle_valais\/"]}]}},"_links":{"self":[{"href":"https:\/\/eaglevalais.ch\/en\/wp-json\/wp\/v2\/pages\/5249","targetHints":{"allow":["GET"]}}],"collection":[{"href":"https:\/\/eaglevalais.ch\/en\/wp-json\/wp\/v2\/pages"}],"about":[{"href":"https:\/\/eaglevalais.ch\/en\/wp-json\/wp\/v2\/types\/page"}],"author":[{"embeddable":true,"href":"https:\/\/eaglevalais.ch\/en\/wp-json\/wp\/v2\/users\/2"}],"replies":[{"embeddable":true,"href":"https:\/\/eaglevalais.ch\/en\/wp-json\/wp\/v2\/comments?post=5249"}],"version-history":[{"count":14,"href":"https:\/\/eaglevalais.ch\/en\/wp-json\/wp\/v2\/pages\/5249\/revisions"}],"predecessor-version":[{"id":6342,"href":"https:\/\/eaglevalais.ch\/en\/wp-json\/wp\/v2\/pages\/5249\/revisions\/6342"}],"up":[{"embeddable":true,"href":"https:\/\/eaglevalais.ch\/en\/wp-json\/wp\/v2\/pages\/5176"}],"wp:featuredmedia":[{"embeddable":true,"href":"https:\/\/eaglevalais.ch\/en\/wp-json\/wp\/v2\/media\/4999"}],"wp:attachment":[{"href":"https:\/\/eaglevalais.ch\/en\/wp-json\/wp\/v2\/media?parent=5249"}],"curies":[{"name":"wp","href":"https:\/\/api.w.org\/{rel}","templated":true}]}}