{"id":6146,"date":"2024-03-19T11:15:45","date_gmt":"2024-03-19T10:15:45","guid":{"rendered":"https:\/\/eaglevalais.ch\/panoramafluege\/das-noerdliche-rhone-tal\/"},"modified":"2025-06-27T16:03:55","modified_gmt":"2025-06-27T14:03:55","slug":"das-noerdliche-rhone-tal","status":"publish","type":"page","link":"https:\/\/eaglevalais.ch\/de\/panoramafluege\/das-noerdliche-rhone-tal\/","title":{"rendered":"Das n\u00f6rdliche Rh\u00f4ne-Tal"},"content":{"rendered":"\t\t<div data-elementor-type=\"wp-page\" data-elementor-id=\"6146\" class=\"elementor elementor-6146 elementor-2606\">\n\t\t\t\t<div class=\"elementor-element elementor-element-aea273d e-con-full e-flex e-con e-parent\" data-id=\"aea273d\" data-element_type=\"container\" data-e-type=\"container\">\n\t\t<div class=\"elementor-element elementor-element-67de035 e-con-full e-flex e-con e-child\" data-id=\"67de035\" data-element_type=\"container\" data-e-type=\"container\" data-settings=\"{&quot;background_background&quot;:&quot;slideshow&quot;,&quot;background_slideshow_gallery&quot;:[{&quot;id&quot;:2777,&quot;url&quot;:&quot;https:\\\/\\\/new.eaglevalais.ch\\\/wp-content\\\/uploads\\\/2024\\\/03\\\/vallee_rhone.webp&quot;}],&quot;background_slideshow_slide_duration&quot;:5000,&quot;background_slideshow_slide_transition&quot;:&quot;fade&quot;,&quot;background_slideshow_transition_duration&quot;:500}\">\n\t\t\t\t<div class=\"elementor-element elementor-element-796ec56 elementor-widget elementor-widget-spacer\" data-id=\"796ec56\" data-element_type=\"widget\" data-e-type=\"widget\" data-widget_type=\"spacer.default\">\n\t\t\t\t<div class=\"elementor-widget-container\">\n\t\t\t\t\t\t\t<div class=\"elementor-spacer\">\n\t\t\t<div class=\"elementor-spacer-inner\"><\/div>\n\t\t<\/div>\n\t\t\t\t\t\t<\/div>\n\t\t\t\t<\/div>\n\t\t\t\t<div class=\"elementor-element elementor-element-d8c4158 elementor-widget__width-auto elementor-invisible elementor-widget elementor-widget-heading\" data-id=\"d8c4158\" data-element_type=\"widget\" data-e-type=\"widget\" data-settings=\"{&quot;_animation&quot;:&quot;fadeIn&quot;}\" data-widget_type=\"heading.default\">\n\t\t\t\t<div class=\"elementor-widget-container\">\n\t\t\t\t\t<h1 class=\"elementor-heading-title elementor-size-default\">Das n\u00f6rdliche Rh\u00f4ne-Tal<\/h1>\t\t\t\t<\/div>\n\t\t\t\t<\/div>\n\t\t\t\t<\/div>\n\t\t\t\t<\/div>\n\t\t<div class=\"elementor-element elementor-element-ce25ad8 e-con-full e-flex e-con e-parent\" data-id=\"ce25ad8\" data-element_type=\"container\" data-e-type=\"container\">\n\t\t\t\t<div class=\"elementor-element elementor-element-ac60ab6 elementor-widget elementor-widget-heading\" data-id=\"ac60ab6\" data-element_type=\"widget\" data-e-type=\"widget\" data-widget_type=\"heading.default\">\n\t\t\t\t<div class=\"elementor-widget-container\">\n\t\t\t\t\t<h2 class=\"elementor-heading-title elementor-size-default\">Panoramaflug \u00fcber das Rh\u00f4ne-Tal 15 Min.<\/h2>\t\t\t\t<\/div>\n\t\t\t\t<\/div>\n\t\t\t\t<div class=\"elementor-element elementor-element-f45eef2 elementor-widget-divider--view-line elementor-widget elementor-widget-divider\" data-id=\"f45eef2\" data-element_type=\"widget\" data-e-type=\"widget\" data-widget_type=\"divider.default\">\n\t\t\t\t<div class=\"elementor-widget-container\">\n\t\t\t\t\t\t\t<div class=\"elementor-divider\">\n\t\t\t<span class=\"elementor-divider-separator\">\n\t\t\t\t\t\t<\/span>\n\t\t<\/div>\n\t\t\t\t\t\t<\/div>\n\t\t\t\t<\/div>\n\t\t\t\t<div class=\"elementor-element elementor-element-3fabf2c elementor-widget-divider--view-line elementor-widget elementor-widget-divider\" data-id=\"3fabf2c\" data-element_type=\"widget\" data-e-type=\"widget\" data-widget_type=\"divider.default\">\n\t\t\t\t<div class=\"elementor-widget-container\">\n\t\t\t\t\t\t\t<div class=\"elementor-divider\">\n\t\t\t<span class=\"elementor-divider-separator\">\n\t\t\t\t\t\t<\/span>\n\t\t<\/div>\n\t\t\t\t\t\t<\/div>\n\t\t\t\t<\/div>\n\t\t\t\t<\/div>\n\t\t<div class=\"elementor-element elementor-element-ec4d2b8 e-con-full e-flex e-con e-parent\" data-id=\"ec4d2b8\" data-element_type=\"container\" data-e-type=\"container\">\n\t\t<div class=\"elementor-element elementor-element-b6aeaa9 e-con-full e-flex e-con e-child\" data-id=\"b6aeaa9\" data-element_type=\"container\" data-e-type=\"container\">\n\t\t\t\t<div class=\"elementor-element elementor-element-efebf70 elementor-widget elementor-widget-heading\" data-id=\"efebf70\" data-element_type=\"widget\" data-e-type=\"widget\" data-widget_type=\"heading.default\">\n\t\t\t\t<div class=\"elementor-widget-container\">\n\t\t\t\t\t<h3 class=\"elementor-heading-title elementor-size-default\">Zusammenfassung<\/h3>\t\t\t\t<\/div>\n\t\t\t\t<\/div>\n\t\t\t\t<div class=\"elementor-element elementor-element-f125594 elementor-widget-divider--view-line elementor-widget elementor-widget-divider\" data-id=\"f125594\" data-element_type=\"widget\" data-e-type=\"widget\" data-widget_type=\"divider.default\">\n\t\t\t\t<div class=\"elementor-widget-container\">\n\t\t\t\t\t\t\t<div class=\"elementor-divider\">\n\t\t\t<span class=\"elementor-divider-separator\">\n\t\t\t\t\t\t<\/span>\n\t\t<\/div>\n\t\t\t\t\t\t<\/div>\n\t\t\t\t<\/div>\n\t\t\t\t<div class=\"elementor-element elementor-element-d61b1b1 elementor-widget elementor-widget-text-editor\" data-id=\"d61b1b1\" data-element_type=\"widget\" data-e-type=\"widget\" data-widget_type=\"text-editor.default\">\n\t\t\t\t<div class=\"elementor-widget-container\">\n\t\t\t\t\t\t\t\t\t<p>Entdecken Sie die atemberaubenden Panoramen des <b>n\u00f6rdlichen Rh\u00f4netals<\/b> auf unserem Hubschrauberrundflug ab <b>Sion.<\/b><\/p><p>F\u00fcr Einzelheiten zur Organisation des Fluges und Antworten auf Ihre Fragen wenden Sie sich bitte an uns.<b><br><\/b><\/p><p>Bitte beachten Sie, dass Fl\u00fcge \u00fcber die Schweizer Alpen zwingenden Wetterbedingungen unterliegen.  <\/p><p>Wenn Sie sich nur f\u00fcr kurze Zeit in der Region aufhalten, empfehlen wir Ihnen dringend, unsere Operationsabteilung unter<b>[+41 027 327 30 60<\/b>] zu kontaktieren, um detaillierte Informationen \u00fcber die Durchf\u00fchrbarkeit des Fluges zu erhalten.<\/p><p>Route: Sion &#8211; Rh\u00f4ne-Tal.<\/p>\t\t\t\t\t\t\t\t<\/div>\n\t\t\t\t<\/div>\n\t\t<div class=\"elementor-element elementor-element-6d360f0 e-con-full e-flex e-con e-child\" data-id=\"6d360f0\" data-element_type=\"container\" data-e-type=\"container\">\n\t\t<div class=\"elementor-element elementor-element-9cc9eeb e-con-full e-flex e-con e-child\" data-id=\"9cc9eeb\" data-element_type=\"container\" data-e-type=\"container\">\n\t\t\t\t<div class=\"elementor-element elementor-element-5ca2895 elementor-align-left elementor-widget elementor-widget-button\" data-id=\"5ca2895\" data-element_type=\"widget\" data-e-type=\"widget\" data-widget_type=\"button.default\">\n\t\t\t\t<div class=\"elementor-widget-container\">\n\t\t\t\t\t\t\t\t\t<div class=\"elementor-button-wrapper\">\n\t\t\t\t\t<a class=\"elementor-button elementor-button-link elementor-size-sm\" href=\"https:\/\/eaglevalais.ch\/wp-content\/uploads\/2025\/06\/Brochure-vols-panoramiques-2025.pdf\" download=\"\">\n\t\t\t\t\t\t<span class=\"elementor-button-content-wrapper\">\n\t\t\t\t\t\t\t\t\t<span class=\"elementor-button-text\">Laden Sie unsere Brosch\u00fcre herunter  <\/span>\n\t\t\t\t\t<\/span>\n\t\t\t\t\t<\/a>\n\t\t\t\t<\/div>\n\t\t\t\t\t\t\t\t<\/div>\n\t\t\t\t<\/div>\n\t\t\t\t<\/div>\n\t\t<div class=\"elementor-element elementor-element-5b2d6f3 e-con-full e-flex e-con e-child\" data-id=\"5b2d6f3\" data-element_type=\"container\" data-e-type=\"container\">\n\t\t\t\t<div class=\"elementor-element elementor-element-83c17f2 elementor-align-left elementor-button-info elementor-widget elementor-widget-button\" data-id=\"83c17f2\" data-element_type=\"widget\" data-e-type=\"widget\" data-widget_type=\"button.default\">\n\t\t\t\t<div class=\"elementor-widget-container\">\n\t\t\t\t\t\t\t\t\t<div class=\"elementor-button-wrapper\">\n\t\t\t\t\t<a class=\"elementor-button elementor-button-link elementor-size-md\" href=\"https:\/\/ch.heligo.aero\/en\/accueil\/212-sion-nord-de-la-vallee-du-rhone-15-min-vol-privatif.html\">\n\t\t\t\t\t\t<span class=\"elementor-button-content-wrapper\">\n\t\t\t\t\t\t\t\t\t<span class=\"elementor-button-text\">Buchen Sie<\/span>\n\t\t\t\t\t<\/span>\n\t\t\t\t\t<\/a>\n\t\t\t\t<\/div>\n\t\t\t\t\t\t\t\t<\/div>\n\t\t\t\t<\/div>\n\t\t\t\t<\/div>\n\t\t\t\t<\/div>\n\t\t\t\t<\/div>\n\t\t<div class=\"elementor-element elementor-element-f19791d e-con-full e-flex e-con e-child\" data-id=\"f19791d\" data-element_type=\"container\" data-e-type=\"container\">\n\t\t<div class=\"elementor-element elementor-element-defa21b e-flex e-con-boxed e-con e-child\" data-id=\"defa21b\" data-element_type=\"container\" data-e-type=\"container\">\n\t\t\t\t\t<div class=\"e-con-inner\">\n\t\t<div class=\"elementor-element elementor-element-6d07828 e-con-full e-flex e-con e-child\" data-id=\"6d07828\" data-element_type=\"container\" data-e-type=\"container\">\n\t\t\t\t<div class=\"elementor-element elementor-element-5d9531d elementor-widget elementor-widget-image\" data-id=\"5d9531d\" data-element_type=\"widget\" data-e-type=\"widget\" data-widget_type=\"image.default\">\n\t\t\t\t<div class=\"elementor-widget-container\">\n\t\t\t\t\t\t\t\t\t\t\t\t\t\t\t<img fetchpriority=\"high\" decoding=\"async\" width=\"768\" height=\"1024\" src=\"https:\/\/eaglevalais.ch\/wp-content\/uploads\/2024\/05\/Vol-panoramique3-768x1024.webp\" class=\"attachment-medium_large size-medium_large wp-image-5064\" alt=\"\" srcset=\"https:\/\/eaglevalais.ch\/wp-content\/uploads\/2024\/05\/Vol-panoramique3-768x1024.webp 768w, https:\/\/eaglevalais.ch\/wp-content\/uploads\/2024\/05\/Vol-panoramique3-225x300.webp 225w, https:\/\/eaglevalais.ch\/wp-content\/uploads\/2024\/05\/Vol-panoramique3-1152x1536.webp 1152w, https:\/\/eaglevalais.ch\/wp-content\/uploads\/2024\/05\/Vol-panoramique3-1536x2048.webp 1536w, https:\/\/eaglevalais.ch\/wp-content\/uploads\/2024\/05\/Vol-panoramique3-scaled.webp 1920w\" sizes=\"(max-width: 768px) 100vw, 768px\" \/>\t\t\t\t\t\t\t\t\t\t\t\t\t\t\t<\/div>\n\t\t\t\t<\/div>\n\t\t\t\t<\/div>\n\t\t<div class=\"elementor-element elementor-element-5bbe62d e-con-full e-flex e-con e-child\" data-id=\"5bbe62d\" data-element_type=\"container\" data-e-type=\"container\">\n\t\t\t\t<div class=\"elementor-element elementor-element-7ef81cf elementor-widget elementor-widget-image\" data-id=\"7ef81cf\" data-element_type=\"widget\" data-e-type=\"widget\" data-widget_type=\"image.default\">\n\t\t\t\t<div class=\"elementor-widget-container\">\n\t\t\t\t\t\t\t\t\t\t\t\t\t\t\t<img decoding=\"async\" width=\"768\" height=\"1024\" src=\"https:\/\/eaglevalais.ch\/wp-content\/uploads\/2024\/05\/Vol-panoramique2-768x1024.webp\" class=\"attachment-large size-large wp-image-5062\" alt=\"\" srcset=\"https:\/\/eaglevalais.ch\/wp-content\/uploads\/2024\/05\/Vol-panoramique2-768x1024.webp 768w, https:\/\/eaglevalais.ch\/wp-content\/uploads\/2024\/05\/Vol-panoramique2-225x300.webp 225w, https:\/\/eaglevalais.ch\/wp-content\/uploads\/2024\/05\/Vol-panoramique2-1152x1536.webp 1152w, https:\/\/eaglevalais.ch\/wp-content\/uploads\/2024\/05\/Vol-panoramique2-1536x2048.webp 1536w, https:\/\/eaglevalais.ch\/wp-content\/uploads\/2024\/05\/Vol-panoramique2-scaled.webp 1920w\" sizes=\"(max-width: 768px) 100vw, 768px\" \/>\t\t\t\t\t\t\t\t\t\t\t\t\t\t\t<\/div>\n\t\t\t\t<\/div>\n\t\t\t\t<\/div>\n\t\t<div class=\"elementor-element elementor-element-5d0d4cf e-con-full elementor-hidden-mobile e-flex e-con e-child\" data-id=\"5d0d4cf\" data-element_type=\"container\" data-e-type=\"container\">\n\t\t\t\t<\/div>\n\t\t<div class=\"elementor-element elementor-element-1d27631 e-con-full elementor-hidden-mobile e-flex e-con e-child\" data-id=\"1d27631\" data-element_type=\"container\" data-e-type=\"container\">\n\t\t\t\t<\/div>\n\t\t\t\t\t<\/div>\n\t\t\t\t<\/div>\n\t\t\t\t<\/div>\n\t\t\t\t<\/div>\n\t\t<div class=\"elementor-element elementor-element-b2e0fd6 e-con-full e-flex e-con e-parent\" data-id=\"b2e0fd6\" data-element_type=\"container\" data-e-type=\"container\">\n\t\t\t\t<div class=\"elementor-element elementor-element-39724bb elementor-widget elementor-widget-toggle\" data-id=\"39724bb\" data-element_type=\"widget\" data-e-type=\"widget\" data-widget_type=\"toggle.default\">\n\t\t\t\t<div class=\"elementor-widget-container\">\n\t\t\t\t\t\t\t<div class=\"elementor-toggle\">\n\t\t\t\t\t\t\t<div class=\"elementor-toggle-item\">\n\t\t\t\t\t<h4 id=\"elementor-tab-title-6021\" class=\"elementor-tab-title\" data-tab=\"1\" role=\"button\" aria-controls=\"elementor-tab-content-6021\" aria-expanded=\"false\">\n\t\t\t\t\t\t\t\t\t\t\t\t<span class=\"elementor-toggle-icon elementor-toggle-icon-left\" aria-hidden=\"true\">\n\t\t\t\t\t\t\t\t\t\t\t\t\t\t\t<span class=\"elementor-toggle-icon-closed\"><svg class=\"e-font-icon-svg e-fas-caret-right\" viewBox=\"0 0 192 512\" xmlns=\"http:\/\/www.w3.org\/2000\/svg\"><path d=\"M0 384.662V127.338c0-17.818 21.543-26.741 34.142-14.142l128.662 128.662c7.81 7.81 7.81 20.474 0 28.284L34.142 398.804C21.543 411.404 0 402.48 0 384.662z\"><\/path><\/svg><\/span>\n\t\t\t\t\t\t\t\t<span class=\"elementor-toggle-icon-opened\"><svg class=\"elementor-toggle-icon-opened e-font-icon-svg e-fas-caret-up\" viewBox=\"0 0 320 512\" xmlns=\"http:\/\/www.w3.org\/2000\/svg\"><path d=\"M288.662 352H31.338c-17.818 0-26.741-21.543-14.142-34.142l128.662-128.662c7.81-7.81 20.474-7.81 28.284 0l128.662 128.662c12.6 12.599 3.676 34.142-14.142 34.142z\"><\/path><\/svg><\/span>\n\t\t\t\t\t\t\t\t\t\t\t\t\t<\/span>\n\t\t\t\t\t\t\t\t\t\t\t\t<a class=\"elementor-toggle-title\" tabindex=\"0\">Detaillierte Beschreibung des Fluges<\/a>\n\t\t\t\t\t<\/h4>\n\n\t\t\t\t\t<div id=\"elementor-tab-content-6021\" class=\"elementor-tab-content elementor-clearfix\" data-tab=\"1\" role=\"region\" aria-labelledby=\"elementor-tab-title-6021\"><p>Lassen Sie sich von <b>der atemberaubenden Aussicht<\/b> auf die Weinberge, die Rh\u00f4ne und die Felder fesseln, w\u00e4hrend wir \u00fcber diese legend\u00e4ren Berge und die umliegenden Alpent\u00e4ler fliegen.<\/p>\n<p>Dieser 15-min\u00fctige Ausflug bietet Ihnen einen atemberaubenden Blick auf die ber\u00fchmtesten Weinberge der Schweiz und<b>andere spektakul\u00e4re Orte<\/b>. Unsere erfahrenen Piloten werden Sie zu den bekanntesten Sehensw\u00fcrdigkeiten der Region f\u00fchren, w\u00e4hrend Sie faszinierende Informationen \u00fcber die lokale Geschichte und Geographie erhalten. <\/p>\n<p>Von Ihrer privilegierten geographischen Position in unserem Hubschrauber aus werden Sie die Gelegenheit haben, <b>eine au\u00dfergew\u00f6hnliche Erfahrung<\/b> zu machen und <b>unvergessliche Erinnerungen<\/b> an dieses Flugabenteuer zu sammeln. Nachdem wir die Wunder des n\u00f6rdlichen Rh\u00f4netals erkundet haben, kehren wir nach Sion zur\u00fcck. <\/p>\n<p><b>Buchen Sie jetzt<\/b> Ihren Platz f\u00fcr diesen exklusiven Panoramaflug und lassen Sie sich zu neuen H\u00f6hen der Sch\u00f6nheit und des Staunens im Herzen der Schweizer Alpen entf\u00fchren.<\/p>\n<\/div>\n\t\t\t\t<\/div>\n\t\t\t\t\t\t\t\t<\/div>\n\t\t\t\t\t\t<\/div>\n\t\t\t\t<\/div>\n\t\t\t\t<\/div>\n\t\t<div class=\"elementor-element elementor-element-6c53ca2 e-con-full e-flex e-con e-parent\" data-id=\"6c53ca2\" data-element_type=\"container\" data-e-type=\"container\">\n\t\t<div class=\"elementor-element elementor-element-4adbca8 e-flex e-con-boxed e-con e-child\" data-id=\"4adbca8\" data-element_type=\"container\" data-e-type=\"container\">\n\t\t\t\t\t<div class=\"e-con-inner\">\n\t\t\t\t<div class=\"elementor-element elementor-element-8992eb5 elementor-widget elementor-widget-heading\" data-id=\"8992eb5\" data-element_type=\"widget\" data-e-type=\"widget\" data-widget_type=\"heading.default\">\n\t\t\t\t<div class=\"elementor-widget-container\">\n\t\t\t\t\t<h2 class=\"elementor-heading-title elementor-size-default\">Andere Fl\u00fcge  <\/h2>\t\t\t\t<\/div>\n\t\t\t\t<\/div>\n\t\t\t\t<div class=\"elementor-element elementor-element-9c203cb elementor-widget elementor-widget-heading\" data-id=\"9c203cb\" data-element_type=\"widget\" data-e-type=\"widget\" data-widget_type=\"heading.default\">\n\t\t\t\t<div class=\"elementor-widget-container\">\n\t\t\t\t\t<p class=\"elementor-heading-title elementor-size-default\">Entdecken Sie unsere Fl\u00fcge ab der Basis Sion<\/p>\t\t\t\t<\/div>\n\t\t\t\t<\/div>\n\t\t\t\t\t<\/div>\n\t\t\t\t<\/div>\n\t\t\t\t<\/div>\n\t\t<div class=\"elementor-element elementor-element-96ab615 e-con-full e-flex e-con e-parent\" data-id=\"96ab615\" data-element_type=\"container\" data-e-type=\"container\">\n\t\t\t\t<div class=\"elementor-element elementor-element-3791b79 elementor-grid-eael-col-4 elementor-grid-tablet-eael-col-2 elementor-grid-mobile-eael-col-1 elementor-widget elementor-widget-eael-post-grid\" data-id=\"3791b79\" data-element_type=\"widget\" data-e-type=\"widget\" data-settings=\"{&quot;eael_post_grid_columns&quot;:&quot;eael-col-4&quot;,&quot;eael_post_grid_columns_tablet&quot;:&quot;eael-col-2&quot;,&quot;eael_post_grid_columns_mobile&quot;:&quot;eael-col-1&quot;}\" data-widget_type=\"eael-post-grid.default\">\n\t\t\t\t<div class=\"elementor-widget-container\">\n\t\t\t\t\t<div id=\"eael-post-grid-3791b79\" class=\"eael-post-grid-container\">\n            <div class=\"eael-post-grid eael-post-appender eael-post-appender-3791b79 eael-post-grid-style-one\" data-layout-mode=\"grid\"><article class=\"eael-grid-post  eael-post-grid-column eael-pg-post-6129\" data-id=\"6129\">\n        <div class=\"eael-grid-post-holder\">\n            <div class=\"eael-grid-post-holder-inner\"><div class=\"eael-entry-media\"><div class=\"eael-entry-overlay fade-in\"><i class=\"fas fa-long-arrow-alt-right\" aria-hidden=\"true\"><\/i><a href=\"https:\/\/eaglevalais.ch\/de\/panoramafluege\/tour-des-combins\/\"><\/a><\/div><div class=\"eael-entry-thumbnail eael-image-ratio\">\n                <img decoding=\"async\" width=\"300\" height=\"129\" src=\"https:\/\/eaglevalais.ch\/wp-content\/uploads\/2024\/03\/combins_1-300x129.webp\" class=\"attachment-medium size-medium wp-image-4998\" alt=\"\" srcset=\"https:\/\/eaglevalais.ch\/wp-content\/uploads\/2024\/03\/combins_1-300x129.webp 300w, https:\/\/eaglevalais.ch\/wp-content\/uploads\/2024\/03\/combins_1-1024x439.webp 1024w, https:\/\/eaglevalais.ch\/wp-content\/uploads\/2024\/03\/combins_1-768x329.webp 768w, https:\/\/eaglevalais.ch\/wp-content\/uploads\/2024\/03\/combins_1-1536x659.webp 1536w, https:\/\/eaglevalais.ch\/wp-content\/uploads\/2024\/03\/combins_1.webp 1600w\" sizes=\"(max-width: 300px) 100vw, 300px\" \/>\n            <\/div>\n        <\/div><div class=\"eael-entry-wrapper\"><header class=\"eael-entry-header\"><p class=\"eael-entry-title\"><a class=\"eael-grid-post-link\" href=\"https:\/\/eaglevalais.ch\/de\/panoramafluege\/tour-des-combins\/\" title=\"Combin-Turm\">Combin-Turm<\/a><\/p><\/header><\/div><\/div>\n        <\/div>\n    <\/article><article class=\"eael-grid-post  eael-post-grid-column eael-pg-post-6126\" data-id=\"6126\">\n        <div class=\"eael-grid-post-holder\">\n            <div class=\"eael-grid-post-holder-inner\"><div class=\"eael-entry-media\"><div class=\"eael-entry-overlay fade-in\"><i class=\"fas fa-long-arrow-alt-right\" aria-hidden=\"true\"><\/i><a href=\"https:\/\/eaglevalais.ch\/de\/panoramafluege\/tour-durch-die-walliser-alpen\/\"><\/a><\/div><div class=\"eael-entry-thumbnail eael-image-ratio\">\n                <img loading=\"lazy\" decoding=\"async\" width=\"300\" height=\"130\" src=\"https:\/\/eaglevalais.ch\/wp-content\/uploads\/2024\/03\/tour_alpes_valaisannes_1-300x130.webp\" class=\"attachment-medium size-medium wp-image-5006\" alt=\"\" srcset=\"https:\/\/eaglevalais.ch\/wp-content\/uploads\/2024\/03\/tour_alpes_valaisannes_1-300x130.webp 300w, https:\/\/eaglevalais.ch\/wp-content\/uploads\/2024\/03\/tour_alpes_valaisannes_1-1024x443.webp 1024w, https:\/\/eaglevalais.ch\/wp-content\/uploads\/2024\/03\/tour_alpes_valaisannes_1-768x332.webp 768w, https:\/\/eaglevalais.ch\/wp-content\/uploads\/2024\/03\/tour_alpes_valaisannes_1-1536x664.webp 1536w, https:\/\/eaglevalais.ch\/wp-content\/uploads\/2024\/03\/tour_alpes_valaisannes_1-2048x885.webp 2048w\" sizes=\"(max-width: 300px) 100vw, 300px\" \/>\n            <\/div>\n        <\/div><div class=\"eael-entry-wrapper\"><header class=\"eael-entry-header\"><p class=\"eael-entry-title\"><a class=\"eael-grid-post-link\" href=\"https:\/\/eaglevalais.ch\/de\/panoramafluege\/tour-durch-die-walliser-alpen\/\" title=\"Tour durch die Walliser Alpen\">Tour durch die Walliser Alpen<\/a><\/p><\/header><\/div><\/div>\n        <\/div>\n    <\/article><article class=\"eael-grid-post  eael-post-grid-column eael-pg-post-6146\" data-id=\"6146\">\n        <div class=\"eael-grid-post-holder\">\n            <div class=\"eael-grid-post-holder-inner\"><div class=\"eael-entry-media\"><div class=\"eael-entry-overlay fade-in\"><i class=\"fas fa-long-arrow-alt-right\" aria-hidden=\"true\"><\/i><a href=\"https:\/\/eaglevalais.ch\/de\/panoramafluege\/das-noerdliche-rhone-tal\/\"><\/a><\/div><div class=\"eael-entry-thumbnail eael-image-ratio\">\n                <img loading=\"lazy\" decoding=\"async\" width=\"300\" height=\"127\" src=\"https:\/\/eaglevalais.ch\/wp-content\/uploads\/2024\/03\/vallee_rhone-300x127.webp\" class=\"attachment-medium size-medium wp-image-4996\" alt=\"\" srcset=\"https:\/\/eaglevalais.ch\/wp-content\/uploads\/2024\/03\/vallee_rhone-300x127.webp 300w, https:\/\/eaglevalais.ch\/wp-content\/uploads\/2024\/03\/vallee_rhone-1024x432.webp 1024w, https:\/\/eaglevalais.ch\/wp-content\/uploads\/2024\/03\/vallee_rhone-768x324.webp 768w, https:\/\/eaglevalais.ch\/wp-content\/uploads\/2024\/03\/vallee_rhone-1536x648.webp 1536w, https:\/\/eaglevalais.ch\/wp-content\/uploads\/2024\/03\/vallee_rhone.webp 1600w\" sizes=\"(max-width: 300px) 100vw, 300px\" \/>\n            <\/div>\n        <\/div><div class=\"eael-entry-wrapper\"><header class=\"eael-entry-header\"><p class=\"eael-entry-title\"><a class=\"eael-grid-post-link\" href=\"https:\/\/eaglevalais.ch\/de\/panoramafluege\/das-noerdliche-rhone-tal\/\" title=\"Das n\u00f6rdliche Rh\u00f4ne-Tal\">Das n\u00f6rdliche Rh\u00f4ne-Tal<\/a><\/p><\/header><\/div><\/div>\n        <\/div>\n    <\/article><article class=\"eael-grid-post  eael-post-grid-column eael-pg-post-6143\" data-id=\"6143\">\n        <div class=\"eael-grid-post-holder\">\n            <div class=\"eael-grid-post-holder-inner\"><div class=\"eael-entry-media\"><div class=\"eael-entry-overlay fade-in\"><i class=\"fas fa-long-arrow-alt-right\" aria-hidden=\"true\"><\/i><a href=\"https:\/\/eaglevalais.ch\/de\/panoramafluege\/die-gletscherpatrouille\/\"><\/a><\/div><div class=\"eael-entry-thumbnail eael-image-ratio\">\n                <img loading=\"lazy\" decoding=\"async\" width=\"300\" height=\"129\" src=\"https:\/\/eaglevalais.ch\/wp-content\/uploads\/2024\/03\/patrouille_des_glaciers-300x129.webp\" class=\"attachment-medium size-medium wp-image-5004\" alt=\"\" srcset=\"https:\/\/eaglevalais.ch\/wp-content\/uploads\/2024\/03\/patrouille_des_glaciers-300x129.webp 300w, https:\/\/eaglevalais.ch\/wp-content\/uploads\/2024\/03\/patrouille_des_glaciers-1024x439.webp 1024w, https:\/\/eaglevalais.ch\/wp-content\/uploads\/2024\/03\/patrouille_des_glaciers-768x329.webp 768w, https:\/\/eaglevalais.ch\/wp-content\/uploads\/2024\/03\/patrouille_des_glaciers-1536x659.webp 1536w, https:\/\/eaglevalais.ch\/wp-content\/uploads\/2024\/03\/patrouille_des_glaciers.webp 1600w\" sizes=\"(max-width: 300px) 100vw, 300px\" \/>\n            <\/div>\n        <\/div><div class=\"eael-entry-wrapper\"><header class=\"eael-entry-header\"><p class=\"eael-entry-title\"><a class=\"eael-grid-post-link\" href=\"https:\/\/eaglevalais.ch\/de\/panoramafluege\/die-gletscherpatrouille\/\" title=\"La patrouille des Glaciers\">La patrouille des Glaciers<\/a><\/p><\/header><\/div><\/div>\n        <\/div>\n    <\/article><\/div>\n            <div class=\"clearfix\"><\/div>\n        <\/div>            <div class=\"eael-load-more-button-wrap eael-force-hide\">\n                <button class=\"eael-load-more-button\" id=\"eael-load-more-btn-3791b79\" data-widget-id=\"3791b79\" data-widget=\"3791b79\" data-page-id=\"6146\" data-template=\"{&quot;dir&quot;:&quot;lite&quot;,&quot;file_name&quot;:&quot;one.php&quot;,&quot;name&quot;:&quot;Post-Grid&quot;}\" data-class=\"Essential_Addons_Elementor\\Elements\\Post_Grid\" data-layout=\"grid\" data-page=\"1\" data-args=\"orderby=menu_order&amp;order=asc&amp;ignore_sticky_posts=1&amp;post_status=publish&amp;posts_per_page=4&amp;offset=0&amp;post_type=page&amp;post__not_in%5B0%5D=1728&amp;post__not_in%5B1%5D=769&amp;post__not_in%5B2%5D=774&amp;post__not_in%5B3%5D=789&amp;post__not_in%5B4%5D=822&amp;post__not_in%5B5%5D=824&amp;post__not_in%5B6%5D=826&amp;post__not_in%5B7%5D=828&amp;post__not_in%5B8%5D=785&amp;post__not_in%5B9%5D=830&amp;post__not_in%5B10%5D=834&amp;post__not_in%5B11%5D=836&amp;post__not_in%5B12%5D=838&amp;post__not_in%5B13%5D=840&amp;post__not_in%5B14%5D=842&amp;post__not_in%5B15%5D=1351&amp;post__not_in%5B16%5D=844&amp;post__not_in%5B17%5D=1330&amp;post__not_in%5B18%5D=1397&amp;post__not_in%5B19%5D=1424&amp;post__not_in%5B20%5D=1410&amp;post__not_in%5B21%5D=1416&amp;post__not_in%5B22%5D=1380&amp;post__not_in%5B23%5D=1443&amp;post__not_in%5B24%5D=1422&amp;post__not_in%5B25%5D=1389&amp;post__not_in%5B26%5D=1749&amp;post__not_in%5B27%5D=2601&amp;post__not_in%5B28%5D=2630&amp;post__not_in%5B29%5D=2578\" data-max-page=\"2\">\n                    <span class=\"eael-btn-loader button__loader\"><\/span>\n                    <span class=\"eael_load_more_text\">Load More<\/span>\n                <\/button>\n            <\/div>\n            \t\t\t\t<\/div>\n\t\t\t\t<\/div>\n\t\t\t\t<\/div>\n\t\t\t\t<\/div>\n\t\t","protected":false},"excerpt":{"rendered":"<p>Das n\u00f6rdliche Rh\u00f4ne-Tal Panoramaflug \u00fcber das Rh\u00f4ne-Tal 15 Min. Zusammenfassung Entdecken Sie die atemberaubenden Panoramen des n\u00f6rdlichen Rh\u00f4netals auf unserem Hubschrauberrundflug ab Sion. F\u00fcr Einzelheiten zur Organisation des Fluges und Antworten auf Ihre Fragen wenden Sie sich bitte an uns. Bitte beachten Sie, dass Fl\u00fcge \u00fcber die Schweizer Alpen zwingenden Wetterbedingungen unterliegen. Wenn Sie sich [&hellip;]<\/p>\n","protected":false},"author":2,"featured_media":4996,"parent":6120,"menu_order":0,"comment_status":"closed","ping_status":"closed","template":"elementor_header_footer","meta":{"footnotes":""},"class_list":["post-6146","page","type-page","status-publish","has-post-thumbnail","hentry"],"yoast_head":"<!-- This site is optimized with the Yoast SEO plugin v26.8 - https:\/\/yoast.com\/product\/yoast-seo-wordpress\/ -->\n<title>Das n\u00f6rdliche Rh\u00f4ne-Tal | Eagle Valais<\/title>\n<meta name=\"description\" content=\"Entdecken Sie die atemberaubenden Panoramen des n\u00f6rdlichen Rh\u00f4netals auf unserem Hubschrauberrundflug. Buchen Sie jetzt!\" \/>\n<meta name=\"robots\" content=\"index, follow, max-snippet:-1, max-image-preview:large, max-video-preview:-1\" \/>\n<link rel=\"canonical\" href=\"https:\/\/eaglevalais.ch\/de\/panoramafluege\/das-noerdliche-rhone-tal\/\" \/>\n<meta property=\"og:locale\" content=\"de_DE\" \/>\n<meta property=\"og:type\" content=\"article\" \/>\n<meta property=\"og:title\" content=\"Das n\u00f6rdliche Rh\u00f4ne-Tal | Eagle Valais\" \/>\n<meta property=\"og:description\" content=\"Entdecken Sie die atemberaubenden Panoramen des n\u00f6rdlichen Rh\u00f4netals auf unserem Hubschrauberrundflug. Buchen Sie jetzt!\" \/>\n<meta property=\"og:url\" content=\"https:\/\/eaglevalais.ch\/de\/panoramafluege\/das-noerdliche-rhone-tal\/\" \/>\n<meta property=\"og:site_name\" content=\"Eagle Valais\" \/>\n<meta property=\"article:publisher\" content=\"https:\/\/www.facebook.com\/profile.php?id=100058790670238\" \/>\n<meta property=\"article:modified_time\" content=\"2025-06-27T14:03:55+00:00\" \/>\n<meta property=\"og:image\" content=\"https:\/\/eaglevalais.ch\/wp-content\/uploads\/2024\/03\/vallee_rhone.webp\" \/>\n\t<meta property=\"og:image:width\" content=\"1600\" \/>\n\t<meta property=\"og:image:height\" content=\"675\" \/>\n\t<meta property=\"og:image:type\" content=\"image\/webp\" \/>\n<meta name=\"twitter:card\" content=\"summary_large_image\" \/>\n<meta name=\"twitter:label1\" content=\"Gesch\u00e4tzte Lesezeit\" \/>\n\t<meta name=\"twitter:data1\" content=\"3\u00a0Minuten\" \/>\n<script type=\"application\/ld+json\" class=\"yoast-schema-graph\">{\"@context\":\"https:\/\/schema.org\",\"@graph\":[{\"@type\":\"WebPage\",\"@id\":\"https:\/\/eaglevalais.ch\/de\/panoramafluege\/das-noerdliche-rhone-tal\/\",\"url\":\"https:\/\/eaglevalais.ch\/de\/panoramafluege\/das-noerdliche-rhone-tal\/\",\"name\":\"Das n\u00f6rdliche Rh\u00f4ne-Tal | Eagle Valais\",\"isPartOf\":{\"@id\":\"https:\/\/eaglevalais.ch\/de\/#website\"},\"primaryImageOfPage\":{\"@id\":\"https:\/\/eaglevalais.ch\/de\/panoramafluege\/das-noerdliche-rhone-tal\/#primaryimage\"},\"image\":{\"@id\":\"https:\/\/eaglevalais.ch\/de\/panoramafluege\/das-noerdliche-rhone-tal\/#primaryimage\"},\"thumbnailUrl\":\"https:\/\/eaglevalais.ch\/wp-content\/uploads\/2024\/03\/vallee_rhone.webp\",\"datePublished\":\"2024-03-19T10:15:45+00:00\",\"dateModified\":\"2025-06-27T14:03:55+00:00\",\"description\":\"Entdecken Sie die atemberaubenden Panoramen des n\u00f6rdlichen Rh\u00f4netals auf unserem Hubschrauberrundflug. Buchen Sie jetzt!\",\"breadcrumb\":{\"@id\":\"https:\/\/eaglevalais.ch\/de\/panoramafluege\/das-noerdliche-rhone-tal\/#breadcrumb\"},\"inLanguage\":\"de\",\"potentialAction\":[{\"@type\":\"ReadAction\",\"target\":[\"https:\/\/eaglevalais.ch\/de\/panoramafluege\/das-noerdliche-rhone-tal\/\"]}]},{\"@type\":\"ImageObject\",\"inLanguage\":\"de\",\"@id\":\"https:\/\/eaglevalais.ch\/de\/panoramafluege\/das-noerdliche-rhone-tal\/#primaryimage\",\"url\":\"https:\/\/eaglevalais.ch\/wp-content\/uploads\/2024\/03\/vallee_rhone.webp\",\"contentUrl\":\"https:\/\/eaglevalais.ch\/wp-content\/uploads\/2024\/03\/vallee_rhone.webp\",\"width\":1600,\"height\":675,\"caption\":\"Le Nord de la vall\u00e9e du rh\u00f4ne en h\u00e9licopt\u00e8re\"},{\"@type\":\"BreadcrumbList\",\"@id\":\"https:\/\/eaglevalais.ch\/de\/panoramafluege\/das-noerdliche-rhone-tal\/#breadcrumb\",\"itemListElement\":[{\"@type\":\"ListItem\",\"position\":1,\"name\":\"Accueil\",\"item\":\"https:\/\/eaglevalais.ch\/de\/\"},{\"@type\":\"ListItem\",\"position\":2,\"name\":\"Panoramafl\u00fcge\",\"item\":\"https:\/\/eaglevalais.ch\/de\/panoramafluege\/\"},{\"@type\":\"ListItem\",\"position\":3,\"name\":\"Das n\u00f6rdliche Rh\u00f4ne-Tal\"}]},{\"@type\":\"WebSite\",\"@id\":\"https:\/\/eaglevalais.ch\/de\/#website\",\"url\":\"https:\/\/eaglevalais.ch\/de\/\",\"name\":\"Eagle Valais\",\"description\":\"Les sp\u00e9cialistes du transport et du travail a\u00e9rien.\",\"publisher\":{\"@id\":\"https:\/\/eaglevalais.ch\/de\/#organization\"},\"potentialAction\":[{\"@type\":\"SearchAction\",\"target\":{\"@type\":\"EntryPoint\",\"urlTemplate\":\"https:\/\/eaglevalais.ch\/de\/?s={search_term_string}\"},\"query-input\":{\"@type\":\"PropertyValueSpecification\",\"valueRequired\":true,\"valueName\":\"search_term_string\"}}],\"inLanguage\":\"de\"},{\"@type\":\"Organization\",\"@id\":\"https:\/\/eaglevalais.ch\/de\/#organization\",\"name\":\"Eagle Valais\",\"url\":\"https:\/\/eaglevalais.ch\/de\/\",\"logo\":{\"@type\":\"ImageObject\",\"inLanguage\":\"de\",\"@id\":\"https:\/\/eaglevalais.ch\/de\/#\/schema\/logo\/image\/\",\"url\":\"https:\/\/eaglevalais.ch\/wp-content\/uploads\/2024\/03\/cropped-cropped-eagle_logo_Valais-OFFICIAL_2017_173x93.png\",\"contentUrl\":\"https:\/\/eaglevalais.ch\/wp-content\/uploads\/2024\/03\/cropped-cropped-eagle_logo_Valais-OFFICIAL_2017_173x93.png\",\"width\":718,\"height\":384,\"caption\":\"Eagle Valais\"},\"image\":{\"@id\":\"https:\/\/eaglevalais.ch\/de\/#\/schema\/logo\/image\/\"},\"sameAs\":[\"https:\/\/www.facebook.com\/profile.php?id=100058790670238\",\"https:\/\/www.instagram.com\/eagle_valais\/\"]}]}<\/script>\n<!-- \/ Yoast SEO plugin. -->","yoast_head_json":{"title":"Das n\u00f6rdliche Rh\u00f4ne-Tal | Eagle Valais","description":"Entdecken Sie die atemberaubenden Panoramen des n\u00f6rdlichen Rh\u00f4netals auf unserem Hubschrauberrundflug. Buchen Sie jetzt!","robots":{"index":"index","follow":"follow","max-snippet":"max-snippet:-1","max-image-preview":"max-image-preview:large","max-video-preview":"max-video-preview:-1"},"canonical":"https:\/\/eaglevalais.ch\/de\/panoramafluege\/das-noerdliche-rhone-tal\/","og_locale":"de_DE","og_type":"article","og_title":"Das n\u00f6rdliche Rh\u00f4ne-Tal | Eagle Valais","og_description":"Entdecken Sie die atemberaubenden Panoramen des n\u00f6rdlichen Rh\u00f4netals auf unserem Hubschrauberrundflug. Buchen Sie jetzt!","og_url":"https:\/\/eaglevalais.ch\/de\/panoramafluege\/das-noerdliche-rhone-tal\/","og_site_name":"Eagle Valais","article_publisher":"https:\/\/www.facebook.com\/profile.php?id=100058790670238","article_modified_time":"2025-06-27T14:03:55+00:00","og_image":[{"width":1600,"height":675,"url":"https:\/\/eaglevalais.ch\/wp-content\/uploads\/2024\/03\/vallee_rhone.webp","type":"image\/webp"}],"twitter_card":"summary_large_image","twitter_misc":{"Gesch\u00e4tzte Lesezeit":"3\u00a0Minuten"},"schema":{"@context":"https:\/\/schema.org","@graph":[{"@type":"WebPage","@id":"https:\/\/eaglevalais.ch\/de\/panoramafluege\/das-noerdliche-rhone-tal\/","url":"https:\/\/eaglevalais.ch\/de\/panoramafluege\/das-noerdliche-rhone-tal\/","name":"Das n\u00f6rdliche Rh\u00f4ne-Tal | Eagle Valais","isPartOf":{"@id":"https:\/\/eaglevalais.ch\/de\/#website"},"primaryImageOfPage":{"@id":"https:\/\/eaglevalais.ch\/de\/panoramafluege\/das-noerdliche-rhone-tal\/#primaryimage"},"image":{"@id":"https:\/\/eaglevalais.ch\/de\/panoramafluege\/das-noerdliche-rhone-tal\/#primaryimage"},"thumbnailUrl":"https:\/\/eaglevalais.ch\/wp-content\/uploads\/2024\/03\/vallee_rhone.webp","datePublished":"2024-03-19T10:15:45+00:00","dateModified":"2025-06-27T14:03:55+00:00","description":"Entdecken Sie die atemberaubenden Panoramen des n\u00f6rdlichen Rh\u00f4netals auf unserem Hubschrauberrundflug. Buchen Sie jetzt!","breadcrumb":{"@id":"https:\/\/eaglevalais.ch\/de\/panoramafluege\/das-noerdliche-rhone-tal\/#breadcrumb"},"inLanguage":"de","potentialAction":[{"@type":"ReadAction","target":["https:\/\/eaglevalais.ch\/de\/panoramafluege\/das-noerdliche-rhone-tal\/"]}]},{"@type":"ImageObject","inLanguage":"de","@id":"https:\/\/eaglevalais.ch\/de\/panoramafluege\/das-noerdliche-rhone-tal\/#primaryimage","url":"https:\/\/eaglevalais.ch\/wp-content\/uploads\/2024\/03\/vallee_rhone.webp","contentUrl":"https:\/\/eaglevalais.ch\/wp-content\/uploads\/2024\/03\/vallee_rhone.webp","width":1600,"height":675,"caption":"Le Nord de la vall\u00e9e du rh\u00f4ne en h\u00e9licopt\u00e8re"},{"@type":"BreadcrumbList","@id":"https:\/\/eaglevalais.ch\/de\/panoramafluege\/das-noerdliche-rhone-tal\/#breadcrumb","itemListElement":[{"@type":"ListItem","position":1,"name":"Accueil","item":"https:\/\/eaglevalais.ch\/de\/"},{"@type":"ListItem","position":2,"name":"Panoramafl\u00fcge","item":"https:\/\/eaglevalais.ch\/de\/panoramafluege\/"},{"@type":"ListItem","position":3,"name":"Das n\u00f6rdliche Rh\u00f4ne-Tal"}]},{"@type":"WebSite","@id":"https:\/\/eaglevalais.ch\/de\/#website","url":"https:\/\/eaglevalais.ch\/de\/","name":"Eagle Valais","description":"Les sp\u00e9cialistes du transport et du travail a\u00e9rien.","publisher":{"@id":"https:\/\/eaglevalais.ch\/de\/#organization"},"potentialAction":[{"@type":"SearchAction","target":{"@type":"EntryPoint","urlTemplate":"https:\/\/eaglevalais.ch\/de\/?s={search_term_string}"},"query-input":{"@type":"PropertyValueSpecification","valueRequired":true,"valueName":"search_term_string"}}],"inLanguage":"de"},{"@type":"Organization","@id":"https:\/\/eaglevalais.ch\/de\/#organization","name":"Eagle Valais","url":"https:\/\/eaglevalais.ch\/de\/","logo":{"@type":"ImageObject","inLanguage":"de","@id":"https:\/\/eaglevalais.ch\/de\/#\/schema\/logo\/image\/","url":"https:\/\/eaglevalais.ch\/wp-content\/uploads\/2024\/03\/cropped-cropped-eagle_logo_Valais-OFFICIAL_2017_173x93.png","contentUrl":"https:\/\/eaglevalais.ch\/wp-content\/uploads\/2024\/03\/cropped-cropped-eagle_logo_Valais-OFFICIAL_2017_173x93.png","width":718,"height":384,"caption":"Eagle Valais"},"image":{"@id":"https:\/\/eaglevalais.ch\/de\/#\/schema\/logo\/image\/"},"sameAs":["https:\/\/www.facebook.com\/profile.php?id=100058790670238","https:\/\/www.instagram.com\/eagle_valais\/"]}]}},"_links":{"self":[{"href":"https:\/\/eaglevalais.ch\/de\/wp-json\/wp\/v2\/pages\/6146","targetHints":{"allow":["GET"]}}],"collection":[{"href":"https:\/\/eaglevalais.ch\/de\/wp-json\/wp\/v2\/pages"}],"about":[{"href":"https:\/\/eaglevalais.ch\/de\/wp-json\/wp\/v2\/types\/page"}],"author":[{"embeddable":true,"href":"https:\/\/eaglevalais.ch\/de\/wp-json\/wp\/v2\/users\/2"}],"replies":[{"embeddable":true,"href":"https:\/\/eaglevalais.ch\/de\/wp-json\/wp\/v2\/comments?post=6146"}],"version-history":[{"count":5,"href":"https:\/\/eaglevalais.ch\/de\/wp-json\/wp\/v2\/pages\/6146\/revisions"}],"predecessor-version":[{"id":6388,"href":"https:\/\/eaglevalais.ch\/de\/wp-json\/wp\/v2\/pages\/6146\/revisions\/6388"}],"up":[{"embeddable":true,"href":"https:\/\/eaglevalais.ch\/de\/wp-json\/wp\/v2\/pages\/6120"}],"wp:featuredmedia":[{"embeddable":true,"href":"https:\/\/eaglevalais.ch\/de\/wp-json\/wp\/v2\/media\/4996"}],"wp:attachment":[{"href":"https:\/\/eaglevalais.ch\/de\/wp-json\/wp\/v2\/media?parent=6146"}],"curies":[{"name":"wp","href":"https:\/\/api.w.org\/{rel}","templated":true}]}}