{"id":6129,"date":"2024-03-19T11:15:58","date_gmt":"2024-03-19T10:15:58","guid":{"rendered":"https:\/\/eaglevalais.ch\/panoramafluege\/tour-des-combins\/"},"modified":"2025-06-27T16:02:11","modified_gmt":"2025-06-27T14:02:11","slug":"tour-des-combins","status":"publish","type":"page","link":"https:\/\/eaglevalais.ch\/de\/panoramafluege\/tour-des-combins\/","title":{"rendered":"Combin-Turm"},"content":{"rendered":"\t\t<div data-elementor-type=\"wp-page\" data-elementor-id=\"6129\" class=\"elementor elementor-6129 elementor-2593\">\n\t\t\t\t<div class=\"elementor-element elementor-element-fc13214 e-con-full e-flex e-con e-parent\" data-id=\"fc13214\" data-element_type=\"container\" data-e-type=\"container\">\n\t\t<div class=\"elementor-element elementor-element-ae64f69 e-con-full e-flex e-con e-child\" data-id=\"ae64f69\" data-element_type=\"container\" data-e-type=\"container\" data-settings=\"{&quot;background_background&quot;:&quot;slideshow&quot;,&quot;background_slideshow_gallery&quot;:[{&quot;id&quot;:2783,&quot;url&quot;:&quot;https:\\\/\\\/new.eaglevalais.ch\\\/wp-content\\\/uploads\\\/2024\\\/03\\\/combins_1.webp&quot;}],&quot;background_slideshow_slide_duration&quot;:5000,&quot;background_slideshow_slide_transition&quot;:&quot;fade&quot;,&quot;background_slideshow_transition_duration&quot;:500}\">\n\t\t\t\t<div class=\"elementor-element elementor-element-8e2ae7b elementor-widget elementor-widget-spacer\" data-id=\"8e2ae7b\" data-element_type=\"widget\" data-e-type=\"widget\" data-widget_type=\"spacer.default\">\n\t\t\t\t<div class=\"elementor-widget-container\">\n\t\t\t\t\t\t\t<div class=\"elementor-spacer\">\n\t\t\t<div class=\"elementor-spacer-inner\"><\/div>\n\t\t<\/div>\n\t\t\t\t\t\t<\/div>\n\t\t\t\t<\/div>\n\t\t\t\t<div class=\"elementor-element elementor-element-186e227 elementor-widget__width-auto elementor-invisible elementor-widget elementor-widget-heading\" data-id=\"186e227\" data-element_type=\"widget\" data-e-type=\"widget\" data-settings=\"{&quot;_animation&quot;:&quot;fadeIn&quot;}\" data-widget_type=\"heading.default\">\n\t\t\t\t<div class=\"elementor-widget-container\">\n\t\t\t\t\t<h1 class=\"elementor-heading-title elementor-size-default\">Combin-Turm<\/h1>\t\t\t\t<\/div>\n\t\t\t\t<\/div>\n\t\t\t\t<\/div>\n\t\t\t\t<\/div>\n\t\t<div class=\"elementor-element elementor-element-09d42ea e-con-full e-flex e-con e-parent\" data-id=\"09d42ea\" data-element_type=\"container\" data-e-type=\"container\">\n\t\t\t\t<div class=\"elementor-element elementor-element-fd4fc16 elementor-widget elementor-widget-heading\" data-id=\"fd4fc16\" data-element_type=\"widget\" data-e-type=\"widget\" data-widget_type=\"heading.default\">\n\t\t\t\t<div class=\"elementor-widget-container\">\n\t\t\t\t\t<h2 class=\"elementor-heading-title elementor-size-default\">Rundflug \u00fcber die Combins 20 Min.  <\/h2>\t\t\t\t<\/div>\n\t\t\t\t<\/div>\n\t\t\t\t<div class=\"elementor-element elementor-element-c8afa87 elementor-widget-divider--view-line elementor-widget elementor-widget-divider\" data-id=\"c8afa87\" data-element_type=\"widget\" data-e-type=\"widget\" data-widget_type=\"divider.default\">\n\t\t\t\t<div class=\"elementor-widget-container\">\n\t\t\t\t\t\t\t<div class=\"elementor-divider\">\n\t\t\t<span class=\"elementor-divider-separator\">\n\t\t\t\t\t\t<\/span>\n\t\t<\/div>\n\t\t\t\t\t\t<\/div>\n\t\t\t\t<\/div>\n\t\t\t\t<div class=\"elementor-element elementor-element-95790f4 elementor-widget-divider--view-line elementor-widget elementor-widget-divider\" data-id=\"95790f4\" data-element_type=\"widget\" data-e-type=\"widget\" data-widget_type=\"divider.default\">\n\t\t\t\t<div class=\"elementor-widget-container\">\n\t\t\t\t\t\t\t<div class=\"elementor-divider\">\n\t\t\t<span class=\"elementor-divider-separator\">\n\t\t\t\t\t\t<\/span>\n\t\t<\/div>\n\t\t\t\t\t\t<\/div>\n\t\t\t\t<\/div>\n\t\t\t\t<\/div>\n\t\t<div class=\"elementor-element elementor-element-fb5d70f e-con-full e-flex e-con e-parent\" data-id=\"fb5d70f\" data-element_type=\"container\" data-e-type=\"container\">\n\t\t<div class=\"elementor-element elementor-element-817a04d e-con-full e-flex e-con e-child\" data-id=\"817a04d\" data-element_type=\"container\" data-e-type=\"container\">\n\t\t\t\t<div class=\"elementor-element elementor-element-68c97fc elementor-widget elementor-widget-heading\" data-id=\"68c97fc\" data-element_type=\"widget\" data-e-type=\"widget\" data-widget_type=\"heading.default\">\n\t\t\t\t<div class=\"elementor-widget-container\">\n\t\t\t\t\t<h3 class=\"elementor-heading-title elementor-size-default\">Zusammenfassung<\/h3>\t\t\t\t<\/div>\n\t\t\t\t<\/div>\n\t\t\t\t<div class=\"elementor-element elementor-element-a61559b elementor-widget-divider--view-line elementor-widget elementor-widget-divider\" data-id=\"a61559b\" data-element_type=\"widget\" data-e-type=\"widget\" data-widget_type=\"divider.default\">\n\t\t\t\t<div class=\"elementor-widget-container\">\n\t\t\t\t\t\t\t<div class=\"elementor-divider\">\n\t\t\t<span class=\"elementor-divider-separator\">\n\t\t\t\t\t\t<\/span>\n\t\t<\/div>\n\t\t\t\t\t\t<\/div>\n\t\t\t\t<\/div>\n\t\t\t\t<div class=\"elementor-element elementor-element-9e45f3c elementor-widget elementor-widget-text-editor\" data-id=\"9e45f3c\" data-element_type=\"widget\" data-e-type=\"widget\" data-widget_type=\"text-editor.default\">\n\t\t\t\t<div class=\"elementor-widget-container\">\n\t\t\t\t\t\t\t\t\t<p>Tauchen Sie ein in die Erhabenheit der <b>majest\u00e4tischen Gipfel der Combins<\/b> mit unserem Hubschrauberrundflug ab <b>Sion.<\/b><\/p><p>F\u00fcr Einzelheiten zur Organisation des Fluges und Antworten auf Ihre Fragen wenden Sie sich bitte an uns.<\/p><p>Bitte beachten Sie, dass Fl\u00fcge \u00fcber die Schweizer Alpen zwingenden Wetterbedingungen unterliegen.  <\/p><p>Wenn Sie sich nur f\u00fcr kurze Zeit in der Region aufhalten, empfehlen wir Ihnen dringend, unsere Operationsabteilung unter<b>[+41 027 327 30 60<\/b>] zu kontaktieren, um detaillierte Informationen \u00fcber die Durchf\u00fchrbarkeit des Fluges zu erhalten.<\/p><p>Route: Sion &#8211; Combin-Turm<\/p>\t\t\t\t\t\t\t\t<\/div>\n\t\t\t\t<\/div>\n\t\t<div class=\"elementor-element elementor-element-72d24b5 e-con-full e-flex e-con e-child\" data-id=\"72d24b5\" data-element_type=\"container\" data-e-type=\"container\">\n\t\t<div class=\"elementor-element elementor-element-4267e64 e-con-full e-flex e-con e-child\" data-id=\"4267e64\" data-element_type=\"container\" data-e-type=\"container\">\n\t\t\t\t<div class=\"elementor-element elementor-element-80a1036 elementor-align-left elementor-widget elementor-widget-button\" data-id=\"80a1036\" data-element_type=\"widget\" data-e-type=\"widget\" data-widget_type=\"button.default\">\n\t\t\t\t<div class=\"elementor-widget-container\">\n\t\t\t\t\t\t\t\t\t<div class=\"elementor-button-wrapper\">\n\t\t\t\t\t<a class=\"elementor-button elementor-button-link elementor-size-sm\" href=\"https:\/\/eaglevalais.ch\/wp-content\/uploads\/2025\/06\/Brochure-vols-panoramiques-2025.pdf\" download=\"\">\n\t\t\t\t\t\t<span class=\"elementor-button-content-wrapper\">\n\t\t\t\t\t\t\t\t\t<span class=\"elementor-button-text\">Laden Sie unsere Brosch\u00fcre herunter  <\/span>\n\t\t\t\t\t<\/span>\n\t\t\t\t\t<\/a>\n\t\t\t\t<\/div>\n\t\t\t\t\t\t\t\t<\/div>\n\t\t\t\t<\/div>\n\t\t\t\t<\/div>\n\t\t<div class=\"elementor-element elementor-element-c560260 e-con-full e-flex e-con e-child\" data-id=\"c560260\" data-element_type=\"container\" data-e-type=\"container\">\n\t\t\t\t<div class=\"elementor-element elementor-element-0751f88 elementor-align-left elementor-button-info elementor-widget elementor-widget-button\" data-id=\"0751f88\" data-element_type=\"widget\" data-e-type=\"widget\" data-widget_type=\"button.default\">\n\t\t\t\t<div class=\"elementor-widget-container\">\n\t\t\t\t\t\t\t\t\t<div class=\"elementor-button-wrapper\">\n\t\t\t\t\t<a class=\"elementor-button elementor-button-link elementor-size-md\" href=\"https:\/\/ch.heligo.aero\/en\/sion\/143-139-le-grand-combin-depuis-sion-vol-privatif-pour-1-a-5-personnes.html#\/46-contact_base-sion_chemin_lambien_6_41_27_327_30_60_opseaglevalaisch\">\n\t\t\t\t\t\t<span class=\"elementor-button-content-wrapper\">\n\t\t\t\t\t\t\t\t\t<span class=\"elementor-button-text\">Buchen Sie<\/span>\n\t\t\t\t\t<\/span>\n\t\t\t\t\t<\/a>\n\t\t\t\t<\/div>\n\t\t\t\t\t\t\t\t<\/div>\n\t\t\t\t<\/div>\n\t\t\t\t<\/div>\n\t\t\t\t<\/div>\n\t\t\t\t<\/div>\n\t\t<div class=\"elementor-element elementor-element-bdfab6e e-con-full e-flex e-con e-child\" data-id=\"bdfab6e\" data-element_type=\"container\" data-e-type=\"container\">\n\t\t<div class=\"elementor-element elementor-element-38787ee e-flex e-con-boxed e-con e-child\" data-id=\"38787ee\" data-element_type=\"container\" data-e-type=\"container\">\n\t\t\t\t\t<div class=\"e-con-inner\">\n\t\t<div class=\"elementor-element elementor-element-44a51d5 e-con-full e-flex e-con e-child\" data-id=\"44a51d5\" data-element_type=\"container\" data-e-type=\"container\">\n\t\t\t\t<div class=\"elementor-element elementor-element-86bdcff elementor-widget elementor-widget-image\" data-id=\"86bdcff\" data-element_type=\"widget\" data-e-type=\"widget\" data-widget_type=\"image.default\">\n\t\t\t\t<div class=\"elementor-widget-container\">\n\t\t\t\t\t\t\t\t\t\t\t\t\t\t\t<img fetchpriority=\"high\" decoding=\"async\" width=\"768\" height=\"1024\" src=\"https:\/\/eaglevalais.ch\/wp-content\/uploads\/2024\/05\/Vol-panoramique2-768x1024.webp\" class=\"attachment-medium_large size-medium_large wp-image-5062\" alt=\"\" srcset=\"https:\/\/eaglevalais.ch\/wp-content\/uploads\/2024\/05\/Vol-panoramique2-768x1024.webp 768w, https:\/\/eaglevalais.ch\/wp-content\/uploads\/2024\/05\/Vol-panoramique2-225x300.webp 225w, https:\/\/eaglevalais.ch\/wp-content\/uploads\/2024\/05\/Vol-panoramique2-1152x1536.webp 1152w, https:\/\/eaglevalais.ch\/wp-content\/uploads\/2024\/05\/Vol-panoramique2-1536x2048.webp 1536w, https:\/\/eaglevalais.ch\/wp-content\/uploads\/2024\/05\/Vol-panoramique2-scaled.webp 1920w\" sizes=\"(max-width: 768px) 100vw, 768px\" \/>\t\t\t\t\t\t\t\t\t\t\t\t\t\t\t<\/div>\n\t\t\t\t<\/div>\n\t\t\t\t<\/div>\n\t\t<div class=\"elementor-element elementor-element-45557f0 e-con-full e-flex e-con e-child\" data-id=\"45557f0\" data-element_type=\"container\" data-e-type=\"container\">\n\t\t\t\t<div class=\"elementor-element elementor-element-0925a79 elementor-widget elementor-widget-image\" data-id=\"0925a79\" data-element_type=\"widget\" data-e-type=\"widget\" data-widget_type=\"image.default\">\n\t\t\t\t<div class=\"elementor-widget-container\">\n\t\t\t\t\t\t\t\t\t\t\t\t\t\t\t<img decoding=\"async\" width=\"768\" height=\"1024\" src=\"https:\/\/eaglevalais.ch\/wp-content\/uploads\/2024\/05\/Vol-panoramique-768x1024.webp\" class=\"attachment-large size-large wp-image-5060\" alt=\"\" srcset=\"https:\/\/eaglevalais.ch\/wp-content\/uploads\/2024\/05\/Vol-panoramique-768x1024.webp 768w, https:\/\/eaglevalais.ch\/wp-content\/uploads\/2024\/05\/Vol-panoramique-225x300.webp 225w, https:\/\/eaglevalais.ch\/wp-content\/uploads\/2024\/05\/Vol-panoramique-1152x1536.webp 1152w, https:\/\/eaglevalais.ch\/wp-content\/uploads\/2024\/05\/Vol-panoramique-1536x2048.webp 1536w, https:\/\/eaglevalais.ch\/wp-content\/uploads\/2024\/05\/Vol-panoramique-scaled.webp 1920w\" sizes=\"(max-width: 768px) 100vw, 768px\" \/>\t\t\t\t\t\t\t\t\t\t\t\t\t\t\t<\/div>\n\t\t\t\t<\/div>\n\t\t\t\t<\/div>\n\t\t<div class=\"elementor-element elementor-element-44a6181 e-con-full elementor-hidden-mobile e-flex e-con e-child\" data-id=\"44a6181\" data-element_type=\"container\" data-e-type=\"container\">\n\t\t\t\t<\/div>\n\t\t<div class=\"elementor-element elementor-element-87e7464 e-con-full elementor-hidden-mobile e-flex e-con e-child\" data-id=\"87e7464\" data-element_type=\"container\" data-e-type=\"container\">\n\t\t\t\t<\/div>\n\t\t\t\t\t<\/div>\n\t\t\t\t<\/div>\n\t\t\t\t<\/div>\n\t\t\t\t<\/div>\n\t\t<div class=\"elementor-element elementor-element-b54b6b3 e-con-full e-flex e-con e-parent\" data-id=\"b54b6b3\" data-element_type=\"container\" data-e-type=\"container\">\n\t\t\t\t<div class=\"elementor-element elementor-element-825b562 elementor-widget elementor-widget-toggle\" data-id=\"825b562\" data-element_type=\"widget\" data-e-type=\"widget\" data-widget_type=\"toggle.default\">\n\t\t\t\t<div class=\"elementor-widget-container\">\n\t\t\t\t\t\t\t<div class=\"elementor-toggle\">\n\t\t\t\t\t\t\t<div class=\"elementor-toggle-item\">\n\t\t\t\t\t<h4 id=\"elementor-tab-title-1361\" class=\"elementor-tab-title\" data-tab=\"1\" role=\"button\" aria-controls=\"elementor-tab-content-1361\" aria-expanded=\"false\">\n\t\t\t\t\t\t\t\t\t\t\t\t<span class=\"elementor-toggle-icon elementor-toggle-icon-left\" aria-hidden=\"true\">\n\t\t\t\t\t\t\t\t\t\t\t\t\t\t\t<span class=\"elementor-toggle-icon-closed\"><svg class=\"e-font-icon-svg e-fas-caret-right\" viewBox=\"0 0 192 512\" xmlns=\"http:\/\/www.w3.org\/2000\/svg\"><path d=\"M0 384.662V127.338c0-17.818 21.543-26.741 34.142-14.142l128.662 128.662c7.81 7.81 7.81 20.474 0 28.284L34.142 398.804C21.543 411.404 0 402.48 0 384.662z\"><\/path><\/svg><\/span>\n\t\t\t\t\t\t\t\t<span class=\"elementor-toggle-icon-opened\"><svg class=\"elementor-toggle-icon-opened e-font-icon-svg e-fas-caret-up\" viewBox=\"0 0 320 512\" xmlns=\"http:\/\/www.w3.org\/2000\/svg\"><path d=\"M288.662 352H31.338c-17.818 0-26.741-21.543-14.142-34.142l128.662-128.662c7.81-7.81 20.474-7.81 28.284 0l128.662 128.662c12.6 12.599 3.676 34.142-14.142 34.142z\"><\/path><\/svg><\/span>\n\t\t\t\t\t\t\t\t\t\t\t\t\t<\/span>\n\t\t\t\t\t\t\t\t\t\t\t\t<a class=\"elementor-toggle-title\" tabindex=\"0\">Detaillierte Beschreibung des Fluges<\/a>\n\t\t\t\t\t<\/h4>\n\n\t\t\t\t\t<div id=\"elementor-tab-content-1361\" class=\"elementor-tab-content elementor-clearfix\" data-tab=\"1\" role=\"region\" aria-labelledby=\"elementor-tab-title-1361\"><p>Lassen Sie sich von der spektakul\u00e4ren Aussicht auf die beeindruckenden Bergk\u00e4mme und die glitzernden Gletscher, die diese ikonische Bergkette charakterisieren, beeindrucken.<\/p>\n<p>W\u00e4hrend dieses 20-min\u00fctigen Erlebnisses fliegen Sie \u00fcber die Combins und haben von einer privilegierten geographischen Position aus eine einzigartige Perspektive auf diese Alpengiganten.<\/p>\n<p>Unser Team von erfahrenen Piloten wird Sie durch tiefe T\u00e4ler und \u00fcber imposante Gipfel f\u00fchren und Ihnen informative Kommentare \u00fcber die Region und ihre Naturwunder geben. Nutzen Sie die Gelegenheit, um atemberaubende Fotos und unvergessliche Erinnerungen an dieses Flugabenteuer festzuhalten. Nachdem wir die Gipfel der Combins erkundet haben, kehren wir nach Sion zur\u00fcck.  <\/p>\n<p>Buchen Sie jetzt Ihren Rundflug f\u00fcr ein eindringliches Erlebnis inmitten einer der beeindruckendsten Bergketten der Schweiz.<\/p>\n<p>Lassen Sie sich von der rauen Sch\u00f6nheit und Erhabenheit der Combins bei diesem einzigartigen Flugerlebnis mitrei\u00dfen.  <\/p>\n<\/div>\n\t\t\t\t<\/div>\n\t\t\t\t\t\t\t\t<\/div>\n\t\t\t\t\t\t<\/div>\n\t\t\t\t<\/div>\n\t\t\t\t<\/div>\n\t\t<div class=\"elementor-element elementor-element-aff732c e-con-full e-flex e-con e-parent\" data-id=\"aff732c\" data-element_type=\"container\" data-e-type=\"container\">\n\t\t<div class=\"elementor-element elementor-element-9f142e9 e-flex e-con-boxed e-con e-child\" data-id=\"9f142e9\" data-element_type=\"container\" data-e-type=\"container\">\n\t\t\t\t\t<div class=\"e-con-inner\">\n\t\t\t\t<div class=\"elementor-element elementor-element-457a26e elementor-widget elementor-widget-heading\" data-id=\"457a26e\" data-element_type=\"widget\" data-e-type=\"widget\" data-widget_type=\"heading.default\">\n\t\t\t\t<div class=\"elementor-widget-container\">\n\t\t\t\t\t<h2 class=\"elementor-heading-title elementor-size-default\">Andere Fl\u00fcge  <\/h2>\t\t\t\t<\/div>\n\t\t\t\t<\/div>\n\t\t\t\t<div class=\"elementor-element elementor-element-22e255f elementor-widget elementor-widget-heading\" data-id=\"22e255f\" data-element_type=\"widget\" data-e-type=\"widget\" data-widget_type=\"heading.default\">\n\t\t\t\t<div class=\"elementor-widget-container\">\n\t\t\t\t\t<p class=\"elementor-heading-title elementor-size-default\">Entdecken Sie unsere Fl\u00fcge ab der Basis Sion<\/p>\t\t\t\t<\/div>\n\t\t\t\t<\/div>\n\t\t\t\t\t<\/div>\n\t\t\t\t<\/div>\n\t\t\t\t<\/div>\n\t\t<div class=\"elementor-element elementor-element-3ee4f97 e-con-full e-flex e-con e-parent\" data-id=\"3ee4f97\" data-element_type=\"container\" data-e-type=\"container\">\n\t\t\t\t<div class=\"elementor-element elementor-element-de4b008 elementor-grid-eael-col-4 elementor-grid-tablet-eael-col-2 elementor-grid-mobile-eael-col-1 elementor-widget elementor-widget-eael-post-grid\" data-id=\"de4b008\" data-element_type=\"widget\" data-e-type=\"widget\" data-settings=\"{&quot;eael_post_grid_columns&quot;:&quot;eael-col-4&quot;,&quot;eael_post_grid_columns_tablet&quot;:&quot;eael-col-2&quot;,&quot;eael_post_grid_columns_mobile&quot;:&quot;eael-col-1&quot;}\" data-widget_type=\"eael-post-grid.default\">\n\t\t\t\t<div class=\"elementor-widget-container\">\n\t\t\t\t\t<div id=\"eael-post-grid-de4b008\" class=\"eael-post-grid-container\">\n            <div class=\"eael-post-grid eael-post-appender eael-post-appender-de4b008 eael-post-grid-style-one\" data-layout-mode=\"grid\"><article class=\"eael-grid-post  eael-post-grid-column eael-pg-post-6129\" data-id=\"6129\">\n        <div class=\"eael-grid-post-holder\">\n            <div class=\"eael-grid-post-holder-inner\"><div class=\"eael-entry-media\"><div class=\"eael-entry-overlay fade-in\"><i class=\"fas fa-long-arrow-alt-right\" aria-hidden=\"true\"><\/i><a href=\"https:\/\/eaglevalais.ch\/de\/panoramafluege\/tour-des-combins\/\"><\/a><\/div><div class=\"eael-entry-thumbnail eael-image-ratio\">\n                <img decoding=\"async\" width=\"300\" height=\"129\" src=\"https:\/\/eaglevalais.ch\/wp-content\/uploads\/2024\/03\/combins_1-300x129.webp\" class=\"attachment-medium size-medium wp-image-4998\" alt=\"\" srcset=\"https:\/\/eaglevalais.ch\/wp-content\/uploads\/2024\/03\/combins_1-300x129.webp 300w, https:\/\/eaglevalais.ch\/wp-content\/uploads\/2024\/03\/combins_1-1024x439.webp 1024w, https:\/\/eaglevalais.ch\/wp-content\/uploads\/2024\/03\/combins_1-768x329.webp 768w, https:\/\/eaglevalais.ch\/wp-content\/uploads\/2024\/03\/combins_1-1536x659.webp 1536w, https:\/\/eaglevalais.ch\/wp-content\/uploads\/2024\/03\/combins_1.webp 1600w\" sizes=\"(max-width: 300px) 100vw, 300px\" \/>\n            <\/div>\n        <\/div><div class=\"eael-entry-wrapper\"><header class=\"eael-entry-header\"><p class=\"eael-entry-title\"><a class=\"eael-grid-post-link\" href=\"https:\/\/eaglevalais.ch\/de\/panoramafluege\/tour-des-combins\/\" title=\"Combin-Turm\">Combin-Turm<\/a><\/p><\/header><\/div><\/div>\n        <\/div>\n    <\/article><article class=\"eael-grid-post  eael-post-grid-column eael-pg-post-6126\" data-id=\"6126\">\n        <div class=\"eael-grid-post-holder\">\n            <div class=\"eael-grid-post-holder-inner\"><div class=\"eael-entry-media\"><div class=\"eael-entry-overlay fade-in\"><i class=\"fas fa-long-arrow-alt-right\" aria-hidden=\"true\"><\/i><a href=\"https:\/\/eaglevalais.ch\/de\/panoramafluege\/tour-durch-die-walliser-alpen\/\"><\/a><\/div><div class=\"eael-entry-thumbnail eael-image-ratio\">\n                <img loading=\"lazy\" decoding=\"async\" width=\"300\" height=\"130\" src=\"https:\/\/eaglevalais.ch\/wp-content\/uploads\/2024\/03\/tour_alpes_valaisannes_1-300x130.webp\" class=\"attachment-medium size-medium wp-image-5006\" alt=\"\" srcset=\"https:\/\/eaglevalais.ch\/wp-content\/uploads\/2024\/03\/tour_alpes_valaisannes_1-300x130.webp 300w, https:\/\/eaglevalais.ch\/wp-content\/uploads\/2024\/03\/tour_alpes_valaisannes_1-1024x443.webp 1024w, https:\/\/eaglevalais.ch\/wp-content\/uploads\/2024\/03\/tour_alpes_valaisannes_1-768x332.webp 768w, https:\/\/eaglevalais.ch\/wp-content\/uploads\/2024\/03\/tour_alpes_valaisannes_1-1536x664.webp 1536w, https:\/\/eaglevalais.ch\/wp-content\/uploads\/2024\/03\/tour_alpes_valaisannes_1-2048x885.webp 2048w\" sizes=\"(max-width: 300px) 100vw, 300px\" \/>\n            <\/div>\n        <\/div><div class=\"eael-entry-wrapper\"><header class=\"eael-entry-header\"><p class=\"eael-entry-title\"><a class=\"eael-grid-post-link\" href=\"https:\/\/eaglevalais.ch\/de\/panoramafluege\/tour-durch-die-walliser-alpen\/\" title=\"Tour durch die Walliser Alpen\">Tour durch die Walliser Alpen<\/a><\/p><\/header><\/div><\/div>\n        <\/div>\n    <\/article><article class=\"eael-grid-post  eael-post-grid-column eael-pg-post-6146\" data-id=\"6146\">\n        <div class=\"eael-grid-post-holder\">\n            <div class=\"eael-grid-post-holder-inner\"><div class=\"eael-entry-media\"><div class=\"eael-entry-overlay fade-in\"><i class=\"fas fa-long-arrow-alt-right\" aria-hidden=\"true\"><\/i><a href=\"https:\/\/eaglevalais.ch\/de\/panoramafluege\/das-noerdliche-rhone-tal\/\"><\/a><\/div><div class=\"eael-entry-thumbnail eael-image-ratio\">\n                <img loading=\"lazy\" decoding=\"async\" width=\"300\" height=\"127\" src=\"https:\/\/eaglevalais.ch\/wp-content\/uploads\/2024\/03\/vallee_rhone-300x127.webp\" class=\"attachment-medium size-medium wp-image-4996\" alt=\"\" srcset=\"https:\/\/eaglevalais.ch\/wp-content\/uploads\/2024\/03\/vallee_rhone-300x127.webp 300w, https:\/\/eaglevalais.ch\/wp-content\/uploads\/2024\/03\/vallee_rhone-1024x432.webp 1024w, https:\/\/eaglevalais.ch\/wp-content\/uploads\/2024\/03\/vallee_rhone-768x324.webp 768w, https:\/\/eaglevalais.ch\/wp-content\/uploads\/2024\/03\/vallee_rhone-1536x648.webp 1536w, https:\/\/eaglevalais.ch\/wp-content\/uploads\/2024\/03\/vallee_rhone.webp 1600w\" sizes=\"(max-width: 300px) 100vw, 300px\" \/>\n            <\/div>\n        <\/div><div class=\"eael-entry-wrapper\"><header class=\"eael-entry-header\"><p class=\"eael-entry-title\"><a class=\"eael-grid-post-link\" href=\"https:\/\/eaglevalais.ch\/de\/panoramafluege\/das-noerdliche-rhone-tal\/\" title=\"Das n\u00f6rdliche Rh\u00f4ne-Tal\">Das n\u00f6rdliche Rh\u00f4ne-Tal<\/a><\/p><\/header><\/div><\/div>\n        <\/div>\n    <\/article><article class=\"eael-grid-post  eael-post-grid-column eael-pg-post-6143\" data-id=\"6143\">\n        <div class=\"eael-grid-post-holder\">\n            <div class=\"eael-grid-post-holder-inner\"><div class=\"eael-entry-media\"><div class=\"eael-entry-overlay fade-in\"><i class=\"fas fa-long-arrow-alt-right\" aria-hidden=\"true\"><\/i><a href=\"https:\/\/eaglevalais.ch\/de\/panoramafluege\/die-gletscherpatrouille\/\"><\/a><\/div><div class=\"eael-entry-thumbnail eael-image-ratio\">\n                <img loading=\"lazy\" decoding=\"async\" width=\"300\" height=\"129\" src=\"https:\/\/eaglevalais.ch\/wp-content\/uploads\/2024\/03\/patrouille_des_glaciers-300x129.webp\" class=\"attachment-medium size-medium wp-image-5004\" alt=\"\" srcset=\"https:\/\/eaglevalais.ch\/wp-content\/uploads\/2024\/03\/patrouille_des_glaciers-300x129.webp 300w, https:\/\/eaglevalais.ch\/wp-content\/uploads\/2024\/03\/patrouille_des_glaciers-1024x439.webp 1024w, https:\/\/eaglevalais.ch\/wp-content\/uploads\/2024\/03\/patrouille_des_glaciers-768x329.webp 768w, https:\/\/eaglevalais.ch\/wp-content\/uploads\/2024\/03\/patrouille_des_glaciers-1536x659.webp 1536w, https:\/\/eaglevalais.ch\/wp-content\/uploads\/2024\/03\/patrouille_des_glaciers.webp 1600w\" sizes=\"(max-width: 300px) 100vw, 300px\" \/>\n            <\/div>\n        <\/div><div class=\"eael-entry-wrapper\"><header class=\"eael-entry-header\"><p class=\"eael-entry-title\"><a class=\"eael-grid-post-link\" href=\"https:\/\/eaglevalais.ch\/de\/panoramafluege\/die-gletscherpatrouille\/\" title=\"La patrouille des Glaciers\">La patrouille des Glaciers<\/a><\/p><\/header><\/div><\/div>\n        <\/div>\n    <\/article><\/div>\n            <div class=\"clearfix\"><\/div>\n        <\/div>            <div class=\"eael-load-more-button-wrap eael-force-hide\">\n                <button class=\"eael-load-more-button\" id=\"eael-load-more-btn-de4b008\" data-widget-id=\"de4b008\" data-widget=\"de4b008\" data-page-id=\"6129\" data-template=\"{&quot;dir&quot;:&quot;lite&quot;,&quot;file_name&quot;:&quot;one.php&quot;,&quot;name&quot;:&quot;Post-Grid&quot;}\" data-class=\"Essential_Addons_Elementor\\Elements\\Post_Grid\" data-layout=\"grid\" data-page=\"1\" data-args=\"orderby=menu_order&amp;order=asc&amp;ignore_sticky_posts=1&amp;post_status=publish&amp;posts_per_page=4&amp;offset=0&amp;post_type=page&amp;post__not_in%5B0%5D=1728&amp;post__not_in%5B1%5D=769&amp;post__not_in%5B2%5D=774&amp;post__not_in%5B3%5D=789&amp;post__not_in%5B4%5D=822&amp;post__not_in%5B5%5D=824&amp;post__not_in%5B6%5D=826&amp;post__not_in%5B7%5D=828&amp;post__not_in%5B8%5D=785&amp;post__not_in%5B9%5D=830&amp;post__not_in%5B10%5D=834&amp;post__not_in%5B11%5D=836&amp;post__not_in%5B12%5D=838&amp;post__not_in%5B13%5D=840&amp;post__not_in%5B14%5D=842&amp;post__not_in%5B15%5D=1351&amp;post__not_in%5B16%5D=844&amp;post__not_in%5B17%5D=1330&amp;post__not_in%5B18%5D=1397&amp;post__not_in%5B19%5D=1424&amp;post__not_in%5B20%5D=1410&amp;post__not_in%5B21%5D=1416&amp;post__not_in%5B22%5D=1380&amp;post__not_in%5B23%5D=1443&amp;post__not_in%5B24%5D=1422&amp;post__not_in%5B25%5D=1389&amp;post__not_in%5B26%5D=1749&amp;post__not_in%5B27%5D=2601&amp;post__not_in%5B28%5D=2630&amp;post__not_in%5B29%5D=2578\" data-max-page=\"2\">\n                    <span class=\"eael-btn-loader button__loader\"><\/span>\n                    <span class=\"eael_load_more_text\">Load More<\/span>\n                <\/button>\n            <\/div>\n            \t\t\t\t<\/div>\n\t\t\t\t<\/div>\n\t\t\t\t<\/div>\n\t\t\t\t<\/div>\n\t\t","protected":false},"excerpt":{"rendered":"<p>Combin-Turm Rundflug \u00fcber die Combins 20 Min. Zusammenfassung Tauchen Sie ein in die Erhabenheit der majest\u00e4tischen Gipfel der Combins mit unserem Hubschrauberrundflug ab Sion. F\u00fcr Einzelheiten zur Organisation des Fluges und Antworten auf Ihre Fragen wenden Sie sich bitte an uns. Bitte beachten Sie, dass Fl\u00fcge \u00fcber die Schweizer Alpen zwingenden Wetterbedingungen unterliegen. Wenn Sie [&hellip;]<\/p>\n","protected":false},"author":2,"featured_media":4998,"parent":6120,"menu_order":0,"comment_status":"closed","ping_status":"closed","template":"elementor_header_footer","meta":{"footnotes":""},"class_list":["post-6129","page","type-page","status-publish","has-post-thumbnail","hentry"],"yoast_head":"<!-- This site is optimized with the Yoast SEO plugin v26.8 - https:\/\/yoast.com\/product\/yoast-seo-wordpress\/ -->\n<title>Combin-Turm | Eagle Valais<\/title>\n<meta name=\"description\" content=\"Tauchen Sie ein in die Erhabenheit der majest\u00e4tischen Gipfel der Combins mit unserem Hubschrauberrundflug ab Sion. Planen Sie Ihren Flug!\" \/>\n<meta name=\"robots\" content=\"index, follow, max-snippet:-1, max-image-preview:large, max-video-preview:-1\" \/>\n<link rel=\"canonical\" href=\"https:\/\/eaglevalais.ch\/de\/panoramafluege\/tour-des-combins\/\" \/>\n<meta property=\"og:locale\" content=\"de_DE\" \/>\n<meta property=\"og:type\" content=\"article\" \/>\n<meta property=\"og:title\" content=\"Combin-Turm | Eagle Valais\" \/>\n<meta property=\"og:description\" content=\"Tauchen Sie ein in die Erhabenheit der majest\u00e4tischen Gipfel der Combins mit unserem Hubschrauberrundflug ab Sion. Planen Sie Ihren Flug!\" \/>\n<meta property=\"og:url\" content=\"https:\/\/eaglevalais.ch\/de\/panoramafluege\/tour-des-combins\/\" \/>\n<meta property=\"og:site_name\" content=\"Eagle Valais\" \/>\n<meta property=\"article:publisher\" content=\"https:\/\/www.facebook.com\/profile.php?id=100058790670238\" \/>\n<meta property=\"article:modified_time\" content=\"2025-06-27T14:02:11+00:00\" \/>\n<meta property=\"og:image\" content=\"https:\/\/eaglevalais.ch\/wp-content\/uploads\/2024\/03\/combins_1.webp\" \/>\n\t<meta property=\"og:image:width\" content=\"1600\" \/>\n\t<meta property=\"og:image:height\" content=\"686\" \/>\n\t<meta property=\"og:image:type\" content=\"image\/webp\" \/>\n<meta name=\"twitter:card\" content=\"summary_large_image\" \/>\n<meta name=\"twitter:label1\" content=\"Gesch\u00e4tzte Lesezeit\" \/>\n\t<meta name=\"twitter:data1\" content=\"3\u00a0Minuten\" \/>\n<script type=\"application\/ld+json\" class=\"yoast-schema-graph\">{\"@context\":\"https:\/\/schema.org\",\"@graph\":[{\"@type\":\"WebPage\",\"@id\":\"https:\/\/eaglevalais.ch\/de\/panoramafluege\/tour-des-combins\/\",\"url\":\"https:\/\/eaglevalais.ch\/de\/panoramafluege\/tour-des-combins\/\",\"name\":\"Combin-Turm | Eagle Valais\",\"isPartOf\":{\"@id\":\"https:\/\/eaglevalais.ch\/de\/#website\"},\"primaryImageOfPage\":{\"@id\":\"https:\/\/eaglevalais.ch\/de\/panoramafluege\/tour-des-combins\/#primaryimage\"},\"image\":{\"@id\":\"https:\/\/eaglevalais.ch\/de\/panoramafluege\/tour-des-combins\/#primaryimage\"},\"thumbnailUrl\":\"https:\/\/eaglevalais.ch\/wp-content\/uploads\/2024\/03\/combins_1.webp\",\"datePublished\":\"2024-03-19T10:15:58+00:00\",\"dateModified\":\"2025-06-27T14:02:11+00:00\",\"description\":\"Tauchen Sie ein in die Erhabenheit der majest\u00e4tischen Gipfel der Combins mit unserem Hubschrauberrundflug ab Sion. Planen Sie Ihren Flug!\",\"breadcrumb\":{\"@id\":\"https:\/\/eaglevalais.ch\/de\/panoramafluege\/tour-des-combins\/#breadcrumb\"},\"inLanguage\":\"de\",\"potentialAction\":[{\"@type\":\"ReadAction\",\"target\":[\"https:\/\/eaglevalais.ch\/de\/panoramafluege\/tour-des-combins\/\"]}]},{\"@type\":\"ImageObject\",\"inLanguage\":\"de\",\"@id\":\"https:\/\/eaglevalais.ch\/de\/panoramafluege\/tour-des-combins\/#primaryimage\",\"url\":\"https:\/\/eaglevalais.ch\/wp-content\/uploads\/2024\/03\/combins_1.webp\",\"contentUrl\":\"https:\/\/eaglevalais.ch\/wp-content\/uploads\/2024\/03\/combins_1.webp\",\"width\":1600,\"height\":686,\"caption\":\"Les combins ennneig\u00e9 en h\u00e9licopt\u00e8re lors d'un vol panoramique\"},{\"@type\":\"BreadcrumbList\",\"@id\":\"https:\/\/eaglevalais.ch\/de\/panoramafluege\/tour-des-combins\/#breadcrumb\",\"itemListElement\":[{\"@type\":\"ListItem\",\"position\":1,\"name\":\"Accueil\",\"item\":\"https:\/\/eaglevalais.ch\/de\/\"},{\"@type\":\"ListItem\",\"position\":2,\"name\":\"Panoramafl\u00fcge\",\"item\":\"https:\/\/eaglevalais.ch\/de\/panoramafluege\/\"},{\"@type\":\"ListItem\",\"position\":3,\"name\":\"Combin-Turm\"}]},{\"@type\":\"WebSite\",\"@id\":\"https:\/\/eaglevalais.ch\/de\/#website\",\"url\":\"https:\/\/eaglevalais.ch\/de\/\",\"name\":\"Eagle Valais\",\"description\":\"Les sp\u00e9cialistes du transport et du travail a\u00e9rien.\",\"publisher\":{\"@id\":\"https:\/\/eaglevalais.ch\/de\/#organization\"},\"potentialAction\":[{\"@type\":\"SearchAction\",\"target\":{\"@type\":\"EntryPoint\",\"urlTemplate\":\"https:\/\/eaglevalais.ch\/de\/?s={search_term_string}\"},\"query-input\":{\"@type\":\"PropertyValueSpecification\",\"valueRequired\":true,\"valueName\":\"search_term_string\"}}],\"inLanguage\":\"de\"},{\"@type\":\"Organization\",\"@id\":\"https:\/\/eaglevalais.ch\/de\/#organization\",\"name\":\"Eagle Valais\",\"url\":\"https:\/\/eaglevalais.ch\/de\/\",\"logo\":{\"@type\":\"ImageObject\",\"inLanguage\":\"de\",\"@id\":\"https:\/\/eaglevalais.ch\/de\/#\/schema\/logo\/image\/\",\"url\":\"https:\/\/eaglevalais.ch\/wp-content\/uploads\/2024\/03\/cropped-cropped-eagle_logo_Valais-OFFICIAL_2017_173x93.png\",\"contentUrl\":\"https:\/\/eaglevalais.ch\/wp-content\/uploads\/2024\/03\/cropped-cropped-eagle_logo_Valais-OFFICIAL_2017_173x93.png\",\"width\":718,\"height\":384,\"caption\":\"Eagle Valais\"},\"image\":{\"@id\":\"https:\/\/eaglevalais.ch\/de\/#\/schema\/logo\/image\/\"},\"sameAs\":[\"https:\/\/www.facebook.com\/profile.php?id=100058790670238\",\"https:\/\/www.instagram.com\/eagle_valais\/\"]}]}<\/script>\n<!-- \/ Yoast SEO plugin. -->","yoast_head_json":{"title":"Combin-Turm | Eagle Valais","description":"Tauchen Sie ein in die Erhabenheit der majest\u00e4tischen Gipfel der Combins mit unserem Hubschrauberrundflug ab Sion. Planen Sie Ihren Flug!","robots":{"index":"index","follow":"follow","max-snippet":"max-snippet:-1","max-image-preview":"max-image-preview:large","max-video-preview":"max-video-preview:-1"},"canonical":"https:\/\/eaglevalais.ch\/de\/panoramafluege\/tour-des-combins\/","og_locale":"de_DE","og_type":"article","og_title":"Combin-Turm | Eagle Valais","og_description":"Tauchen Sie ein in die Erhabenheit der majest\u00e4tischen Gipfel der Combins mit unserem Hubschrauberrundflug ab Sion. Planen Sie Ihren Flug!","og_url":"https:\/\/eaglevalais.ch\/de\/panoramafluege\/tour-des-combins\/","og_site_name":"Eagle Valais","article_publisher":"https:\/\/www.facebook.com\/profile.php?id=100058790670238","article_modified_time":"2025-06-27T14:02:11+00:00","og_image":[{"width":1600,"height":686,"url":"https:\/\/eaglevalais.ch\/wp-content\/uploads\/2024\/03\/combins_1.webp","type":"image\/webp"}],"twitter_card":"summary_large_image","twitter_misc":{"Gesch\u00e4tzte Lesezeit":"3\u00a0Minuten"},"schema":{"@context":"https:\/\/schema.org","@graph":[{"@type":"WebPage","@id":"https:\/\/eaglevalais.ch\/de\/panoramafluege\/tour-des-combins\/","url":"https:\/\/eaglevalais.ch\/de\/panoramafluege\/tour-des-combins\/","name":"Combin-Turm | Eagle Valais","isPartOf":{"@id":"https:\/\/eaglevalais.ch\/de\/#website"},"primaryImageOfPage":{"@id":"https:\/\/eaglevalais.ch\/de\/panoramafluege\/tour-des-combins\/#primaryimage"},"image":{"@id":"https:\/\/eaglevalais.ch\/de\/panoramafluege\/tour-des-combins\/#primaryimage"},"thumbnailUrl":"https:\/\/eaglevalais.ch\/wp-content\/uploads\/2024\/03\/combins_1.webp","datePublished":"2024-03-19T10:15:58+00:00","dateModified":"2025-06-27T14:02:11+00:00","description":"Tauchen Sie ein in die Erhabenheit der majest\u00e4tischen Gipfel der Combins mit unserem Hubschrauberrundflug ab Sion. Planen Sie Ihren Flug!","breadcrumb":{"@id":"https:\/\/eaglevalais.ch\/de\/panoramafluege\/tour-des-combins\/#breadcrumb"},"inLanguage":"de","potentialAction":[{"@type":"ReadAction","target":["https:\/\/eaglevalais.ch\/de\/panoramafluege\/tour-des-combins\/"]}]},{"@type":"ImageObject","inLanguage":"de","@id":"https:\/\/eaglevalais.ch\/de\/panoramafluege\/tour-des-combins\/#primaryimage","url":"https:\/\/eaglevalais.ch\/wp-content\/uploads\/2024\/03\/combins_1.webp","contentUrl":"https:\/\/eaglevalais.ch\/wp-content\/uploads\/2024\/03\/combins_1.webp","width":1600,"height":686,"caption":"Les combins ennneig\u00e9 en h\u00e9licopt\u00e8re lors d'un vol panoramique"},{"@type":"BreadcrumbList","@id":"https:\/\/eaglevalais.ch\/de\/panoramafluege\/tour-des-combins\/#breadcrumb","itemListElement":[{"@type":"ListItem","position":1,"name":"Accueil","item":"https:\/\/eaglevalais.ch\/de\/"},{"@type":"ListItem","position":2,"name":"Panoramafl\u00fcge","item":"https:\/\/eaglevalais.ch\/de\/panoramafluege\/"},{"@type":"ListItem","position":3,"name":"Combin-Turm"}]},{"@type":"WebSite","@id":"https:\/\/eaglevalais.ch\/de\/#website","url":"https:\/\/eaglevalais.ch\/de\/","name":"Eagle Valais","description":"Les sp\u00e9cialistes du transport et du travail a\u00e9rien.","publisher":{"@id":"https:\/\/eaglevalais.ch\/de\/#organization"},"potentialAction":[{"@type":"SearchAction","target":{"@type":"EntryPoint","urlTemplate":"https:\/\/eaglevalais.ch\/de\/?s={search_term_string}"},"query-input":{"@type":"PropertyValueSpecification","valueRequired":true,"valueName":"search_term_string"}}],"inLanguage":"de"},{"@type":"Organization","@id":"https:\/\/eaglevalais.ch\/de\/#organization","name":"Eagle Valais","url":"https:\/\/eaglevalais.ch\/de\/","logo":{"@type":"ImageObject","inLanguage":"de","@id":"https:\/\/eaglevalais.ch\/de\/#\/schema\/logo\/image\/","url":"https:\/\/eaglevalais.ch\/wp-content\/uploads\/2024\/03\/cropped-cropped-eagle_logo_Valais-OFFICIAL_2017_173x93.png","contentUrl":"https:\/\/eaglevalais.ch\/wp-content\/uploads\/2024\/03\/cropped-cropped-eagle_logo_Valais-OFFICIAL_2017_173x93.png","width":718,"height":384,"caption":"Eagle Valais"},"image":{"@id":"https:\/\/eaglevalais.ch\/de\/#\/schema\/logo\/image\/"},"sameAs":["https:\/\/www.facebook.com\/profile.php?id=100058790670238","https:\/\/www.instagram.com\/eagle_valais\/"]}]}},"_links":{"self":[{"href":"https:\/\/eaglevalais.ch\/de\/wp-json\/wp\/v2\/pages\/6129","targetHints":{"allow":["GET"]}}],"collection":[{"href":"https:\/\/eaglevalais.ch\/de\/wp-json\/wp\/v2\/pages"}],"about":[{"href":"https:\/\/eaglevalais.ch\/de\/wp-json\/wp\/v2\/types\/page"}],"author":[{"embeddable":true,"href":"https:\/\/eaglevalais.ch\/de\/wp-json\/wp\/v2\/users\/2"}],"replies":[{"embeddable":true,"href":"https:\/\/eaglevalais.ch\/de\/wp-json\/wp\/v2\/comments?post=6129"}],"version-history":[{"count":7,"href":"https:\/\/eaglevalais.ch\/de\/wp-json\/wp\/v2\/pages\/6129\/revisions"}],"predecessor-version":[{"id":6363,"href":"https:\/\/eaglevalais.ch\/de\/wp-json\/wp\/v2\/pages\/6129\/revisions\/6363"}],"up":[{"embeddable":true,"href":"https:\/\/eaglevalais.ch\/de\/wp-json\/wp\/v2\/pages\/6120"}],"wp:featuredmedia":[{"embeddable":true,"href":"https:\/\/eaglevalais.ch\/de\/wp-json\/wp\/v2\/media\/4998"}],"wp:attachment":[{"href":"https:\/\/eaglevalais.ch\/de\/wp-json\/wp\/v2\/media?parent=6129"}],"curies":[{"name":"wp","href":"https:\/\/api.w.org\/{rel}","templated":true}]}}