{"id":6126,"date":"2024-03-19T11:15:50","date_gmt":"2024-03-19T10:15:50","guid":{"rendered":"https:\/\/eaglevalais.ch\/panoramafluege\/tour-durch-die-walliser-alpen\/"},"modified":"2025-06-27T16:02:47","modified_gmt":"2025-06-27T14:02:47","slug":"tour-durch-die-walliser-alpen","status":"publish","type":"page","link":"https:\/\/eaglevalais.ch\/de\/panoramafluege\/tour-durch-die-walliser-alpen\/","title":{"rendered":"Tour durch die Walliser Alpen"},"content":{"rendered":"\t\t<div data-elementor-type=\"wp-page\" data-elementor-id=\"6126\" class=\"elementor elementor-6126 elementor-2616\">\n\t\t\t\t<div class=\"elementor-element elementor-element-fb06135 e-con-full e-flex e-con e-parent\" data-id=\"fb06135\" data-element_type=\"container\" data-e-type=\"container\">\n\t\t<div class=\"elementor-element elementor-element-04718df e-con-full e-flex e-con e-child\" data-id=\"04718df\" data-element_type=\"container\" data-e-type=\"container\" data-settings=\"{&quot;background_background&quot;:&quot;slideshow&quot;,&quot;background_slideshow_gallery&quot;:[{&quot;id&quot;:2807,&quot;url&quot;:&quot;https:\\\/\\\/new.eaglevalais.ch\\\/wp-content\\\/uploads\\\/2024\\\/03\\\/tour_alpes_valaisannes_1-scaled.webp&quot;}],&quot;background_slideshow_slide_duration&quot;:5000,&quot;background_slideshow_slide_transition&quot;:&quot;fade&quot;,&quot;background_slideshow_transition_duration&quot;:500}\">\n\t\t\t\t<div class=\"elementor-element elementor-element-54bee35 elementor-widget elementor-widget-spacer\" data-id=\"54bee35\" data-element_type=\"widget\" data-e-type=\"widget\" data-widget_type=\"spacer.default\">\n\t\t\t\t<div class=\"elementor-widget-container\">\n\t\t\t\t\t\t\t<div class=\"elementor-spacer\">\n\t\t\t<div class=\"elementor-spacer-inner\"><\/div>\n\t\t<\/div>\n\t\t\t\t\t\t<\/div>\n\t\t\t\t<\/div>\n\t\t\t\t<div class=\"elementor-element elementor-element-acfe53f elementor-widget__width-auto elementor-invisible elementor-widget elementor-widget-heading\" data-id=\"acfe53f\" data-element_type=\"widget\" data-e-type=\"widget\" data-settings=\"{&quot;_animation&quot;:&quot;fadeIn&quot;}\" data-widget_type=\"heading.default\">\n\t\t\t\t<div class=\"elementor-widget-container\">\n\t\t\t\t\t<h1 class=\"elementor-heading-title elementor-size-default\">Tour durch die Walliser Alpen<\/h1>\t\t\t\t<\/div>\n\t\t\t\t<\/div>\n\t\t\t\t<\/div>\n\t\t\t\t<\/div>\n\t\t<div class=\"elementor-element elementor-element-613e92f e-con-full e-flex e-con e-parent\" data-id=\"613e92f\" data-element_type=\"container\" data-e-type=\"container\">\n\t\t\t\t<div class=\"elementor-element elementor-element-4758172 elementor-widget elementor-widget-heading\" data-id=\"4758172\" data-element_type=\"widget\" data-e-type=\"widget\" data-widget_type=\"heading.default\">\n\t\t\t\t<div class=\"elementor-widget-container\">\n\t\t\t\t\t<h2 class=\"elementor-heading-title elementor-size-default\">Panoramaflug \u00fcber die Walliser Alpen 60 Min.  <\/h2>\t\t\t\t<\/div>\n\t\t\t\t<\/div>\n\t\t\t\t<div class=\"elementor-element elementor-element-91c74b6 elementor-widget-divider--view-line elementor-widget elementor-widget-divider\" data-id=\"91c74b6\" data-element_type=\"widget\" data-e-type=\"widget\" data-widget_type=\"divider.default\">\n\t\t\t\t<div class=\"elementor-widget-container\">\n\t\t\t\t\t\t\t<div class=\"elementor-divider\">\n\t\t\t<span class=\"elementor-divider-separator\">\n\t\t\t\t\t\t<\/span>\n\t\t<\/div>\n\t\t\t\t\t\t<\/div>\n\t\t\t\t<\/div>\n\t\t\t\t<div class=\"elementor-element elementor-element-d5eb9c0 elementor-widget-divider--view-line elementor-widget elementor-widget-divider\" data-id=\"d5eb9c0\" data-element_type=\"widget\" data-e-type=\"widget\" data-widget_type=\"divider.default\">\n\t\t\t\t<div class=\"elementor-widget-container\">\n\t\t\t\t\t\t\t<div class=\"elementor-divider\">\n\t\t\t<span class=\"elementor-divider-separator\">\n\t\t\t\t\t\t<\/span>\n\t\t<\/div>\n\t\t\t\t\t\t<\/div>\n\t\t\t\t<\/div>\n\t\t\t\t<\/div>\n\t\t<div class=\"elementor-element elementor-element-cf05866 e-con-full e-flex e-con e-parent\" data-id=\"cf05866\" data-element_type=\"container\" data-e-type=\"container\">\n\t\t<div class=\"elementor-element elementor-element-19d503f e-con-full e-flex e-con e-child\" data-id=\"19d503f\" data-element_type=\"container\" data-e-type=\"container\">\n\t\t\t\t<div class=\"elementor-element elementor-element-04a1a1a elementor-widget elementor-widget-text-editor\" data-id=\"04a1a1a\" data-element_type=\"widget\" data-e-type=\"widget\" data-widget_type=\"text-editor.default\">\n\t\t\t\t<div class=\"elementor-widget-container\">\n\t\t\t\t\t\t\t\t\t<div class=\"flex-1 overflow-hidden\"><div class=\"react-scroll-to-bottom--css-ppaxk-79elbk h-full\"><div class=\"react-scroll-to-bottom--css-ppaxk-1n7m0yu\"><div class=\"flex flex-col text-sm pb-9\"><div class=\"w-full text-token-text-primary\" data-testid=\"conversation-turn-15\"><div class=\"px-4 py-2 justify-center text-base md:gap-6 m-auto\"><div class=\"flex flex-1 text-base mx-auto gap-3 md:px-5 lg:px-1 xl:px-5 md:max-w-3xl lg:max-w-[40rem] xl:max-w-[48rem] group final-completion\"><div class=\"relative flex w-full flex-col agent-turn\"><div class=\"flex-col gap-1 md:gap-3\"><div class=\"flex flex-grow flex-col max-w-full\"><div class=\"min-h-[20px] text-message flex flex-col items-start gap-3 whitespace-pre-wrap break-words [.text-message+&amp;]:mt-5 overflow-x-auto\" data-message-author-role=\"assistant\" data-message-id=\"0ff97b37-41e7-44ab-adb3-d02d28a2f067\"><div class=\"markdown prose w-full break-words dark:prose-invert light\"><p>Erkunden Sie die Pracht der <b>Walliser Alpen<\/b> auf unserem Hubschrauberrundflug von <b>Sion<\/b> aus. <\/p><p>F\u00fcr Einzelheiten zur Organisation des Fluges und Antworten auf Ihre Fragen wenden Sie sich bitte an uns.<\/p><p>Bitte beachten Sie, dass Fl\u00fcge \u00fcber die Schweizer Alpen wechselnden Wetterbedingungen unterworfen sind. Wenn Sie sich nur f\u00fcr kurze Zeit in der Region aufhalten, empfehlen wir Ihnen dringend, unsere Operations-Abteilung unter<b>[+41 027 327 30 60<\/b>] zu kontaktieren, um detaillierte Informationen \u00fcber die Durchf\u00fchrbarkeit des Fluges zu erhalten. <\/p><p>Strecke: Sion &#8211; Walliser Alpen<\/p><\/div><\/div><\/div><\/div><\/div><\/div><\/div><\/div><\/div><\/div><\/div><\/div>\t\t\t\t\t\t\t\t<\/div>\n\t\t\t\t<\/div>\n\t\t\t\t<div class=\"elementor-element elementor-element-3f1efbb elementor-widget elementor-widget-heading\" data-id=\"3f1efbb\" data-element_type=\"widget\" data-e-type=\"widget\" data-widget_type=\"heading.default\">\n\t\t\t\t<div class=\"elementor-widget-container\">\n\t\t\t\t\t<h3 class=\"elementor-heading-title elementor-size-default\">Zusammenfassung<\/h3>\t\t\t\t<\/div>\n\t\t\t\t<\/div>\n\t\t\t\t<div class=\"elementor-element elementor-element-e91e4e6 elementor-widget-divider--view-line elementor-widget elementor-widget-divider\" data-id=\"e91e4e6\" data-element_type=\"widget\" data-e-type=\"widget\" data-widget_type=\"divider.default\">\n\t\t\t\t<div class=\"elementor-widget-container\">\n\t\t\t\t\t\t\t<div class=\"elementor-divider\">\n\t\t\t<span class=\"elementor-divider-separator\">\n\t\t\t\t\t\t<\/span>\n\t\t<\/div>\n\t\t\t\t\t\t<\/div>\n\t\t\t\t<\/div>\n\t\t<div class=\"elementor-element elementor-element-15fadac e-con-full e-flex e-con e-child\" data-id=\"15fadac\" data-element_type=\"container\" data-e-type=\"container\">\n\t\t<div class=\"elementor-element elementor-element-f0794c3 e-con-full e-flex e-con e-child\" data-id=\"f0794c3\" data-element_type=\"container\" data-e-type=\"container\">\n\t\t\t\t<div class=\"elementor-element elementor-element-4ac5bb5 elementor-align-left elementor-widget elementor-widget-button\" data-id=\"4ac5bb5\" data-element_type=\"widget\" data-e-type=\"widget\" data-widget_type=\"button.default\">\n\t\t\t\t<div class=\"elementor-widget-container\">\n\t\t\t\t\t\t\t\t\t<div class=\"elementor-button-wrapper\">\n\t\t\t\t\t<a class=\"elementor-button elementor-button-link elementor-size-sm\" href=\"https:\/\/eaglevalais.ch\/wp-content\/uploads\/2025\/06\/Brochure-vols-panoramiques-2025.pdf\" download=\"\">\n\t\t\t\t\t\t<span class=\"elementor-button-content-wrapper\">\n\t\t\t\t\t\t\t\t\t<span class=\"elementor-button-text\">Laden Sie unsere Brosch\u00fcre herunter  <\/span>\n\t\t\t\t\t<\/span>\n\t\t\t\t\t<\/a>\n\t\t\t\t<\/div>\n\t\t\t\t\t\t\t\t<\/div>\n\t\t\t\t<\/div>\n\t\t\t\t<\/div>\n\t\t<div class=\"elementor-element elementor-element-95f81e5 e-con-full e-flex e-con e-child\" data-id=\"95f81e5\" data-element_type=\"container\" data-e-type=\"container\">\n\t\t\t\t<div class=\"elementor-element elementor-element-80708cb elementor-align-left elementor-button-info elementor-widget elementor-widget-button\" data-id=\"80708cb\" data-element_type=\"widget\" data-e-type=\"widget\" data-widget_type=\"button.default\">\n\t\t\t\t<div class=\"elementor-widget-container\">\n\t\t\t\t\t\t\t\t\t<div class=\"elementor-button-wrapper\">\n\t\t\t\t\t<a class=\"elementor-button elementor-button-link elementor-size-md\" href=\"https:\/\/ch.heligo.aero\/en\/sion\/145-141-les-alpes-valaisannes-depuis-sion-vol-privatif-pour-1-a-5-passagers.html#\/46-contact_base-sion_chemin_lambien_6_41_27_327_30_60_opseaglevalaisch\">\n\t\t\t\t\t\t<span class=\"elementor-button-content-wrapper\">\n\t\t\t\t\t\t\t\t\t<span class=\"elementor-button-text\">Buchen Sie<\/span>\n\t\t\t\t\t<\/span>\n\t\t\t\t\t<\/a>\n\t\t\t\t<\/div>\n\t\t\t\t\t\t\t\t<\/div>\n\t\t\t\t<\/div>\n\t\t\t\t<\/div>\n\t\t\t\t<\/div>\n\t\t\t\t<\/div>\n\t\t<div class=\"elementor-element elementor-element-7a805d5 e-con-full e-flex e-con e-child\" data-id=\"7a805d5\" data-element_type=\"container\" data-e-type=\"container\">\n\t\t<div class=\"elementor-element elementor-element-c94bb81 e-con-full e-flex e-con e-child\" data-id=\"c94bb81\" data-element_type=\"container\" data-e-type=\"container\">\n\t\t<div class=\"elementor-element elementor-element-c1947a9 e-flex e-con-boxed e-con e-child\" data-id=\"c1947a9\" data-element_type=\"container\" data-e-type=\"container\">\n\t\t\t\t\t<div class=\"e-con-inner\">\n\t\t<div class=\"elementor-element elementor-element-5b4060a e-con-full e-flex e-con e-child\" data-id=\"5b4060a\" data-element_type=\"container\" data-e-type=\"container\">\n\t\t\t\t<div class=\"elementor-element elementor-element-b7753a5 elementor-widget elementor-widget-image\" data-id=\"b7753a5\" data-element_type=\"widget\" data-e-type=\"widget\" data-widget_type=\"image.default\">\n\t\t\t\t<div class=\"elementor-widget-container\">\n\t\t\t\t\t\t\t\t\t\t\t\t\t\t\t<img fetchpriority=\"high\" decoding=\"async\" width=\"768\" height=\"1024\" src=\"https:\/\/eaglevalais.ch\/wp-content\/uploads\/2024\/05\/Vol-panoramique12-768x1024.webp\" class=\"attachment-medium_large size-medium_large wp-image-5082\" alt=\"\" srcset=\"https:\/\/eaglevalais.ch\/wp-content\/uploads\/2024\/05\/Vol-panoramique12-768x1024.webp 768w, https:\/\/eaglevalais.ch\/wp-content\/uploads\/2024\/05\/Vol-panoramique12-225x300.webp 225w, https:\/\/eaglevalais.ch\/wp-content\/uploads\/2024\/05\/Vol-panoramique12-1152x1536.webp 1152w, https:\/\/eaglevalais.ch\/wp-content\/uploads\/2024\/05\/Vol-panoramique12-1536x2048.webp 1536w, https:\/\/eaglevalais.ch\/wp-content\/uploads\/2024\/05\/Vol-panoramique12-scaled.webp 1920w\" sizes=\"(max-width: 768px) 100vw, 768px\" \/>\t\t\t\t\t\t\t\t\t\t\t\t\t\t\t<\/div>\n\t\t\t\t<\/div>\n\t\t\t\t<\/div>\n\t\t<div class=\"elementor-element elementor-element-f8ef722 e-con-full e-flex e-con e-child\" data-id=\"f8ef722\" data-element_type=\"container\" data-e-type=\"container\">\n\t\t\t\t<div class=\"elementor-element elementor-element-6afbd24 elementor-widget elementor-widget-image\" data-id=\"6afbd24\" data-element_type=\"widget\" data-e-type=\"widget\" data-widget_type=\"image.default\">\n\t\t\t\t<div class=\"elementor-widget-container\">\n\t\t\t\t\t\t\t\t\t\t\t\t\t\t\t<img decoding=\"async\" width=\"768\" height=\"1024\" src=\"https:\/\/eaglevalais.ch\/wp-content\/uploads\/2024\/05\/Vol-panoramique11-768x1024.webp\" class=\"attachment-large size-large wp-image-5080\" alt=\"\" srcset=\"https:\/\/eaglevalais.ch\/wp-content\/uploads\/2024\/05\/Vol-panoramique11-768x1024.webp 768w, https:\/\/eaglevalais.ch\/wp-content\/uploads\/2024\/05\/Vol-panoramique11-225x300.webp 225w, https:\/\/eaglevalais.ch\/wp-content\/uploads\/2024\/05\/Vol-panoramique11-1152x1536.webp 1152w, https:\/\/eaglevalais.ch\/wp-content\/uploads\/2024\/05\/Vol-panoramique11-1536x2048.webp 1536w, https:\/\/eaglevalais.ch\/wp-content\/uploads\/2024\/05\/Vol-panoramique11-scaled.webp 1920w\" sizes=\"(max-width: 768px) 100vw, 768px\" \/>\t\t\t\t\t\t\t\t\t\t\t\t\t\t\t<\/div>\n\t\t\t\t<\/div>\n\t\t\t\t<\/div>\n\t\t<div class=\"elementor-element elementor-element-ec0aecf e-con-full elementor-hidden-mobile e-flex e-con e-child\" data-id=\"ec0aecf\" data-element_type=\"container\" data-e-type=\"container\">\n\t\t\t\t<div class=\"elementor-element elementor-element-39a9657 elementor-widget elementor-widget-image\" data-id=\"39a9657\" data-element_type=\"widget\" data-e-type=\"widget\" data-widget_type=\"image.default\">\n\t\t\t\t<div class=\"elementor-widget-container\">\n\t\t\t\t\t\t\t\t\t\t\t\t\t\t\t<img decoding=\"async\" width=\"768\" height=\"1024\" src=\"https:\/\/eaglevalais.ch\/wp-content\/uploads\/2024\/05\/Vol-panoramique9-768x1024.webp\" class=\"attachment-large size-large wp-image-5076\" alt=\"\" srcset=\"https:\/\/eaglevalais.ch\/wp-content\/uploads\/2024\/05\/Vol-panoramique9-768x1024.webp 768w, https:\/\/eaglevalais.ch\/wp-content\/uploads\/2024\/05\/Vol-panoramique9-225x300.webp 225w, https:\/\/eaglevalais.ch\/wp-content\/uploads\/2024\/05\/Vol-panoramique9-1152x1536.webp 1152w, https:\/\/eaglevalais.ch\/wp-content\/uploads\/2024\/05\/Vol-panoramique9-1536x2048.webp 1536w, https:\/\/eaglevalais.ch\/wp-content\/uploads\/2024\/05\/Vol-panoramique9-scaled.webp 1920w\" sizes=\"(max-width: 768px) 100vw, 768px\" \/>\t\t\t\t\t\t\t\t\t\t\t\t\t\t\t<\/div>\n\t\t\t\t<\/div>\n\t\t\t\t<\/div>\n\t\t<div class=\"elementor-element elementor-element-0c03c5b e-con-full elementor-hidden-mobile e-flex e-con e-child\" data-id=\"0c03c5b\" data-element_type=\"container\" data-e-type=\"container\">\n\t\t\t\t<div class=\"elementor-element elementor-element-242a3a2 elementor-widget elementor-widget-image\" data-id=\"242a3a2\" data-element_type=\"widget\" data-e-type=\"widget\" data-widget_type=\"image.default\">\n\t\t\t\t<div class=\"elementor-widget-container\">\n\t\t\t\t\t\t\t\t\t\t\t\t\t\t\t<img loading=\"lazy\" decoding=\"async\" width=\"768\" height=\"1024\" src=\"https:\/\/eaglevalais.ch\/wp-content\/uploads\/2024\/05\/Vol-panoramique5-768x1024.webp\" class=\"attachment-large size-large wp-image-5068\" alt=\"\" srcset=\"https:\/\/eaglevalais.ch\/wp-content\/uploads\/2024\/05\/Vol-panoramique5-768x1024.webp 768w, https:\/\/eaglevalais.ch\/wp-content\/uploads\/2024\/05\/Vol-panoramique5-225x300.webp 225w, https:\/\/eaglevalais.ch\/wp-content\/uploads\/2024\/05\/Vol-panoramique5-1152x1536.webp 1152w, https:\/\/eaglevalais.ch\/wp-content\/uploads\/2024\/05\/Vol-panoramique5-1536x2048.webp 1536w, https:\/\/eaglevalais.ch\/wp-content\/uploads\/2024\/05\/Vol-panoramique5-scaled.webp 1920w\" sizes=\"(max-width: 768px) 100vw, 768px\" \/>\t\t\t\t\t\t\t\t\t\t\t\t\t\t\t<\/div>\n\t\t\t\t<\/div>\n\t\t\t\t<\/div>\n\t\t\t\t\t<\/div>\n\t\t\t\t<\/div>\n\t\t\t\t<\/div>\n\t\t\t\t<\/div>\n\t\t\t\t<\/div>\n\t\t<div class=\"elementor-element elementor-element-8bdd79e e-con-full e-flex e-con e-parent\" data-id=\"8bdd79e\" data-element_type=\"container\" data-e-type=\"container\">\n\t\t\t\t<div class=\"elementor-element elementor-element-fbd10a7 elementor-widget elementor-widget-toggle\" data-id=\"fbd10a7\" data-element_type=\"widget\" data-e-type=\"widget\" data-widget_type=\"toggle.default\">\n\t\t\t\t<div class=\"elementor-widget-container\">\n\t\t\t\t\t\t\t<div class=\"elementor-toggle\">\n\t\t\t\t\t\t\t<div class=\"elementor-toggle-item\">\n\t\t\t\t\t<h4 id=\"elementor-tab-title-2641\" class=\"elementor-tab-title\" data-tab=\"1\" role=\"button\" aria-controls=\"elementor-tab-content-2641\" aria-expanded=\"false\">\n\t\t\t\t\t\t\t\t\t\t\t\t<span class=\"elementor-toggle-icon elementor-toggle-icon-left\" aria-hidden=\"true\">\n\t\t\t\t\t\t\t\t\t\t\t\t\t\t\t<span class=\"elementor-toggle-icon-closed\"><svg class=\"e-font-icon-svg e-fas-caret-right\" viewBox=\"0 0 192 512\" xmlns=\"http:\/\/www.w3.org\/2000\/svg\"><path d=\"M0 384.662V127.338c0-17.818 21.543-26.741 34.142-14.142l128.662 128.662c7.81 7.81 7.81 20.474 0 28.284L34.142 398.804C21.543 411.404 0 402.48 0 384.662z\"><\/path><\/svg><\/span>\n\t\t\t\t\t\t\t\t<span class=\"elementor-toggle-icon-opened\"><svg class=\"elementor-toggle-icon-opened e-font-icon-svg e-fas-caret-up\" viewBox=\"0 0 320 512\" xmlns=\"http:\/\/www.w3.org\/2000\/svg\"><path d=\"M288.662 352H31.338c-17.818 0-26.741-21.543-14.142-34.142l128.662-128.662c7.81-7.81 20.474-7.81 28.284 0l128.662 128.662c12.6 12.599 3.676 34.142-14.142 34.142z\"><\/path><\/svg><\/span>\n\t\t\t\t\t\t\t\t\t\t\t\t\t<\/span>\n\t\t\t\t\t\t\t\t\t\t\t\t<a class=\"elementor-toggle-title\" tabindex=\"0\">Detaillierte Beschreibung des Fluges<\/a>\n\t\t\t\t\t<\/h4>\n\n\t\t\t\t\t<div id=\"elementor-tab-content-2641\" class=\"elementor-tab-content elementor-clearfix\" data-tab=\"1\" role=\"region\" aria-labelledby=\"elementor-tab-title-2641\"><p>Genie\u00dfen Sie den <b>atemberaubenden Blick auf die<\/b> ikonischen <b>Berge<\/b> dieser spektakul\u00e4ren Region, w\u00e4hrend wir \u00fcber ihre majest\u00e4tischen Gipfel fliegen.<\/p>\n<p>W\u00e4hrend dieser 60-min\u00fctigen Lufttaufe werden Sie von der spektakul\u00e4ren Sch\u00f6nheit <b>des Matterhorns, des Monte Rosa, der Dents du Midi, des Grand Combin und des Weisshorns<\/b>, die die Alpenlandschaft des Wallis dominieren, gefesselt sein. Unsere erfahrenen Piloten werden Sie durch tiefe T\u00e4ler und \u00fcber steile Bergk\u00e4mme f\u00fchren und Ihnen faszinierende Informationen \u00fcber die Geographie und Geschichte der Region vermitteln. <\/p>\n<p>Fangen Sie an Bord unseres Hubschraubers atemberaubende Bilder ein und <b>schaffen Sie unvergessliche Erinnerungen<\/b> an dieses Luftabenteuer. Nachdem wir die Wunder der Walliser Alpen erkundet haben, kehren wir nach Sion zur\u00fcck. <\/p>\n<p><b>Buchen Sie jetzt<\/b> Ihren Panoramaflug f\u00fcr ein eindringliches Erlebnis im Herzen der Schweizer Alpen. Lassen Sie sich auf diesem unvergesslichen Flug von der Gr\u00f6\u00dfe und Sch\u00f6nheit der Walliser Berge mitrei\u00dfen. <\/p>\n<\/div>\n\t\t\t\t<\/div>\n\t\t\t\t\t\t\t\t<\/div>\n\t\t\t\t\t\t<\/div>\n\t\t\t\t<\/div>\n\t\t\t\t<\/div>\n\t\t<div class=\"elementor-element elementor-element-897cc6c e-con-full e-flex e-con e-parent\" data-id=\"897cc6c\" data-element_type=\"container\" data-e-type=\"container\">\n\t\t<div class=\"elementor-element elementor-element-0da1e68 e-flex e-con-boxed e-con e-child\" data-id=\"0da1e68\" data-element_type=\"container\" data-e-type=\"container\">\n\t\t\t\t\t<div class=\"e-con-inner\">\n\t\t\t\t<div class=\"elementor-element elementor-element-d75f4ea elementor-widget elementor-widget-heading\" data-id=\"d75f4ea\" data-element_type=\"widget\" data-e-type=\"widget\" data-widget_type=\"heading.default\">\n\t\t\t\t<div class=\"elementor-widget-container\">\n\t\t\t\t\t<h2 class=\"elementor-heading-title elementor-size-default\">Andere Fl\u00fcge  <\/h2>\t\t\t\t<\/div>\n\t\t\t\t<\/div>\n\t\t\t\t<div class=\"elementor-element elementor-element-f81b784 elementor-widget elementor-widget-heading\" data-id=\"f81b784\" data-element_type=\"widget\" data-e-type=\"widget\" data-widget_type=\"heading.default\">\n\t\t\t\t<div class=\"elementor-widget-container\">\n\t\t\t\t\t<p class=\"elementor-heading-title elementor-size-default\">Entdecken Sie unsere Fl\u00fcge ab der Basis Sion<\/p>\t\t\t\t<\/div>\n\t\t\t\t<\/div>\n\t\t\t\t\t<\/div>\n\t\t\t\t<\/div>\n\t\t\t\t<\/div>\n\t\t<div class=\"elementor-element elementor-element-35f9f9a e-con-full e-flex e-con e-parent\" data-id=\"35f9f9a\" data-element_type=\"container\" data-e-type=\"container\">\n\t\t\t\t<div class=\"elementor-element elementor-element-1429307 elementor-grid-eael-col-4 elementor-grid-tablet-eael-col-2 elementor-grid-mobile-eael-col-1 elementor-widget elementor-widget-eael-post-grid\" data-id=\"1429307\" data-element_type=\"widget\" data-e-type=\"widget\" data-settings=\"{&quot;eael_post_grid_columns&quot;:&quot;eael-col-4&quot;,&quot;eael_post_grid_columns_tablet&quot;:&quot;eael-col-2&quot;,&quot;eael_post_grid_columns_mobile&quot;:&quot;eael-col-1&quot;}\" data-widget_type=\"eael-post-grid.default\">\n\t\t\t\t<div class=\"elementor-widget-container\">\n\t\t\t\t\t<div id=\"eael-post-grid-1429307\" class=\"eael-post-grid-container\">\n            <div class=\"eael-post-grid eael-post-appender eael-post-appender-1429307 eael-post-grid-style-one\" data-layout-mode=\"grid\"><article class=\"eael-grid-post  eael-post-grid-column eael-pg-post-6129\" data-id=\"6129\">\n        <div class=\"eael-grid-post-holder\">\n            <div class=\"eael-grid-post-holder-inner\"><div class=\"eael-entry-media\"><div class=\"eael-entry-overlay fade-in\"><i class=\"fas fa-long-arrow-alt-right\" aria-hidden=\"true\"><\/i><a href=\"https:\/\/eaglevalais.ch\/de\/panoramafluege\/tour-des-combins\/\"><\/a><\/div><div class=\"eael-entry-thumbnail eael-image-ratio\">\n                <img loading=\"lazy\" decoding=\"async\" width=\"300\" height=\"129\" src=\"https:\/\/eaglevalais.ch\/wp-content\/uploads\/2024\/03\/combins_1-300x129.webp\" class=\"attachment-medium size-medium wp-image-4998\" alt=\"\" srcset=\"https:\/\/eaglevalais.ch\/wp-content\/uploads\/2024\/03\/combins_1-300x129.webp 300w, https:\/\/eaglevalais.ch\/wp-content\/uploads\/2024\/03\/combins_1-1024x439.webp 1024w, https:\/\/eaglevalais.ch\/wp-content\/uploads\/2024\/03\/combins_1-768x329.webp 768w, https:\/\/eaglevalais.ch\/wp-content\/uploads\/2024\/03\/combins_1-1536x659.webp 1536w, https:\/\/eaglevalais.ch\/wp-content\/uploads\/2024\/03\/combins_1.webp 1600w\" sizes=\"(max-width: 300px) 100vw, 300px\" \/>\n            <\/div>\n        <\/div><div class=\"eael-entry-wrapper\"><header class=\"eael-entry-header\"><p class=\"eael-entry-title\"><a class=\"eael-grid-post-link\" href=\"https:\/\/eaglevalais.ch\/de\/panoramafluege\/tour-des-combins\/\" title=\"Combin-Turm\">Combin-Turm<\/a><\/p><\/header><\/div><\/div>\n        <\/div>\n    <\/article><article class=\"eael-grid-post  eael-post-grid-column eael-pg-post-6126\" data-id=\"6126\">\n        <div class=\"eael-grid-post-holder\">\n            <div class=\"eael-grid-post-holder-inner\"><div class=\"eael-entry-media\"><div class=\"eael-entry-overlay fade-in\"><i class=\"fas fa-long-arrow-alt-right\" aria-hidden=\"true\"><\/i><a href=\"https:\/\/eaglevalais.ch\/de\/panoramafluege\/tour-durch-die-walliser-alpen\/\"><\/a><\/div><div class=\"eael-entry-thumbnail eael-image-ratio\">\n                <img loading=\"lazy\" decoding=\"async\" width=\"300\" height=\"130\" src=\"https:\/\/eaglevalais.ch\/wp-content\/uploads\/2024\/03\/tour_alpes_valaisannes_1-300x130.webp\" class=\"attachment-medium size-medium wp-image-5006\" alt=\"\" srcset=\"https:\/\/eaglevalais.ch\/wp-content\/uploads\/2024\/03\/tour_alpes_valaisannes_1-300x130.webp 300w, https:\/\/eaglevalais.ch\/wp-content\/uploads\/2024\/03\/tour_alpes_valaisannes_1-1024x443.webp 1024w, https:\/\/eaglevalais.ch\/wp-content\/uploads\/2024\/03\/tour_alpes_valaisannes_1-768x332.webp 768w, https:\/\/eaglevalais.ch\/wp-content\/uploads\/2024\/03\/tour_alpes_valaisannes_1-1536x664.webp 1536w, https:\/\/eaglevalais.ch\/wp-content\/uploads\/2024\/03\/tour_alpes_valaisannes_1-2048x885.webp 2048w\" sizes=\"(max-width: 300px) 100vw, 300px\" \/>\n            <\/div>\n        <\/div><div class=\"eael-entry-wrapper\"><header class=\"eael-entry-header\"><p class=\"eael-entry-title\"><a class=\"eael-grid-post-link\" href=\"https:\/\/eaglevalais.ch\/de\/panoramafluege\/tour-durch-die-walliser-alpen\/\" title=\"Tour durch die Walliser Alpen\">Tour durch die Walliser Alpen<\/a><\/p><\/header><\/div><\/div>\n        <\/div>\n    <\/article><article class=\"eael-grid-post  eael-post-grid-column eael-pg-post-6146\" data-id=\"6146\">\n        <div class=\"eael-grid-post-holder\">\n            <div class=\"eael-grid-post-holder-inner\"><div class=\"eael-entry-media\"><div class=\"eael-entry-overlay fade-in\"><i class=\"fas fa-long-arrow-alt-right\" aria-hidden=\"true\"><\/i><a href=\"https:\/\/eaglevalais.ch\/de\/panoramafluege\/das-noerdliche-rhone-tal\/\"><\/a><\/div><div class=\"eael-entry-thumbnail eael-image-ratio\">\n                <img loading=\"lazy\" decoding=\"async\" width=\"300\" height=\"127\" src=\"https:\/\/eaglevalais.ch\/wp-content\/uploads\/2024\/03\/vallee_rhone-300x127.webp\" class=\"attachment-medium size-medium wp-image-4996\" alt=\"\" srcset=\"https:\/\/eaglevalais.ch\/wp-content\/uploads\/2024\/03\/vallee_rhone-300x127.webp 300w, https:\/\/eaglevalais.ch\/wp-content\/uploads\/2024\/03\/vallee_rhone-1024x432.webp 1024w, https:\/\/eaglevalais.ch\/wp-content\/uploads\/2024\/03\/vallee_rhone-768x324.webp 768w, https:\/\/eaglevalais.ch\/wp-content\/uploads\/2024\/03\/vallee_rhone-1536x648.webp 1536w, https:\/\/eaglevalais.ch\/wp-content\/uploads\/2024\/03\/vallee_rhone.webp 1600w\" sizes=\"(max-width: 300px) 100vw, 300px\" \/>\n            <\/div>\n        <\/div><div class=\"eael-entry-wrapper\"><header class=\"eael-entry-header\"><p class=\"eael-entry-title\"><a class=\"eael-grid-post-link\" href=\"https:\/\/eaglevalais.ch\/de\/panoramafluege\/das-noerdliche-rhone-tal\/\" title=\"Das n\u00f6rdliche Rh\u00f4ne-Tal\">Das n\u00f6rdliche Rh\u00f4ne-Tal<\/a><\/p><\/header><\/div><\/div>\n        <\/div>\n    <\/article><article class=\"eael-grid-post  eael-post-grid-column eael-pg-post-6143\" data-id=\"6143\">\n        <div class=\"eael-grid-post-holder\">\n            <div class=\"eael-grid-post-holder-inner\"><div class=\"eael-entry-media\"><div class=\"eael-entry-overlay fade-in\"><i class=\"fas fa-long-arrow-alt-right\" aria-hidden=\"true\"><\/i><a href=\"https:\/\/eaglevalais.ch\/de\/panoramafluege\/die-gletscherpatrouille\/\"><\/a><\/div><div class=\"eael-entry-thumbnail eael-image-ratio\">\n                <img loading=\"lazy\" decoding=\"async\" width=\"300\" height=\"129\" src=\"https:\/\/eaglevalais.ch\/wp-content\/uploads\/2024\/03\/patrouille_des_glaciers-300x129.webp\" class=\"attachment-medium size-medium wp-image-5004\" alt=\"\" srcset=\"https:\/\/eaglevalais.ch\/wp-content\/uploads\/2024\/03\/patrouille_des_glaciers-300x129.webp 300w, https:\/\/eaglevalais.ch\/wp-content\/uploads\/2024\/03\/patrouille_des_glaciers-1024x439.webp 1024w, https:\/\/eaglevalais.ch\/wp-content\/uploads\/2024\/03\/patrouille_des_glaciers-768x329.webp 768w, https:\/\/eaglevalais.ch\/wp-content\/uploads\/2024\/03\/patrouille_des_glaciers-1536x659.webp 1536w, https:\/\/eaglevalais.ch\/wp-content\/uploads\/2024\/03\/patrouille_des_glaciers.webp 1600w\" sizes=\"(max-width: 300px) 100vw, 300px\" \/>\n            <\/div>\n        <\/div><div class=\"eael-entry-wrapper\"><header class=\"eael-entry-header\"><p class=\"eael-entry-title\"><a class=\"eael-grid-post-link\" href=\"https:\/\/eaglevalais.ch\/de\/panoramafluege\/die-gletscherpatrouille\/\" title=\"La patrouille des Glaciers\">La patrouille des Glaciers<\/a><\/p><\/header><\/div><\/div>\n        <\/div>\n    <\/article><\/div>\n            <div class=\"clearfix\"><\/div>\n        <\/div>            <div class=\"eael-load-more-button-wrap eael-force-hide\">\n                <button class=\"eael-load-more-button\" id=\"eael-load-more-btn-1429307\" data-widget-id=\"1429307\" data-widget=\"1429307\" data-page-id=\"6126\" data-template=\"{&quot;dir&quot;:&quot;lite&quot;,&quot;file_name&quot;:&quot;one.php&quot;,&quot;name&quot;:&quot;Post-Grid&quot;}\" data-class=\"Essential_Addons_Elementor\\Elements\\Post_Grid\" data-layout=\"grid\" data-page=\"1\" data-args=\"orderby=menu_order&amp;order=asc&amp;ignore_sticky_posts=1&amp;post_status=publish&amp;posts_per_page=4&amp;offset=0&amp;post_type=page&amp;post__not_in%5B0%5D=1728&amp;post__not_in%5B1%5D=769&amp;post__not_in%5B2%5D=774&amp;post__not_in%5B3%5D=789&amp;post__not_in%5B4%5D=822&amp;post__not_in%5B5%5D=824&amp;post__not_in%5B6%5D=826&amp;post__not_in%5B7%5D=828&amp;post__not_in%5B8%5D=785&amp;post__not_in%5B9%5D=830&amp;post__not_in%5B10%5D=834&amp;post__not_in%5B11%5D=836&amp;post__not_in%5B12%5D=838&amp;post__not_in%5B13%5D=840&amp;post__not_in%5B14%5D=842&amp;post__not_in%5B15%5D=1351&amp;post__not_in%5B16%5D=844&amp;post__not_in%5B17%5D=1330&amp;post__not_in%5B18%5D=1397&amp;post__not_in%5B19%5D=1424&amp;post__not_in%5B20%5D=1410&amp;post__not_in%5B21%5D=1416&amp;post__not_in%5B22%5D=1380&amp;post__not_in%5B23%5D=1443&amp;post__not_in%5B24%5D=1422&amp;post__not_in%5B25%5D=1389&amp;post__not_in%5B26%5D=1749&amp;post__not_in%5B27%5D=2601&amp;post__not_in%5B28%5D=2630&amp;post__not_in%5B29%5D=2578\" data-max-page=\"2\">\n                    <span class=\"eael-btn-loader button__loader\"><\/span>\n                    <span class=\"eael_load_more_text\">Load More<\/span>\n                <\/button>\n            <\/div>\n            \t\t\t\t<\/div>\n\t\t\t\t<\/div>\n\t\t\t\t<\/div>\n\t\t\t\t<\/div>\n\t\t","protected":false},"excerpt":{"rendered":"<p>Tour durch die Walliser Alpen Panoramaflug \u00fcber die Walliser Alpen 60 Min. Erkunden Sie die Pracht der Walliser Alpen auf unserem Hubschrauberrundflug von Sion aus. F\u00fcr Einzelheiten zur Organisation des Fluges und Antworten auf Ihre Fragen wenden Sie sich bitte an uns. Bitte beachten Sie, dass Fl\u00fcge \u00fcber die Schweizer Alpen wechselnden Wetterbedingungen unterworfen sind. [&hellip;]<\/p>\n","protected":false},"author":2,"featured_media":5006,"parent":6120,"menu_order":0,"comment_status":"closed","ping_status":"closed","template":"elementor_header_footer","meta":{"footnotes":""},"class_list":["post-6126","page","type-page","status-publish","has-post-thumbnail","hentry"],"yoast_head":"<!-- This site is optimized with the Yoast SEO plugin v26.8 - https:\/\/yoast.com\/product\/yoast-seo-wordpress\/ -->\n<title>Tour durch die Walliser Alpen | Eagle Valais<\/title>\n<meta name=\"description\" content=\"Entdecken Sie die Pracht der Walliser Alpen auf unserem Hubschrauberrundflug ab Sion. Fliegen Sie jetzt!\" \/>\n<meta name=\"robots\" content=\"index, follow, max-snippet:-1, max-image-preview:large, max-video-preview:-1\" \/>\n<link rel=\"canonical\" href=\"https:\/\/eaglevalais.ch\/de\/panoramafluege\/tour-durch-die-walliser-alpen\/\" \/>\n<meta property=\"og:locale\" content=\"de_DE\" \/>\n<meta property=\"og:type\" content=\"article\" \/>\n<meta property=\"og:title\" content=\"Tour durch die Walliser Alpen | Eagle Valais\" \/>\n<meta property=\"og:description\" content=\"Entdecken Sie die Pracht der Walliser Alpen auf unserem Hubschrauberrundflug ab Sion. Fliegen Sie jetzt!\" \/>\n<meta property=\"og:url\" content=\"https:\/\/eaglevalais.ch\/de\/panoramafluege\/tour-durch-die-walliser-alpen\/\" \/>\n<meta property=\"og:site_name\" content=\"Eagle Valais\" \/>\n<meta property=\"article:publisher\" content=\"https:\/\/www.facebook.com\/profile.php?id=100058790670238\" \/>\n<meta property=\"article:modified_time\" content=\"2025-06-27T14:02:47+00:00\" \/>\n<meta property=\"og:image\" content=\"http:\/\/eaglevalais.ch\/wp-content\/uploads\/2024\/03\/tour_alpes_valaisannes_1-scaled.webp\" \/>\n\t<meta property=\"og:image:width\" content=\"2560\" \/>\n\t<meta property=\"og:image:height\" content=\"1106\" \/>\n\t<meta property=\"og:image:type\" content=\"image\/webp\" \/>\n<meta name=\"twitter:card\" content=\"summary_large_image\" \/>\n<meta name=\"twitter:label1\" content=\"Gesch\u00e4tzte Lesezeit\" \/>\n\t<meta name=\"twitter:data1\" content=\"4\u00a0Minuten\" \/>\n<script type=\"application\/ld+json\" class=\"yoast-schema-graph\">{\"@context\":\"https:\/\/schema.org\",\"@graph\":[{\"@type\":\"WebPage\",\"@id\":\"https:\/\/eaglevalais.ch\/de\/panoramafluege\/tour-durch-die-walliser-alpen\/\",\"url\":\"https:\/\/eaglevalais.ch\/de\/panoramafluege\/tour-durch-die-walliser-alpen\/\",\"name\":\"Tour durch die Walliser Alpen | Eagle Valais\",\"isPartOf\":{\"@id\":\"https:\/\/eaglevalais.ch\/de\/#website\"},\"primaryImageOfPage\":{\"@id\":\"https:\/\/eaglevalais.ch\/de\/panoramafluege\/tour-durch-die-walliser-alpen\/#primaryimage\"},\"image\":{\"@id\":\"https:\/\/eaglevalais.ch\/de\/panoramafluege\/tour-durch-die-walliser-alpen\/#primaryimage\"},\"thumbnailUrl\":\"https:\/\/eaglevalais.ch\/wp-content\/uploads\/2024\/03\/tour_alpes_valaisannes_1-scaled.webp\",\"datePublished\":\"2024-03-19T10:15:50+00:00\",\"dateModified\":\"2025-06-27T14:02:47+00:00\",\"description\":\"Entdecken Sie die Pracht der Walliser Alpen auf unserem Hubschrauberrundflug ab Sion. Fliegen Sie jetzt!\",\"breadcrumb\":{\"@id\":\"https:\/\/eaglevalais.ch\/de\/panoramafluege\/tour-durch-die-walliser-alpen\/#breadcrumb\"},\"inLanguage\":\"de\",\"potentialAction\":[{\"@type\":\"ReadAction\",\"target\":[\"https:\/\/eaglevalais.ch\/de\/panoramafluege\/tour-durch-die-walliser-alpen\/\"]}]},{\"@type\":\"ImageObject\",\"inLanguage\":\"de\",\"@id\":\"https:\/\/eaglevalais.ch\/de\/panoramafluege\/tour-durch-die-walliser-alpen\/#primaryimage\",\"url\":\"https:\/\/eaglevalais.ch\/wp-content\/uploads\/2024\/03\/tour_alpes_valaisannes_1-scaled.webp\",\"contentUrl\":\"https:\/\/eaglevalais.ch\/wp-content\/uploads\/2024\/03\/tour_alpes_valaisannes_1-scaled.webp\",\"width\":2560,\"height\":1106,\"caption\":\"helicopter of eagle valais\"},{\"@type\":\"BreadcrumbList\",\"@id\":\"https:\/\/eaglevalais.ch\/de\/panoramafluege\/tour-durch-die-walliser-alpen\/#breadcrumb\",\"itemListElement\":[{\"@type\":\"ListItem\",\"position\":1,\"name\":\"Accueil\",\"item\":\"https:\/\/eaglevalais.ch\/de\/\"},{\"@type\":\"ListItem\",\"position\":2,\"name\":\"Panoramafl\u00fcge\",\"item\":\"https:\/\/eaglevalais.ch\/de\/panoramafluege\/\"},{\"@type\":\"ListItem\",\"position\":3,\"name\":\"Tour durch die Walliser Alpen\"}]},{\"@type\":\"WebSite\",\"@id\":\"https:\/\/eaglevalais.ch\/de\/#website\",\"url\":\"https:\/\/eaglevalais.ch\/de\/\",\"name\":\"Eagle Valais\",\"description\":\"Les sp\u00e9cialistes du transport et du travail a\u00e9rien.\",\"publisher\":{\"@id\":\"https:\/\/eaglevalais.ch\/de\/#organization\"},\"potentialAction\":[{\"@type\":\"SearchAction\",\"target\":{\"@type\":\"EntryPoint\",\"urlTemplate\":\"https:\/\/eaglevalais.ch\/de\/?s={search_term_string}\"},\"query-input\":{\"@type\":\"PropertyValueSpecification\",\"valueRequired\":true,\"valueName\":\"search_term_string\"}}],\"inLanguage\":\"de\"},{\"@type\":\"Organization\",\"@id\":\"https:\/\/eaglevalais.ch\/de\/#organization\",\"name\":\"Eagle Valais\",\"url\":\"https:\/\/eaglevalais.ch\/de\/\",\"logo\":{\"@type\":\"ImageObject\",\"inLanguage\":\"de\",\"@id\":\"https:\/\/eaglevalais.ch\/de\/#\/schema\/logo\/image\/\",\"url\":\"https:\/\/eaglevalais.ch\/wp-content\/uploads\/2024\/03\/cropped-cropped-eagle_logo_Valais-OFFICIAL_2017_173x93.png\",\"contentUrl\":\"https:\/\/eaglevalais.ch\/wp-content\/uploads\/2024\/03\/cropped-cropped-eagle_logo_Valais-OFFICIAL_2017_173x93.png\",\"width\":718,\"height\":384,\"caption\":\"Eagle Valais\"},\"image\":{\"@id\":\"https:\/\/eaglevalais.ch\/de\/#\/schema\/logo\/image\/\"},\"sameAs\":[\"https:\/\/www.facebook.com\/profile.php?id=100058790670238\",\"https:\/\/www.instagram.com\/eagle_valais\/\"]}]}<\/script>\n<!-- \/ Yoast SEO plugin. -->","yoast_head_json":{"title":"Tour durch die Walliser Alpen | Eagle Valais","description":"Entdecken Sie die Pracht der Walliser Alpen auf unserem Hubschrauberrundflug ab Sion. Fliegen Sie jetzt!","robots":{"index":"index","follow":"follow","max-snippet":"max-snippet:-1","max-image-preview":"max-image-preview:large","max-video-preview":"max-video-preview:-1"},"canonical":"https:\/\/eaglevalais.ch\/de\/panoramafluege\/tour-durch-die-walliser-alpen\/","og_locale":"de_DE","og_type":"article","og_title":"Tour durch die Walliser Alpen | Eagle Valais","og_description":"Entdecken Sie die Pracht der Walliser Alpen auf unserem Hubschrauberrundflug ab Sion. Fliegen Sie jetzt!","og_url":"https:\/\/eaglevalais.ch\/de\/panoramafluege\/tour-durch-die-walliser-alpen\/","og_site_name":"Eagle Valais","article_publisher":"https:\/\/www.facebook.com\/profile.php?id=100058790670238","article_modified_time":"2025-06-27T14:02:47+00:00","og_image":[{"width":2560,"height":1106,"url":"http:\/\/eaglevalais.ch\/wp-content\/uploads\/2024\/03\/tour_alpes_valaisannes_1-scaled.webp","type":"image\/webp"}],"twitter_card":"summary_large_image","twitter_misc":{"Gesch\u00e4tzte Lesezeit":"4\u00a0Minuten"},"schema":{"@context":"https:\/\/schema.org","@graph":[{"@type":"WebPage","@id":"https:\/\/eaglevalais.ch\/de\/panoramafluege\/tour-durch-die-walliser-alpen\/","url":"https:\/\/eaglevalais.ch\/de\/panoramafluege\/tour-durch-die-walliser-alpen\/","name":"Tour durch die Walliser Alpen | Eagle Valais","isPartOf":{"@id":"https:\/\/eaglevalais.ch\/de\/#website"},"primaryImageOfPage":{"@id":"https:\/\/eaglevalais.ch\/de\/panoramafluege\/tour-durch-die-walliser-alpen\/#primaryimage"},"image":{"@id":"https:\/\/eaglevalais.ch\/de\/panoramafluege\/tour-durch-die-walliser-alpen\/#primaryimage"},"thumbnailUrl":"https:\/\/eaglevalais.ch\/wp-content\/uploads\/2024\/03\/tour_alpes_valaisannes_1-scaled.webp","datePublished":"2024-03-19T10:15:50+00:00","dateModified":"2025-06-27T14:02:47+00:00","description":"Entdecken Sie die Pracht der Walliser Alpen auf unserem Hubschrauberrundflug ab Sion. Fliegen Sie jetzt!","breadcrumb":{"@id":"https:\/\/eaglevalais.ch\/de\/panoramafluege\/tour-durch-die-walliser-alpen\/#breadcrumb"},"inLanguage":"de","potentialAction":[{"@type":"ReadAction","target":["https:\/\/eaglevalais.ch\/de\/panoramafluege\/tour-durch-die-walliser-alpen\/"]}]},{"@type":"ImageObject","inLanguage":"de","@id":"https:\/\/eaglevalais.ch\/de\/panoramafluege\/tour-durch-die-walliser-alpen\/#primaryimage","url":"https:\/\/eaglevalais.ch\/wp-content\/uploads\/2024\/03\/tour_alpes_valaisannes_1-scaled.webp","contentUrl":"https:\/\/eaglevalais.ch\/wp-content\/uploads\/2024\/03\/tour_alpes_valaisannes_1-scaled.webp","width":2560,"height":1106,"caption":"helicopter of eagle valais"},{"@type":"BreadcrumbList","@id":"https:\/\/eaglevalais.ch\/de\/panoramafluege\/tour-durch-die-walliser-alpen\/#breadcrumb","itemListElement":[{"@type":"ListItem","position":1,"name":"Accueil","item":"https:\/\/eaglevalais.ch\/de\/"},{"@type":"ListItem","position":2,"name":"Panoramafl\u00fcge","item":"https:\/\/eaglevalais.ch\/de\/panoramafluege\/"},{"@type":"ListItem","position":3,"name":"Tour durch die Walliser Alpen"}]},{"@type":"WebSite","@id":"https:\/\/eaglevalais.ch\/de\/#website","url":"https:\/\/eaglevalais.ch\/de\/","name":"Eagle Valais","description":"Les sp\u00e9cialistes du transport et du travail a\u00e9rien.","publisher":{"@id":"https:\/\/eaglevalais.ch\/de\/#organization"},"potentialAction":[{"@type":"SearchAction","target":{"@type":"EntryPoint","urlTemplate":"https:\/\/eaglevalais.ch\/de\/?s={search_term_string}"},"query-input":{"@type":"PropertyValueSpecification","valueRequired":true,"valueName":"search_term_string"}}],"inLanguage":"de"},{"@type":"Organization","@id":"https:\/\/eaglevalais.ch\/de\/#organization","name":"Eagle Valais","url":"https:\/\/eaglevalais.ch\/de\/","logo":{"@type":"ImageObject","inLanguage":"de","@id":"https:\/\/eaglevalais.ch\/de\/#\/schema\/logo\/image\/","url":"https:\/\/eaglevalais.ch\/wp-content\/uploads\/2024\/03\/cropped-cropped-eagle_logo_Valais-OFFICIAL_2017_173x93.png","contentUrl":"https:\/\/eaglevalais.ch\/wp-content\/uploads\/2024\/03\/cropped-cropped-eagle_logo_Valais-OFFICIAL_2017_173x93.png","width":718,"height":384,"caption":"Eagle Valais"},"image":{"@id":"https:\/\/eaglevalais.ch\/de\/#\/schema\/logo\/image\/"},"sameAs":["https:\/\/www.facebook.com\/profile.php?id=100058790670238","https:\/\/www.instagram.com\/eagle_valais\/"]}]}},"_links":{"self":[{"href":"https:\/\/eaglevalais.ch\/de\/wp-json\/wp\/v2\/pages\/6126","targetHints":{"allow":["GET"]}}],"collection":[{"href":"https:\/\/eaglevalais.ch\/de\/wp-json\/wp\/v2\/pages"}],"about":[{"href":"https:\/\/eaglevalais.ch\/de\/wp-json\/wp\/v2\/types\/page"}],"author":[{"embeddable":true,"href":"https:\/\/eaglevalais.ch\/de\/wp-json\/wp\/v2\/users\/2"}],"replies":[{"embeddable":true,"href":"https:\/\/eaglevalais.ch\/de\/wp-json\/wp\/v2\/comments?post=6126"}],"version-history":[{"count":7,"href":"https:\/\/eaglevalais.ch\/de\/wp-json\/wp\/v2\/pages\/6126\/revisions"}],"predecessor-version":[{"id":6375,"href":"https:\/\/eaglevalais.ch\/de\/wp-json\/wp\/v2\/pages\/6126\/revisions\/6375"}],"up":[{"embeddable":true,"href":"https:\/\/eaglevalais.ch\/de\/wp-json\/wp\/v2\/pages\/6120"}],"wp:featuredmedia":[{"embeddable":true,"href":"https:\/\/eaglevalais.ch\/de\/wp-json\/wp\/v2\/media\/5006"}],"wp:attachment":[{"href":"https:\/\/eaglevalais.ch\/de\/wp-json\/wp\/v2\/media?parent=6126"}],"curies":[{"name":"wp","href":"https:\/\/api.w.org\/{rel}","templated":true}]}}