{"id":5121,"date":"2024-03-01T15:17:55","date_gmt":"2024-03-01T14:17:55","guid":{"rendered":"https:\/\/new.eaglevalais.ch\/umgebung\/"},"modified":"2024-10-04T10:51:13","modified_gmt":"2024-10-04T08:51:13","slug":"umgebung","status":"publish","type":"page","link":"https:\/\/eaglevalais.ch\/de\/umgebung\/","title":{"rendered":"Umgebung"},"content":{"rendered":"\t\t<div data-elementor-type=\"wp-page\" data-elementor-id=\"5121\" class=\"elementor elementor-5121 elementor-1443\">\n\t\t\t\t<div class=\"elementor-element elementor-element-405abf4a e-con-full e-flex e-con e-parent\" data-id=\"405abf4a\" data-element_type=\"container\" data-e-type=\"container\">\n\t\t<div class=\"elementor-element elementor-element-737496 e-con-full e-flex e-con e-child\" data-id=\"737496\" data-element_type=\"container\" data-e-type=\"container\" data-settings=\"{&quot;background_background&quot;:&quot;slideshow&quot;,&quot;background_slideshow_gallery&quot;:[{&quot;id&quot;:4308,&quot;url&quot;:&quot;https:\\\/\\\/new.eaglevalais.ch\\\/wp-content\\\/uploads\\\/2024\\\/05\\\/Vol-panoramique10-scaled.webp&quot;}],&quot;background_slideshow_slide_duration&quot;:5000,&quot;background_slideshow_slide_transition&quot;:&quot;fade&quot;,&quot;background_slideshow_transition_duration&quot;:500}\">\n\t\t\t\t<div class=\"elementor-element elementor-element-56cf5a3f elementor-widget elementor-widget-spacer\" data-id=\"56cf5a3f\" data-element_type=\"widget\" data-e-type=\"widget\" data-widget_type=\"spacer.default\">\n\t\t\t\t<div class=\"elementor-widget-container\">\n\t\t\t\t\t\t\t<div class=\"elementor-spacer\">\n\t\t\t<div class=\"elementor-spacer-inner\"><\/div>\n\t\t<\/div>\n\t\t\t\t\t\t<\/div>\n\t\t\t\t<\/div>\n\t\t\t\t<div class=\"elementor-element elementor-element-3ce2c731 elementor-widget__width-auto elementor-invisible elementor-widget elementor-widget-heading\" data-id=\"3ce2c731\" data-element_type=\"widget\" data-e-type=\"widget\" data-settings=\"{&quot;_animation&quot;:&quot;fadeIn&quot;}\" data-widget_type=\"heading.default\">\n\t\t\t\t<div class=\"elementor-widget-container\">\n\t\t\t\t\t<h1 class=\"elementor-heading-title elementor-size-default\">Umgebung<\/h1>\t\t\t\t<\/div>\n\t\t\t\t<\/div>\n\t\t\t\t<\/div>\n\t\t\t\t<\/div>\n\t\t<div class=\"elementor-element elementor-element-1d29ed1 e-con-full e-flex e-con e-parent\" data-id=\"1d29ed1\" data-element_type=\"container\" data-e-type=\"container\" data-settings=\"{&quot;background_background&quot;:&quot;classic&quot;}\">\n\t\t<div class=\"elementor-element elementor-element-b6c9028 e-con-full e-flex e-con e-child\" data-id=\"b6c9028\" data-element_type=\"container\" data-e-type=\"container\">\n\t\t\t\t<div class=\"elementor-element elementor-element-9463cc7 elementor-widget elementor-widget-heading\" data-id=\"9463cc7\" data-element_type=\"widget\" data-e-type=\"widget\" data-widget_type=\"heading.default\">\n\t\t\t\t<div class=\"elementor-widget-container\">\n\t\t\t\t\t<h2 class=\"elementor-heading-title elementor-size-default\">Ma\u00dfnahmen f\u00fcr eine nachhaltige Zukunft<\/h2>\t\t\t\t<\/div>\n\t\t\t\t<\/div>\n\t\t\t\t<div class=\"elementor-element elementor-element-f3c43f7 elementor-widget elementor-widget-text-editor\" data-id=\"f3c43f7\" data-element_type=\"widget\" data-e-type=\"widget\" data-widget_type=\"text-editor.default\">\n\t\t\t\t<div class=\"elementor-widget-container\">\n\t\t\t\t\t\t\t\t\t<p>Wir arbeiten jeden Tag daran, unsere Auswirkungen auf die Umwelt zu begrenzen, ein Thema, das wir weiterhin sensibel und wachsam verfolgen.<\/p>\n<p>Unsere Teams arbeiten derzeit an unserer Umweltcharta, in der die Ma\u00dfnahmen der Gruppe f\u00fcr eine sauberere Luftfahrt zusammengefasst sind.  <\/p>\n<p>Unser Ziel ist es, unseren \u00f6kologischen Fu\u00dfabdruck zu minimieren, indem wir nachhaltige Praktiken anwenden und unseren Betrieb optimieren, um die CO2-Emissionen zu reduzieren.<\/p>\n\t\t\t\t\t\t\t\t<\/div>\n\t\t\t\t<\/div>\n\t\t\t\t<div class=\"elementor-element elementor-element-f0cab97 elementor-widget elementor-widget-heading\" data-id=\"f0cab97\" data-element_type=\"widget\" data-e-type=\"widget\" data-widget_type=\"heading.default\">\n\t\t\t\t<div class=\"elementor-widget-container\">\n\t\t\t\t\t<h3 class=\"elementor-heading-title elementor-size-default\">Schl\u00fcsselinitiativen :<\/h3>\t\t\t\t<\/div>\n\t\t\t\t<\/div>\n\t\t\t\t<div class=\"elementor-element elementor-element-fdefe26 elementor-widget elementor-widget-text-editor\" data-id=\"fdefe26\" data-element_type=\"widget\" data-e-type=\"widget\" data-widget_type=\"text-editor.default\">\n\t\t\t\t<div class=\"elementor-widget-container\">\n\t\t\t\t\t\t\t\t\t<ul>\n<li>Entwicklung und Umsetzung unserer Umweltcharta.<\/li>\n<li>Einf\u00fchrung innovativer Technologien und Kraftstoffe zur Verringerung der Emissionen.<\/li>\n<li>Sensibilisierung und kontinuierliche Schulung unserer Teams in Bezug auf die besten Umweltpraktiken.<\/li>\n<\/ul>\n\t\t\t\t\t\t\t\t<\/div>\n\t\t\t\t<\/div>\n\t\t\t\t<\/div>\n\t\t\t\t<div class=\"elementor-element elementor-element-c4aa44c elementor-widget elementor-widget-image\" data-id=\"c4aa44c\" data-element_type=\"widget\" data-e-type=\"widget\" data-widget_type=\"image.default\">\n\t\t\t\t<div class=\"elementor-widget-container\">\n\t\t\t\t\t\t\t\t\t\t\t\t\t\t\t<img fetchpriority=\"high\" decoding=\"async\" width=\"448\" height=\"300\" src=\"https:\/\/eaglevalais.ch\/wp-content\/uploads\/2024\/06\/empreinte-ecologique.webp\" class=\"attachment-medium_large size-medium_large wp-image-5118\" alt=\"\" srcset=\"https:\/\/eaglevalais.ch\/wp-content\/uploads\/2024\/06\/empreinte-ecologique.webp 448w, https:\/\/eaglevalais.ch\/wp-content\/uploads\/2024\/06\/empreinte-ecologique-300x201.webp 300w\" sizes=\"(max-width: 448px) 100vw, 448px\" \/>\t\t\t\t\t\t\t\t\t\t\t\t\t\t\t<\/div>\n\t\t\t\t<\/div>\n\t\t\t\t<\/div>\n\t\t<div class=\"elementor-element elementor-element-0c3b6f8 e-con-full e-flex e-con e-parent\" data-id=\"0c3b6f8\" data-element_type=\"container\" data-e-type=\"container\" data-settings=\"{&quot;background_background&quot;:&quot;classic&quot;}\">\n\t\t<div class=\"elementor-element elementor-element-60b5c04 e-con-full e-flex e-con e-child\" data-id=\"60b5c04\" data-element_type=\"container\" data-e-type=\"container\">\n\t\t\t\t<div class=\"elementor-element elementor-element-7454763 elementor-widget elementor-widget-heading\" data-id=\"7454763\" data-element_type=\"widget\" data-e-type=\"widget\" data-widget_type=\"heading.default\">\n\t\t\t\t<div class=\"elementor-widget-container\">\n\t\t\t\t\t<h2 class=\"elementor-heading-title elementor-size-default\">Grundlegende Dienstleistungen f\u00fcr die Bev\u00f6lkerung<\/h2>\t\t\t\t<\/div>\n\t\t\t\t<\/div>\n\t\t\t\t<div class=\"elementor-element elementor-element-2f3f4e6 elementor-widget elementor-widget-text-editor\" data-id=\"2f3f4e6\" data-element_type=\"widget\" data-e-type=\"widget\" data-widget_type=\"text-editor.default\">\n\t\t\t\t<div class=\"elementor-widget-container\">\n\t\t\t\t\t\t\t\t\t<p>Heute ist ein Teil unserer Aktivit\u00e4ten dem Rettungsdienst f\u00fcr die Bev\u00f6lkerung, der Bergrettung und der Bek\u00e4mpfung und \u00dcberwachung von Waldbr\u00e4nden gewidmet.<br \/>\nUnsere Bem\u00fchungen umfassen auch die Wartung von Flugzeugen und Arbeiten an Stromnetzen. <\/p>\n\t\t\t\t\t\t\t\t<\/div>\n\t\t\t\t<\/div>\n\t\t\t\t<div class=\"elementor-element elementor-element-a7c087d elementor-widget elementor-widget-heading\" data-id=\"a7c087d\" data-element_type=\"widget\" data-e-type=\"widget\" data-widget_type=\"heading.default\">\n\t\t\t\t<div class=\"elementor-widget-container\">\n\t\t\t\t\t<h3 class=\"elementor-heading-title elementor-size-default\">Interventionsbereiche :<\/h3>\t\t\t\t<\/div>\n\t\t\t\t<\/div>\n\t\t\t\t<div class=\"elementor-element elementor-element-ceb562e elementor-widget elementor-widget-text-editor\" data-id=\"ceb562e\" data-element_type=\"widget\" data-e-type=\"widget\" data-widget_type=\"text-editor.default\">\n\t\t\t\t<div class=\"elementor-widget-container\">\n\t\t\t\t\t\t\t\t\t<ul>\n<li><strong>Medizinische Dienste<\/strong>: Transport und Notfalleins\u00e4tze.<\/li>\n<li><strong>Bergrettung<\/strong>: Rettungsaktionen in schwierigem Gel\u00e4nde.<\/li>\n<li><strong><a href=\"https:\/\/new.eaglevalais.ch\/travail-aerien\/lutte-contre-les-incendies\/\">Bek\u00e4mpfung von Br\u00e4nden<\/a><\/strong> \u00dcberwachung und Intervention zur Vermeidung von Waldbr\u00e4nden.<\/li>\n<li><strong><a href=\"https:\/\/new.eaglevalais.ch\/maintenance\/\">Wartung<\/a><\/strong> Wartung: Wartung der Ausr\u00fcstung, um Sicherheit und Effizienz zu gew\u00e4hrleisten.<\/li>\n<\/ul>\n\t\t\t\t\t\t\t\t<\/div>\n\t\t\t\t<\/div>\n\t\t\t\t<\/div>\n\t\t\t\t<div class=\"elementor-element elementor-element-dc38c93 elementor-widget elementor-widget-image\" data-id=\"dc38c93\" data-element_type=\"widget\" data-e-type=\"widget\" data-widget_type=\"image.default\">\n\t\t\t\t<div class=\"elementor-widget-container\">\n\t\t\t\t\t\t\t\t\t\t\t\t\t\t\t<img decoding=\"async\" width=\"768\" height=\"512\" src=\"https:\/\/eaglevalais.ch\/wp-content\/uploads\/2024\/03\/Feu3-768x512.webp\" class=\"attachment-medium_large size-medium_large wp-image-5014\" alt=\"\" srcset=\"https:\/\/eaglevalais.ch\/wp-content\/uploads\/2024\/03\/Feu3-768x512.webp 768w, https:\/\/eaglevalais.ch\/wp-content\/uploads\/2024\/03\/Feu3-300x200.webp 300w, https:\/\/eaglevalais.ch\/wp-content\/uploads\/2024\/03\/Feu3-1024x682.webp 1024w, https:\/\/eaglevalais.ch\/wp-content\/uploads\/2024\/03\/Feu3-1536x1024.webp 1536w, https:\/\/eaglevalais.ch\/wp-content\/uploads\/2024\/03\/Feu3.webp 2000w\" sizes=\"(max-width: 768px) 100vw, 768px\" \/>\t\t\t\t\t\t\t\t\t\t\t\t\t\t\t<\/div>\n\t\t\t\t<\/div>\n\t\t\t\t<\/div>\n\t\t<div class=\"elementor-element elementor-element-f57889f e-con-full e-flex e-con e-parent\" data-id=\"f57889f\" data-element_type=\"container\" data-e-type=\"container\" data-settings=\"{&quot;background_background&quot;:&quot;classic&quot;}\">\n\t\t<div class=\"elementor-element elementor-element-da2308a e-con-full e-flex e-con e-child\" data-id=\"da2308a\" data-element_type=\"container\" data-e-type=\"container\">\n\t\t\t\t<div class=\"elementor-element elementor-element-f8690fa elementor-widget elementor-widget-heading\" data-id=\"f8690fa\" data-element_type=\"widget\" data-e-type=\"widget\" data-widget_type=\"heading.default\">\n\t\t\t\t<div class=\"elementor-widget-container\">\n\t\t\t\t\t<h2 class=\"elementor-heading-title elementor-size-default\">Nachhaltiger Flugzeugtreibstoff: ein Schritt in die Zukunft<\/h2>\t\t\t\t<\/div>\n\t\t\t\t<\/div>\n\t\t\t\t<div class=\"elementor-element elementor-element-97aacb3 elementor-widget elementor-widget-text-editor\" data-id=\"97aacb3\" data-element_type=\"widget\" data-e-type=\"widget\" data-widget_type=\"text-editor.default\">\n\t\t\t\t<div class=\"elementor-widget-container\">\n\t\t\t\t\t\t\t\t\t<p style=\"text-align: left;\">Was ist nachhaltiger Flugzeugtreibstoff?<br \/>\nDieser Treibstoff wird aus nachhaltigen Quellen wie Biomasse, landwirtschaftlichen Abf\u00e4llen, Pflanzen\u00f6len, Algen oder Haushaltsabf\u00e4llen hergestellt und reduziert die CO2-Emissionen im Vergleich zu herk\u00f6mmlichen Treibstoffen erheblich. <\/p>\n\t\t\t\t\t\t\t\t<\/div>\n\t\t\t\t<\/div>\n\t\t\t\t<div class=\"elementor-element elementor-element-fdead18 elementor-widget elementor-widget-heading\" data-id=\"fdead18\" data-element_type=\"widget\" data-e-type=\"widget\" data-widget_type=\"heading.default\">\n\t\t\t\t<div class=\"elementor-widget-container\">\n\t\t\t\t\t<h3 class=\"elementor-heading-title elementor-size-default\">Vorteile und Ambitionen :<\/h3>\t\t\t\t<\/div>\n\t\t\t\t<\/div>\n\t\t\t\t<div class=\"elementor-element elementor-element-1592854 elementor-widget elementor-widget-text-editor\" data-id=\"1592854\" data-element_type=\"widget\" data-e-type=\"widget\" data-widget_type=\"text-editor.default\">\n\t\t\t\t<div class=\"elementor-widget-container\">\n\t\t\t\t\t\t\t\t\t<ul>\n<li><strong>Reduzierung der Emissionen<\/strong>: Reduzierung der CO2-Belastung durch Biokraftstoffe um mehr als 80% innerhalb weniger Jahre.<\/li>\n<li><strong>Ziele f\u00fcr 2050<\/strong>: Erreichen der CO2-Neutralit\u00e4t.<\/li>\n<li><strong>Strategische Partnerschaften<\/strong>: Zusammenarbeit mit Akteuren aus der Industrie zur F\u00f6rderung einer breiteren Akzeptanz von Biokraftstoffen.<\/li>\n<\/ul>\n\t\t\t\t\t\t\t\t<\/div>\n\t\t\t\t<\/div>\n\t\t\t\t<div class=\"elementor-element elementor-element-1a49581 elementor-widget elementor-widget-heading\" data-id=\"1a49581\" data-element_type=\"widget\" data-e-type=\"widget\" data-widget_type=\"heading.default\">\n\t\t\t\t<div class=\"elementor-widget-container\">\n\t\t\t\t\t<h3 class=\"elementor-heading-title elementor-size-default\">Vision und Nutzung :<\/h3>\t\t\t\t<\/div>\n\t\t\t\t<\/div>\n\t\t\t\t<div class=\"elementor-element elementor-element-92c654c elementor-widget elementor-widget-text-editor\" data-id=\"92c654c\" data-element_type=\"widget\" data-e-type=\"widget\" data-widget_type=\"text-editor.default\">\n\t\t\t\t<div class=\"elementor-widget-container\">\n\t\t\t\t\t\t\t\t\t<ul>\n<li><strong>Vision<\/strong>: Reduzierung unserer CO2-Bilanz und F\u00f6rderung einer saubereren Luftfahrt durch die Integration von nachhaltigem Flugzeugtreibstoff in unsere Flotte.<\/li>\n<li><strong>Aktuelle Nutzung<\/strong>: Reduzierung unserer CO2-Belastung um 40% bei bestimmten Missionen.<\/li>\n<li><strong>K\u00fcnftiges Ziel<\/strong>: Erh\u00f6hung des Anteils der Fl\u00fcge, die mit nachhaltigen Flugzeugtreibstoffen durchgef\u00fchrt werden.<\/li>\n<\/ul>\n\t\t\t\t\t\t\t\t<\/div>\n\t\t\t\t<\/div>\n\t\t\t\t<div class=\"elementor-element elementor-element-68d98db elementor-widget elementor-widget-heading\" data-id=\"68d98db\" data-element_type=\"widget\" data-e-type=\"widget\" data-widget_type=\"heading.default\">\n\t\t\t\t<div class=\"elementor-widget-container\">\n\t\t\t\t\t<h3 class=\"elementor-heading-title elementor-size-default\">Vorteile :<\/h3>\t\t\t\t<\/div>\n\t\t\t\t<\/div>\n\t\t\t\t<div class=\"elementor-element elementor-element-0ee3c2a elementor-widget elementor-widget-text-editor\" data-id=\"0ee3c2a\" data-element_type=\"widget\" data-e-type=\"widget\" data-widget_type=\"text-editor.default\">\n\t\t\t\t<div class=\"elementor-widget-container\">\n\t\t\t\t\t\t\t\t\t<ul style=\"font-size: 16px; background-color: #ffffff;\">\n<li style=\"font-size: 16px;\">Reduzierung der Treibhausgasemissionen.<\/li>\n<li style=\"font-size: 16px;\">Verbesserung der Luftqualit\u00e4t um unsere Basen und in den Fluggebieten.<\/li>\n<li style=\"font-size: 16px;\">Aufrechterhaltung der Qualit\u00e4t der angebotenen Dienstleistungen bei gleichzeitig umweltfreundlicherem Fliegen.<\/li>\n<\/ul>\n\t\t\t\t\t\t\t\t<\/div>\n\t\t\t\t<\/div>\n\t\t\t\t<\/div>\n\t\t\t\t<div class=\"elementor-element elementor-element-886c15d elementor-widget elementor-widget-image\" data-id=\"886c15d\" data-element_type=\"widget\" data-e-type=\"widget\" data-widget_type=\"image.default\">\n\t\t\t\t<div class=\"elementor-widget-container\">\n\t\t\t\t\t\t\t\t\t\t\t\t\t\t\t<img decoding=\"async\" width=\"500\" height=\"372\" src=\"https:\/\/eaglevalais.ch\/wp-content\/uploads\/2024\/06\/bio-carburant-SAF.webp\" class=\"attachment-medium_large size-medium_large wp-image-5116\" alt=\"\" srcset=\"https:\/\/eaglevalais.ch\/wp-content\/uploads\/2024\/06\/bio-carburant-SAF.webp 500w, https:\/\/eaglevalais.ch\/wp-content\/uploads\/2024\/06\/bio-carburant-SAF-300x223.webp 300w\" sizes=\"(max-width: 500px) 100vw, 500px\" \/>\t\t\t\t\t\t\t\t\t\t\t\t\t\t\t<\/div>\n\t\t\t\t<\/div>\n\t\t\t\t<\/div>\n\t\t\t\t<\/div>\n\t\t","protected":false},"excerpt":{"rendered":"<p>Umgebung Ma\u00dfnahmen f\u00fcr eine nachhaltige Zukunft Wir arbeiten jeden Tag daran, unsere Auswirkungen auf die Umwelt zu begrenzen, ein Thema, das wir weiterhin sensibel und wachsam verfolgen. Unsere Teams arbeiten derzeit an unserer Umweltcharta, in der die Ma\u00dfnahmen der Gruppe f\u00fcr eine sauberere Luftfahrt zusammengefasst sind. Unser Ziel ist es, unseren \u00f6kologischen Fu\u00dfabdruck zu minimieren, [&hellip;]<\/p>\n","protected":false},"author":2,"featured_media":5016,"parent":0,"menu_order":0,"comment_status":"closed","ping_status":"closed","template":"elementor_header_footer","meta":{"footnotes":""},"class_list":["post-5121","page","type-page","status-publish","has-post-thumbnail","hentry"],"yoast_head":"<!-- This site is optimized with the Yoast SEO plugin v26.8 - https:\/\/yoast.com\/product\/yoast-seo-wordpress\/ -->\n<title>Umgebung | Eagle Valais<\/title>\n<meta name=\"description\" content=\"Erkunden Sie die \u00f6kologischen Herausforderungen, denen sich unser Unternehmen gegen\u00fcbersieht. Lassen Sie uns gemeinsam an einer gr\u00fcneren und verantwortungsvolleren Zukunft arbeiten.\" \/>\n<meta name=\"robots\" content=\"index, follow, max-snippet:-1, max-image-preview:large, max-video-preview:-1\" \/>\n<link rel=\"canonical\" href=\"https:\/\/eaglevalais.ch\/de\/umgebung\/\" \/>\n<meta property=\"og:locale\" content=\"de_DE\" \/>\n<meta property=\"og:type\" content=\"article\" \/>\n<meta property=\"og:title\" content=\"Umgebung | Eagle Valais\" \/>\n<meta property=\"og:description\" content=\"Erkunden Sie die \u00f6kologischen Herausforderungen, denen sich unser Unternehmen gegen\u00fcbersieht. Lassen Sie uns gemeinsam an einer gr\u00fcneren und verantwortungsvolleren Zukunft arbeiten.\" \/>\n<meta property=\"og:url\" content=\"https:\/\/eaglevalais.ch\/de\/umgebung\/\" \/>\n<meta property=\"og:site_name\" content=\"Eagle Valais\" \/>\n<meta property=\"article:publisher\" content=\"https:\/\/www.facebook.com\/profile.php?id=100058790670238\" \/>\n<meta property=\"article:modified_time\" content=\"2024-10-04T08:51:13+00:00\" \/>\n<meta property=\"og:image\" content=\"https:\/\/eaglevalais.ch\/wp-content\/uploads\/2024\/03\/ofdfj1bukqw.jpg\" \/>\n\t<meta property=\"og:image:width\" content=\"1600\" \/>\n\t<meta property=\"og:image:height\" content=\"1067\" \/>\n\t<meta property=\"og:image:type\" content=\"image\/jpeg\" \/>\n<meta name=\"twitter:card\" content=\"summary_large_image\" \/>\n<meta name=\"twitter:label1\" content=\"Gesch\u00e4tzte Lesezeit\" \/>\n\t<meta name=\"twitter:data1\" content=\"2\u00a0Minuten\" \/>\n<script type=\"application\/ld+json\" class=\"yoast-schema-graph\">{\"@context\":\"https:\/\/schema.org\",\"@graph\":[{\"@type\":\"WebPage\",\"@id\":\"https:\/\/eaglevalais.ch\/de\/umgebung\/\",\"url\":\"https:\/\/eaglevalais.ch\/de\/umgebung\/\",\"name\":\"Umgebung | Eagle Valais\",\"isPartOf\":{\"@id\":\"https:\/\/eaglevalais.ch\/de\/#website\"},\"primaryImageOfPage\":{\"@id\":\"https:\/\/eaglevalais.ch\/de\/umgebung\/#primaryimage\"},\"image\":{\"@id\":\"https:\/\/eaglevalais.ch\/de\/umgebung\/#primaryimage\"},\"thumbnailUrl\":\"https:\/\/eaglevalais.ch\/wp-content\/uploads\/2024\/03\/ofdfj1bukqw.jpg\",\"datePublished\":\"2024-03-01T14:17:55+00:00\",\"dateModified\":\"2024-10-04T08:51:13+00:00\",\"description\":\"Erkunden Sie die \u00f6kologischen Herausforderungen, denen sich unser Unternehmen gegen\u00fcbersieht. Lassen Sie uns gemeinsam an einer gr\u00fcneren und verantwortungsvolleren Zukunft arbeiten.\",\"breadcrumb\":{\"@id\":\"https:\/\/eaglevalais.ch\/de\/umgebung\/#breadcrumb\"},\"inLanguage\":\"de\",\"potentialAction\":[{\"@type\":\"ReadAction\",\"target\":[\"https:\/\/eaglevalais.ch\/de\/umgebung\/\"]}]},{\"@type\":\"ImageObject\",\"inLanguage\":\"de\",\"@id\":\"https:\/\/eaglevalais.ch\/de\/umgebung\/#primaryimage\",\"url\":\"https:\/\/eaglevalais.ch\/wp-content\/uploads\/2024\/03\/ofdfj1bukqw.jpg\",\"contentUrl\":\"https:\/\/eaglevalais.ch\/wp-content\/uploads\/2024\/03\/ofdfj1bukqw.jpg\",\"width\":1600,\"height\":1067,\"caption\":\"Eolienne dans les plaines\"},{\"@type\":\"BreadcrumbList\",\"@id\":\"https:\/\/eaglevalais.ch\/de\/umgebung\/#breadcrumb\",\"itemListElement\":[{\"@type\":\"ListItem\",\"position\":1,\"name\":\"Accueil\",\"item\":\"https:\/\/eaglevalais.ch\/de\/\"},{\"@type\":\"ListItem\",\"position\":2,\"name\":\"Umgebung\"}]},{\"@type\":\"WebSite\",\"@id\":\"https:\/\/eaglevalais.ch\/de\/#website\",\"url\":\"https:\/\/eaglevalais.ch\/de\/\",\"name\":\"Eagle Valais\",\"description\":\"Les sp\u00e9cialistes du transport et du travail a\u00e9rien.\",\"publisher\":{\"@id\":\"https:\/\/eaglevalais.ch\/de\/#organization\"},\"potentialAction\":[{\"@type\":\"SearchAction\",\"target\":{\"@type\":\"EntryPoint\",\"urlTemplate\":\"https:\/\/eaglevalais.ch\/de\/?s={search_term_string}\"},\"query-input\":{\"@type\":\"PropertyValueSpecification\",\"valueRequired\":true,\"valueName\":\"search_term_string\"}}],\"inLanguage\":\"de\"},{\"@type\":\"Organization\",\"@id\":\"https:\/\/eaglevalais.ch\/de\/#organization\",\"name\":\"Eagle Valais\",\"url\":\"https:\/\/eaglevalais.ch\/de\/\",\"logo\":{\"@type\":\"ImageObject\",\"inLanguage\":\"de\",\"@id\":\"https:\/\/eaglevalais.ch\/de\/#\/schema\/logo\/image\/\",\"url\":\"https:\/\/eaglevalais.ch\/wp-content\/uploads\/2024\/03\/cropped-cropped-eagle_logo_Valais-OFFICIAL_2017_173x93.png\",\"contentUrl\":\"https:\/\/eaglevalais.ch\/wp-content\/uploads\/2024\/03\/cropped-cropped-eagle_logo_Valais-OFFICIAL_2017_173x93.png\",\"width\":718,\"height\":384,\"caption\":\"Eagle Valais\"},\"image\":{\"@id\":\"https:\/\/eaglevalais.ch\/de\/#\/schema\/logo\/image\/\"},\"sameAs\":[\"https:\/\/www.facebook.com\/profile.php?id=100058790670238\",\"https:\/\/www.instagram.com\/eagle_valais\/\"]}]}<\/script>\n<!-- \/ Yoast SEO plugin. -->","yoast_head_json":{"title":"Umgebung | Eagle Valais","description":"Erkunden Sie die \u00f6kologischen Herausforderungen, denen sich unser Unternehmen gegen\u00fcbersieht. Lassen Sie uns gemeinsam an einer gr\u00fcneren und verantwortungsvolleren Zukunft arbeiten.","robots":{"index":"index","follow":"follow","max-snippet":"max-snippet:-1","max-image-preview":"max-image-preview:large","max-video-preview":"max-video-preview:-1"},"canonical":"https:\/\/eaglevalais.ch\/de\/umgebung\/","og_locale":"de_DE","og_type":"article","og_title":"Umgebung | Eagle Valais","og_description":"Erkunden Sie die \u00f6kologischen Herausforderungen, denen sich unser Unternehmen gegen\u00fcbersieht. Lassen Sie uns gemeinsam an einer gr\u00fcneren und verantwortungsvolleren Zukunft arbeiten.","og_url":"https:\/\/eaglevalais.ch\/de\/umgebung\/","og_site_name":"Eagle Valais","article_publisher":"https:\/\/www.facebook.com\/profile.php?id=100058790670238","article_modified_time":"2024-10-04T08:51:13+00:00","og_image":[{"width":1600,"height":1067,"url":"https:\/\/eaglevalais.ch\/wp-content\/uploads\/2024\/03\/ofdfj1bukqw.jpg","type":"image\/jpeg"}],"twitter_card":"summary_large_image","twitter_misc":{"Gesch\u00e4tzte Lesezeit":"2\u00a0Minuten"},"schema":{"@context":"https:\/\/schema.org","@graph":[{"@type":"WebPage","@id":"https:\/\/eaglevalais.ch\/de\/umgebung\/","url":"https:\/\/eaglevalais.ch\/de\/umgebung\/","name":"Umgebung | Eagle Valais","isPartOf":{"@id":"https:\/\/eaglevalais.ch\/de\/#website"},"primaryImageOfPage":{"@id":"https:\/\/eaglevalais.ch\/de\/umgebung\/#primaryimage"},"image":{"@id":"https:\/\/eaglevalais.ch\/de\/umgebung\/#primaryimage"},"thumbnailUrl":"https:\/\/eaglevalais.ch\/wp-content\/uploads\/2024\/03\/ofdfj1bukqw.jpg","datePublished":"2024-03-01T14:17:55+00:00","dateModified":"2024-10-04T08:51:13+00:00","description":"Erkunden Sie die \u00f6kologischen Herausforderungen, denen sich unser Unternehmen gegen\u00fcbersieht. Lassen Sie uns gemeinsam an einer gr\u00fcneren und verantwortungsvolleren Zukunft arbeiten.","breadcrumb":{"@id":"https:\/\/eaglevalais.ch\/de\/umgebung\/#breadcrumb"},"inLanguage":"de","potentialAction":[{"@type":"ReadAction","target":["https:\/\/eaglevalais.ch\/de\/umgebung\/"]}]},{"@type":"ImageObject","inLanguage":"de","@id":"https:\/\/eaglevalais.ch\/de\/umgebung\/#primaryimage","url":"https:\/\/eaglevalais.ch\/wp-content\/uploads\/2024\/03\/ofdfj1bukqw.jpg","contentUrl":"https:\/\/eaglevalais.ch\/wp-content\/uploads\/2024\/03\/ofdfj1bukqw.jpg","width":1600,"height":1067,"caption":"Eolienne dans les plaines"},{"@type":"BreadcrumbList","@id":"https:\/\/eaglevalais.ch\/de\/umgebung\/#breadcrumb","itemListElement":[{"@type":"ListItem","position":1,"name":"Accueil","item":"https:\/\/eaglevalais.ch\/de\/"},{"@type":"ListItem","position":2,"name":"Umgebung"}]},{"@type":"WebSite","@id":"https:\/\/eaglevalais.ch\/de\/#website","url":"https:\/\/eaglevalais.ch\/de\/","name":"Eagle Valais","description":"Les sp\u00e9cialistes du transport et du travail a\u00e9rien.","publisher":{"@id":"https:\/\/eaglevalais.ch\/de\/#organization"},"potentialAction":[{"@type":"SearchAction","target":{"@type":"EntryPoint","urlTemplate":"https:\/\/eaglevalais.ch\/de\/?s={search_term_string}"},"query-input":{"@type":"PropertyValueSpecification","valueRequired":true,"valueName":"search_term_string"}}],"inLanguage":"de"},{"@type":"Organization","@id":"https:\/\/eaglevalais.ch\/de\/#organization","name":"Eagle Valais","url":"https:\/\/eaglevalais.ch\/de\/","logo":{"@type":"ImageObject","inLanguage":"de","@id":"https:\/\/eaglevalais.ch\/de\/#\/schema\/logo\/image\/","url":"https:\/\/eaglevalais.ch\/wp-content\/uploads\/2024\/03\/cropped-cropped-eagle_logo_Valais-OFFICIAL_2017_173x93.png","contentUrl":"https:\/\/eaglevalais.ch\/wp-content\/uploads\/2024\/03\/cropped-cropped-eagle_logo_Valais-OFFICIAL_2017_173x93.png","width":718,"height":384,"caption":"Eagle Valais"},"image":{"@id":"https:\/\/eaglevalais.ch\/de\/#\/schema\/logo\/image\/"},"sameAs":["https:\/\/www.facebook.com\/profile.php?id=100058790670238","https:\/\/www.instagram.com\/eagle_valais\/"]}]}},"_links":{"self":[{"href":"https:\/\/eaglevalais.ch\/de\/wp-json\/wp\/v2\/pages\/5121","targetHints":{"allow":["GET"]}}],"collection":[{"href":"https:\/\/eaglevalais.ch\/de\/wp-json\/wp\/v2\/pages"}],"about":[{"href":"https:\/\/eaglevalais.ch\/de\/wp-json\/wp\/v2\/types\/page"}],"author":[{"embeddable":true,"href":"https:\/\/eaglevalais.ch\/de\/wp-json\/wp\/v2\/users\/2"}],"replies":[{"embeddable":true,"href":"https:\/\/eaglevalais.ch\/de\/wp-json\/wp\/v2\/comments?post=5121"}],"version-history":[{"count":3,"href":"https:\/\/eaglevalais.ch\/de\/wp-json\/wp\/v2\/pages\/5121\/revisions"}],"predecessor-version":[{"id":5131,"href":"https:\/\/eaglevalais.ch\/de\/wp-json\/wp\/v2\/pages\/5121\/revisions\/5131"}],"wp:featuredmedia":[{"embeddable":true,"href":"https:\/\/eaglevalais.ch\/de\/wp-json\/wp\/v2\/media\/5016"}],"wp:attachment":[{"href":"https:\/\/eaglevalais.ch\/de\/wp-json\/wp\/v2\/media?parent=5121"}],"curies":[{"name":"wp","href":"https:\/\/api.w.org\/{rel}","templated":true}]}}